{"id":42915,"date":"2019-03-28T09:50:35","date_gmt":"2019-03-28T09:50:35","guid":{"rendered":"https:\/\/royalfamily.org\/?page_id=42915"},"modified":"2019-03-28T09:50:35","modified_gmt":"2019-03-28T09:50:35","slug":"ivan-mestrovic","status":"publish","type":"page","link":"https:\/\/royalfamily.org\/lat\/ivan-mestrovic\/","title":{"rendered":"Ivan Me\u0161trovi\u0107"},"content":{"rendered":"<div class=\"fusion-fullwidth fullwidth-box fusion-builder-row-1 nonhundred-percent-fullwidth non-hundred-percent-height-scrolling fusion-equal-height-columns\" style=\"--awb-border-radius-top-left:0px;--awb-border-radius-top-right:0px;--awb-border-radius-bottom-right:0px;--awb-border-radius-bottom-left:0px;--awb-padding-right:7%;--awb-padding-left:7%;--awb-flex-wrap:wrap;\" ><div class=\"fusion-builder-row fusion-row\"><div class=\"fusion-layout-column fusion_builder_column fusion-builder-column-0 fusion_builder_column_3_4 3_4 fusion-three-fourth fusion-column-first\" style=\"--awb-bg-size:cover;--awb-margin-bottom:0px;width:74%; margin-right: 4%;\"><div class=\"fusion-column-wrapper fusion-flex-column-wrapper-legacy\"><div class=\"fusion-text fusion-text-1\"><p>Ro\u0111en je u Vrpolju u Slavoniji, 15. avgusta 1883. Posle \u0161egrtovanja u klesarskoj radionici Harolda Bilini\u0107a u Splitu, 1901. upisuje u Be\u010du Likovnu akademiju\u00a0 gde ostaje do 1906. Izla\u017eu\u0107i sa be\u010dkim umetnicima u okviru grupe Secesija ve\u0107 tokom studija sti\u010de afirmaciju. Od 1908. radi u Parizu u svom ateljeu, gde nastaje najve\u0107i deo radova za grandiozno zami\u0161ljenu arhitektonsko-skulptorsku celinu Vidovdanski hram. Ti radovi su u vi\u0161e navrata izlagani, ali su najve\u0107e priznanje dobili na Svetskoj izlo\u017ebi u Rimu 1911. gde su osvajili prvu nagradu za skulpturu. Me\u0161trovi\u0107 boravi \u010detiri godine u Rimu studiraju\u0107i skulpture antike. Bio je potpuno op\u010dinjen Mikelan\u0111elom kojeg je smatrao najve\u0107im skulptorom svih vremena. Tokom Prvog svetskog rata izla\u017ee 1915. u Engleskoj u Viktorija i Albert muzeju.<\/p>\n<p>Posle rata dolazi u Kraljevinu SHS gde postaje profesor, a kasnije direktor Kulturnog instituta u Zagrebu. U to vreme Ivan Me\u0161trovi\u0107 je imao je veoma bliske kontakte sa jugoslovenskim dvorom i li\u010dno sa kraljem <a href=\"https:\/\/royalfamily.org\/dinastija\/nj-v-kralj-aleksandar-i\/?lang=lat\">Aleksandrom I<\/a>.\u00a0 U periodu od 1932 &#8211; 1934. po porud\u017ebini prvog \u010doveka dr\u017eave, isklju\u010divo za prostor Dvorskog kompleksa, Ivan Me\u0161trovi\u0107 radi niz dela koja \u010dine jedinstvenu celinu u cilju propagiranja dr\u017eavne ideje integralnog jugoslovenstva. Te\u017enja kralja za stvaranjem virtuelene jugoslovenske tradicije ogledala se u Me\u0161trovi\u0107evoj vizualizaciji zajedni\u010dke mitologije, porekla i istorije jugoslovenske nacije. Koncept te jedinstvene skulptoralne celine trebalo je da predstavlja viziju idealne dr\u017eave jugoslovena pod vo\u0111stvom kralja Aleksandra.<\/p>\n<p>Nakon Drugog svetskog rata \u00a0Ivan Me\u0161trovi\u0107 odlazi u SAD. Od 1946. radi kao profesor na Univerzitetu Sirakuzi, a ne\u0161to kasnije postaje profesor na Univerzitetu Notr Dam. Umroo je u Saut Bendu, Indijana \u00a01962.<\/p>\n<p>Tekst za galeriju preuzet iz knjige &#8221;Katalog drzavne umetnicke kolekcije Dvorskog kompleksa&#8221;, Novi Sad\u00a0 2014.<\/p>\n<\/div><div class=\"fusion-blog-shortcode fusion-blog-shortcode-1 fusion-blog-archive fusion-blog-layout-grid-wrapper fusion-blog-pagination\"><style type=\"text\/css\">.fusion-blog-shortcode-1 .fusion-blog-layout-grid .fusion-post-grid{padding:12px;}.fusion-blog-shortcode-1 .fusion-posts-container{margin-left: -12px !important; margin-right:-12px !important;}<\/style><div class=\"fusion-posts-container fusion-posts-container-pagination fusion-no-meta-info fusion-blog-rollover fusion-blog-layout-grid fusion-blog-layout-grid-3 isotope fusion-blog-equal-heights\" data-pages=\"1\" data-grid-col-space=\"24\" style=\"margin: -12px -12px 0;min-height:500px;\"><article id=\"blog-1-post-23008\" class=\"fusion-post-grid post-23008 post type-post status-publish format-standard has-post-thumbnail hentry category-galerija category-mestrovic-lat\">\n<div class=\"fusion-post-wrapper\" style=\"background-color:rgba(255,255,255,0);border:1px solid #ebeaea;border-bottom-width:3px;\">\n\n\t\t\t<div class=\"fusion-flexslider flexslider fusion-flexslider-loading fusion-post-slideshow\" style=\"border-color:#ebeaea;\">\n\t\t<ul class=\"slides\">\n\t\t\t\n\t\t\t\t\t\t\t\t\t\t\t\t\t\t<li><div  class=\"fusion-image-wrapper\" aria-haspopup=\"true\">\n\t\t\t\t<img decoding=\"async\" width=\"740\" height=\"350\" src=\"https:\/\/royalfamily.org\/wp-content\/uploads\/2015\/08\/glavna.jpg\" class=\"attachment-full size-full wp-post-image\" alt=\"\" \/><div class=\"fusion-rollover\">\n\t<div class=\"fusion-rollover-content\">\n\n\t\t\t\t\n\t\t\n\t\t\t\t\t\t\t\t\t\t\t\t<h4 class=\"fusion-rollover-title\">\n\t\t\t\t\t<a class=\"fusion-rollover-title-link\" href=\"https:\/\/royalfamily.org\/lat\/ivan-mestrovic\/\">\n\t\t\t\t\t\tBiografija\t\t\t\t\t<\/a>\n\t\t\t\t<\/h4>\n\t\t\t\n\t\t\t\t\t\t\t\t\t\t<div class=\"fusion-rollover-categories\"><a href=\"https:\/\/royalfamily.org\/lat\/galerija\/\" rel=\"tag\">Galerija<\/a>, <a href=\"https:\/\/royalfamily.org\/lat\/galerija\/mestrovic-lat\/\" rel=\"tag\">Ivan Me\u0161trovi\u0107 @lat<\/a><\/div>\t\t\t\t\t\n\t\t\n\t\t\t\t\t\t<a class=\"fusion-link-wrapper\" href=\"https:\/\/royalfamily.org\/lat\/ivan-mestrovic\/\" aria-label=\"Biografija\"><\/a>\n\t<\/div>\n<\/div>\n<\/div>\n<\/li>\n\t\t\t\n\t\t\t\n\t\t\t\t\t\t\t\t\t\t\t\t\t\t\t\t\t\t\t\t\t\t\t\t\t\t\t\t\t\t\t\t\t\t\t\t\t\t\t\t\t\t\t\t\t\t\t\t\t\t\t\t\t\t\t\t\t\t\t\t\t\t\t\t\t\t\t\t<\/ul>\n\t<\/div>\n\t<div class=\"fusion-post-content-wrapper\" style=\"padding:30px 25px 20px 25px;\"><div class=\"fusion-post-content post-content\"><h2 class=\"blog-shortcode-post-title entry-title\"><a href=\"https:\/\/royalfamily.org\/lat\/ivan-mestrovic\/\">Biografija<\/a><\/h2><div class=\"fusion-post-content-container\"><p>Ro\u0111en je u Vrpolju u Slavoniji, 15. avgusta 1883. Posle [...]<\/p><\/div><\/div><\/div><div class=\"fusion-clearfix\"><\/div><\/div>\n<\/article>\n<article id=\"blog-1-post-23049\" class=\"fusion-post-grid post-23049 post type-post status-publish format-standard has-post-thumbnail hentry category-galerija category-mestrovic-lat\">\n<div class=\"fusion-post-wrapper\" style=\"background-color:rgba(255,255,255,0);border:1px solid #ebeaea;border-bottom-width:3px;\">\n\n\t\t\t<div class=\"fusion-flexslider flexslider fusion-flexslider-loading fusion-post-slideshow\" style=\"border-color:#ebeaea;\">\n\t\t<ul class=\"slides\">\n\t\t\t\n\t\t\t\t\t\t\t\t\t\t\t\t\t\t<li><div  class=\"fusion-image-wrapper\" aria-haspopup=\"true\">\n\t\t\t\t<img decoding=\"async\" width=\"740\" height=\"350\" src=\"https:\/\/royalfamily.org\/wp-content\/uploads\/2015\/08\/SD240w.jpg\" class=\"attachment-full size-full wp-post-image\" alt=\"\" \/><div class=\"fusion-rollover\">\n\t<div class=\"fusion-rollover-content\">\n\n\t\t\t\t\n\t\t\n\t\t\t\t\t\t\t\t\t\t\t\t<h4 class=\"fusion-rollover-title\">\n\t\t\t\t\t<a class=\"fusion-rollover-title-link\" href=\"https:\/\/royalfamily.org\/lat\/history-of-the-croats1932-34\/\">\n\t\t\t\t\t\tPovijest Hrvata ,1932-34.\t\t\t\t\t<\/a>\n\t\t\t\t<\/h4>\n\t\t\t\n\t\t\t\t\t\t\t\t\t\t<div class=\"fusion-rollover-categories\"><a href=\"https:\/\/royalfamily.org\/lat\/galerija\/\" rel=\"tag\">Galerija<\/a>, <a href=\"https:\/\/royalfamily.org\/lat\/galerija\/mestrovic-lat\/\" rel=\"tag\">Ivan Me\u0161trovi\u0107 @lat<\/a><\/div>\t\t\t\t\t\n\t\t\n\t\t\t\t\t\t<a class=\"fusion-link-wrapper\" href=\"https:\/\/royalfamily.org\/lat\/history-of-the-croats1932-34\/\" aria-label=\"Povijest Hrvata ,1932-34.\"><\/a>\n\t<\/div>\n<\/div>\n<\/div>\n<\/li>\n\t\t\t\n\t\t\t\n\t\t\t\t\t\t\t\t\t\t\t\t\t\t\t\t\t\t\t\t\t\t\t\t\t\t\t\t\t\t\t\t\t\t\t\t\t\t\t\t\t\t\t\t\t\t\t\t\t\t\t\t\t\t\t\t\t\t\t\t\t\t\t\t\t\t\t\t<\/ul>\n\t<\/div>\n\t<div class=\"fusion-post-content-wrapper\" style=\"padding:30px 25px 20px 25px;\"><div class=\"fusion-post-content post-content\"><h2 class=\"blog-shortcode-post-title entry-title\"><a href=\"https:\/\/royalfamily.org\/lat\/history-of-the-croats1932-34\/\">Povijest Hrvata ,1932-34.<\/a><\/h2><div class=\"fusion-post-content-container\"><p> Skulptura je nastala kao verzija istoimenog dela koje je [...]<\/p><\/div><\/div><\/div><div class=\"fusion-clearfix\"><\/div><\/div>\n<\/article>\n<article id=\"blog-1-post-23169\" class=\"fusion-post-grid post-23169 post type-post status-publish format-standard has-post-thumbnail hentry category-galerija category-mestrovic-lat\">\n<div class=\"fusion-post-wrapper\" style=\"background-color:rgba(255,255,255,0);border:1px solid #ebeaea;border-bottom-width:3px;\">\n\n\t\t\t<div class=\"fusion-flexslider flexslider fusion-flexslider-loading fusion-post-slideshow\" style=\"border-color:#ebeaea;\">\n\t\t<ul class=\"slides\">\n\t\t\t\n\t\t\t\t\t\t\t\t\t\t\t\t\t\t<li><div  class=\"fusion-image-wrapper\" aria-haspopup=\"true\">\n\t\t\t\t<img decoding=\"async\" width=\"740\" height=\"350\" src=\"https:\/\/royalfamily.org\/wp-content\/uploads\/2015\/08\/SD225w.jpg\" class=\"attachment-full size-full wp-post-image\" alt=\"\" \/><div class=\"fusion-rollover\">\n\t<div class=\"fusion-rollover-content\">\n\n\t\t\t\t\n\t\t\n\t\t\t\t\t\t\t\t\t\t\t\t<h4 class=\"fusion-rollover-title\">\n\t\t\t\t\t<a class=\"fusion-rollover-title-link\" href=\"https:\/\/royalfamily.org\/lat\/marko-kraljevic-on-his-horse-sarac-1933\/\">\n\t\t\t\t\t\tMarko Kraljevi\u0107 na \u0160arcu, 1933\t\t\t\t\t<\/a>\n\t\t\t\t<\/h4>\n\t\t\t\n\t\t\t\t\t\t\t\t\t\t<div class=\"fusion-rollover-categories\"><a href=\"https:\/\/royalfamily.org\/lat\/galerija\/\" rel=\"tag\">Galerija<\/a>, <a href=\"https:\/\/royalfamily.org\/lat\/galerija\/mestrovic-lat\/\" rel=\"tag\">Ivan Me\u0161trovi\u0107 @lat<\/a><\/div>\t\t\t\t\t\n\t\t\n\t\t\t\t\t\t<a class=\"fusion-link-wrapper\" href=\"https:\/\/royalfamily.org\/lat\/marko-kraljevic-on-his-horse-sarac-1933\/\" aria-label=\"Marko Kraljevi\u0107 na \u0160arcu, 1933\"><\/a>\n\t<\/div>\n<\/div>\n<\/div>\n<\/li>\n\t\t\t\n\t\t\t\n\t\t\t\t\t\t\t\t\t\t\t\t\t\t\t\t\t\t\t\t\t\t\t\t\t\t\t\t\t\t\t\t\t\t\t\t\t\t\t\t\t\t\t\t\t\t\t\t\t\t\t\t\t\t\t\t\t\t\t\t\t\t\t\t\t\t\t\t<\/ul>\n\t<\/div>\n\t<div class=\"fusion-post-content-wrapper\" style=\"padding:30px 25px 20px 25px;\"><div class=\"fusion-post-content post-content\"><h2 class=\"blog-shortcode-post-title entry-title\"><a href=\"https:\/\/royalfamily.org\/lat\/marko-kraljevic-on-his-horse-sarac-1933\/\">Marko Kraljevi\u0107 na \u0160arcu, 1933<\/a><\/h2><div class=\"fusion-post-content-container\"><p> Bronzana maketa Marko Kraljevi\u0107 na \u0160arcu\u00a0 nastala je 1933. [...]<\/p><\/div><\/div><\/div><div class=\"fusion-clearfix\"><\/div><\/div>\n<\/article>\n<article id=\"blog-1-post-23157\" class=\"fusion-post-grid post-23157 post type-post status-publish format-standard has-post-thumbnail hentry category-galerija category-mestrovic-lat\">\n<div class=\"fusion-post-wrapper\" style=\"background-color:rgba(255,255,255,0);border:1px solid #ebeaea;border-bottom-width:3px;\">\n\n\t\t\t<div class=\"fusion-flexslider flexslider fusion-flexslider-loading fusion-post-slideshow\" style=\"border-color:#ebeaea;\">\n\t\t<ul class=\"slides\">\n\t\t\t\n\t\t\t\t\t\t\t\t\t\t\t\t\t\t<li><div  class=\"fusion-image-wrapper\" aria-haspopup=\"true\">\n\t\t\t\t<img decoding=\"async\" width=\"740\" height=\"350\" src=\"https:\/\/royalfamily.org\/wp-content\/uploads\/2015\/08\/SD213w.jpg\" class=\"attachment-full size-full wp-post-image\" alt=\"\" \/><div class=\"fusion-rollover\">\n\t<div class=\"fusion-rollover-content\">\n\n\t\t\t\t\n\t\t\n\t\t\t\t\t\t\t\t\t\t\t\t<h4 class=\"fusion-rollover-title\">\n\t\t\t\t\t<a class=\"fusion-rollover-title-link\" href=\"https:\/\/royalfamily.org\/lat\/portraits\/\">\n\t\t\t\t\t\tPortraits\t\t\t\t\t<\/a>\n\t\t\t\t<\/h4>\n\t\t\t\n\t\t\t\t\t\t\t\t\t\t<div class=\"fusion-rollover-categories\"><a href=\"https:\/\/royalfamily.org\/lat\/galerija\/\" rel=\"tag\">Galerija<\/a>, <a href=\"https:\/\/royalfamily.org\/lat\/galerija\/mestrovic-lat\/\" rel=\"tag\">Ivan Me\u0161trovi\u0107 @lat<\/a><\/div>\t\t\t\t\t\n\t\t\n\t\t\t\t\t\t<a class=\"fusion-link-wrapper\" href=\"https:\/\/royalfamily.org\/lat\/portraits\/\" aria-label=\"Portraits\"><\/a>\n\t<\/div>\n<\/div>\n<\/div>\n<\/li>\n\t\t\t\n\t\t\t\n\t\t\t\t\t\t\t\t\t\t\t\t\t\t\t\t\t\t\t\t\t\t\t\t\t\t\t\t\t\t\t\t\t\t\t\t\t\t\t\t\t\t\t\t\t\t\t\t\t\t\t\t\t\t\t\t\t\t\t\t\t\t\t\t\t\t\t\t<\/ul>\n\t<\/div>\n\t<div class=\"fusion-post-content-wrapper\" style=\"padding:30px 25px 20px 25px;\"><div class=\"fusion-post-content post-content\"><h2 class=\"blog-shortcode-post-title entry-title\"><a href=\"https:\/\/royalfamily.org\/lat\/portraits\/\">Portraits<\/a><\/h2><div class=\"fusion-post-content-container\"><p> Iako je re\u010d o tri potpuno razli\u010dite Me\u0161tovi\u0107eve portretne [...]<\/p><\/div><\/div><\/div><div class=\"fusion-clearfix\"><\/div><\/div>\n<\/article>\n<article id=\"blog-1-post-23137\" class=\"fusion-post-grid post-23137 post type-post status-publish format-standard has-post-thumbnail hentry category-galerija category-mestrovic-lat\">\n<div class=\"fusion-post-wrapper\" style=\"background-color:rgba(255,255,255,0);border:1px solid #ebeaea;border-bottom-width:3px;\">\n\n\t\t\t<div class=\"fusion-flexslider flexslider fusion-flexslider-loading fusion-post-slideshow\" style=\"border-color:#ebeaea;\">\n\t\t<ul class=\"slides\">\n\t\t\t\n\t\t\t\t\t\t\t\t\t\t\t\t\t\t<li><div  class=\"fusion-image-wrapper\" aria-haspopup=\"true\">\n\t\t\t\t<img decoding=\"async\" width=\"740\" height=\"350\" src=\"https:\/\/royalfamily.org\/wp-content\/uploads\/2015\/08\/IMG_1844w1.jpg\" class=\"attachment-full size-full wp-post-image\" alt=\"\" \/><div class=\"fusion-rollover\">\n\t<div class=\"fusion-rollover-content\">\n\n\t\t\t\t\n\t\t\n\t\t\t\t\t\t\t\t\t\t\t\t<h4 class=\"fusion-rollover-title\">\n\t\t\t\t\t<a class=\"fusion-rollover-title-link\" href=\"https:\/\/royalfamily.org\/lat\/remembrance-1955\/\">\n\t\t\t\t\t\tSe\u0107anje, 1955.\t\t\t\t\t<\/a>\n\t\t\t\t<\/h4>\n\t\t\t\n\t\t\t\t\t\t\t\t\t\t<div class=\"fusion-rollover-categories\"><a href=\"https:\/\/royalfamily.org\/lat\/galerija\/\" rel=\"tag\">Galerija<\/a>, <a href=\"https:\/\/royalfamily.org\/lat\/galerija\/mestrovic-lat\/\" rel=\"tag\">Ivan Me\u0161trovi\u0107 @lat<\/a><\/div>\t\t\t\t\t\n\t\t\n\t\t\t\t\t\t<a class=\"fusion-link-wrapper\" href=\"https:\/\/royalfamily.org\/lat\/remembrance-1955\/\" aria-label=\"Se\u0107anje, 1955.\"><\/a>\n\t<\/div>\n<\/div>\n<\/div>\n<\/li>\n\t\t\t\n\t\t\t\n\t\t\t\t\t\t\t\t\t\t\t\t\t\t\t\t\t\t\t\t\t\t\t\t\t\t\t\t\t\t\t\t\t\t\t\t\t\t\t\t\t\t\t\t\t\t\t\t\t\t\t\t\t\t\t\t\t\t\t\t\t\t\t\t\t\t\t\t<\/ul>\n\t<\/div>\n\t<div class=\"fusion-post-content-wrapper\" style=\"padding:30px 25px 20px 25px;\"><div class=\"fusion-post-content post-content\"><h2 class=\"blog-shortcode-post-title entry-title\"><a href=\"https:\/\/royalfamily.org\/lat\/remembrance-1955\/\">Se\u0107anje, 1955.<\/a><\/h2><div class=\"fusion-post-content-container\"><p> Bista Se\u0107anje ra\u0111ena je po\u00a0 Me\u0161trovi\u0107evoj istoimenoj skulpturi. Originalnu [...]<\/p><\/div><\/div><\/div><div class=\"fusion-clearfix\"><\/div><\/div>\n<\/article>\n<article id=\"blog-1-post-23118\" class=\"fusion-post-grid post-23118 post type-post status-publish format-standard has-post-thumbnail hentry category-galerija category-mestrovic-lat\">\n<div class=\"fusion-post-wrapper\" style=\"background-color:rgba(255,255,255,0);border:1px solid #ebeaea;border-bottom-width:3px;\">\n\n\t\t\t<div class=\"fusion-flexslider flexslider fusion-flexslider-loading fusion-post-slideshow\" style=\"border-color:#ebeaea;\">\n\t\t<ul class=\"slides\">\n\t\t\t\n\t\t\t\t\t\t\t\t\t\t\t\t\t\t<li><div  class=\"fusion-image-wrapper\" aria-haspopup=\"true\">\n\t\t\t\t<img decoding=\"async\" width=\"740\" height=\"350\" src=\"https:\/\/royalfamily.org\/wp-content\/uploads\/2015\/08\/SD238w1.jpg\" class=\"attachment-full size-full wp-post-image\" alt=\"\" \/><div class=\"fusion-rollover\">\n\t<div class=\"fusion-rollover-content\">\n\n\t\t\t\t\n\t\t\n\t\t\t\t\t\t\t\t\t\t\t\t<h4 class=\"fusion-rollover-title\">\n\t\t\t\t\t<a class=\"fusion-rollover-title-link\" href=\"https:\/\/royalfamily.org\/lat\/milos-obilic1934\/\">\n\t\t\t\t\t\tMilo\u0161 Obili\u0107,1934\t\t\t\t\t<\/a>\n\t\t\t\t<\/h4>\n\t\t\t\n\t\t\t\t\t\t\t\t\t\t<div class=\"fusion-rollover-categories\"><a href=\"https:\/\/royalfamily.org\/lat\/galerija\/\" rel=\"tag\">Galerija<\/a>, <a href=\"https:\/\/royalfamily.org\/lat\/galerija\/mestrovic-lat\/\" rel=\"tag\">Ivan Me\u0161trovi\u0107 @lat<\/a><\/div>\t\t\t\t\t\n\t\t\n\t\t\t\t\t\t<a class=\"fusion-link-wrapper\" href=\"https:\/\/royalfamily.org\/lat\/milos-obilic1934\/\" aria-label=\"Milo\u0161 Obili\u0107,1934\"><\/a>\n\t<\/div>\n<\/div>\n<\/div>\n<\/li>\n\t\t\t\n\t\t\t\n\t\t\t\t\t\t\t\t\t\t\t\t\t\t\t\t\t\t\t\t\t\t\t\t\t\t\t\t\t\t\t\t\t\t\t\t\t\t\t\t\t\t\t\t\t\t\t\t\t\t\t\t\t\t\t\t\t\t\t\t\t\t\t\t\t\t\t\t<\/ul>\n\t<\/div>\n\t<div class=\"fusion-post-content-wrapper\" style=\"padding:30px 25px 20px 25px;\"><div class=\"fusion-post-content post-content\"><h2 class=\"blog-shortcode-post-title entry-title\"><a href=\"https:\/\/royalfamily.org\/lat\/milos-obilic1934\/\">Milo\u0161 Obili\u0107,1934<\/a><\/h2><div class=\"fusion-post-content-container\"><p> Statua Milo\u0161a Obili\u0107a je odlivak u bronzi originala koji [...]<\/p><\/div><\/div><\/div><div class=\"fusion-clearfix\"><\/div><\/div>\n<\/article>\n<article id=\"blog-1-post-23101\" class=\"fusion-post-grid post-23101 post type-post status-publish format-standard has-post-thumbnail hentry category-galerija category-mestrovic-lat\">\n<div class=\"fusion-post-wrapper\" style=\"background-color:rgba(255,255,255,0);border:1px solid #ebeaea;border-bottom-width:3px;\">\n\n\t\t\t<div class=\"fusion-flexslider flexslider fusion-flexslider-loading fusion-post-slideshow\" style=\"border-color:#ebeaea;\">\n\t\t<ul class=\"slides\">\n\t\t\t\n\t\t\t\t\t\t\t\t\t\t\t\t\t\t<li><div  class=\"fusion-image-wrapper\" aria-haspopup=\"true\">\n\t\t\t\t<img decoding=\"async\" width=\"740\" height=\"350\" src=\"https:\/\/royalfamily.org\/wp-content\/uploads\/2015\/08\/SD239w11.jpg\" class=\"attachment-full size-full wp-post-image\" alt=\"\" \/><div class=\"fusion-rollover\">\n\t<div class=\"fusion-rollover-content\">\n\n\t\t\t\t\n\t\t\n\t\t\t\t\t\t\t\t\t\t\t\t<h4 class=\"fusion-rollover-title\">\n\t\t\t\t\t<a class=\"fusion-rollover-title-link\" href=\"https:\/\/royalfamily.org\/lat\/sphinx-1957\/\">\n\t\t\t\t\t\tSfinga, 1957.\t\t\t\t\t<\/a>\n\t\t\t\t<\/h4>\n\t\t\t\n\t\t\t\t\t\t\t\t\t\t<div class=\"fusion-rollover-categories\"><a href=\"https:\/\/royalfamily.org\/lat\/galerija\/\" rel=\"tag\">Galerija<\/a>, <a href=\"https:\/\/royalfamily.org\/lat\/galerija\/mestrovic-lat\/\" rel=\"tag\">Ivan Me\u0161trovi\u0107 @lat<\/a><\/div>\t\t\t\t\t\n\t\t\n\t\t\t\t\t\t<a class=\"fusion-link-wrapper\" href=\"https:\/\/royalfamily.org\/lat\/sphinx-1957\/\" aria-label=\"Sfinga, 1957.\"><\/a>\n\t<\/div>\n<\/div>\n<\/div>\n<\/li>\n\t\t\t\n\t\t\t\n\t\t\t\t\t\t\t\t\t\t\t\t\t\t\t\t\t\t\t\t\t\t\t\t\t\t\t\t\t\t\t\t\t\t\t\t\t\t\t\t\t\t\t\t\t\t\t\t\t\t\t\t\t\t\t\t\t\t\t\t\t\t\t\t\t\t\t\t<\/ul>\n\t<\/div>\n\t<div class=\"fusion-post-content-wrapper\" style=\"padding:30px 25px 20px 25px;\"><div class=\"fusion-post-content post-content\"><h2 class=\"blog-shortcode-post-title entry-title\"><a href=\"https:\/\/royalfamily.org\/lat\/sphinx-1957\/\">Sfinga, 1957.<\/a><\/h2><div class=\"fusion-post-content-container\"><p> \u010cini se da je sfinga bila najzastupljeniji Me\u0161trovi\u0107ev motiv [...]<\/p><\/div><\/div><\/div><div class=\"fusion-clearfix\"><\/div><\/div>\n<\/article>\n<div class=\"fusion-clearfix\"><\/div><\/div><\/div><div class=\"fusion-clearfix\"><\/div><\/div><\/div><div class=\"fusion-layout-column fusion_builder_column fusion-builder-column-1 fusion_builder_column_1_4 1_4 fusion-one-fourth fusion-column-last fusion-no-small-visibility fusion-no-medium-visibility\" style=\"--awb-padding-top:4%;--awb-padding-right:4%;--awb-padding-bottom:4%;--awb-padding-left:4%;--awb-bg-color:#eaeaea;--awb-bg-color-hover:#eaeaea;--awb-bg-size:cover;width:22%;\"><div class=\"fusion-column-wrapper fusion-flex-column-wrapper-legacy\"><div class=\"fusion-widget-area awb-widget-area-element fusion-widget-area-1 fusion-content-widget-area\" style=\"--awb-title-color:#333333;--awb-padding:0px 0px 0px 0px;\"><div id=\"text-46\" class=\"widget widget_text\" style=\"border-style: solid;border-color:transparent;border-width:0px;\">\t\t\t<div class=\"textwidget\"><p><a href=\"https:\/\/royalfamily.org\/lat\/galerija\/mestrovic-lat\/\">Ivan Me\u0161trovi\u0107<\/a><\/p>\n<ul class=\"sub-galleries\">\n<li><a title=\"Biografija\" href=\"https:\/\/royalfamily.org\/lat\/ivan-mestrovic\/\">Biografija<\/a><\/li>\n<li><a title=\"Povijest Hrvata ,1932-34.\" href=\"https:\/\/royalfamily.org\/lat\/history-of-the-croats1932-34\/\">Povijest Hrvata ,1932-34.<\/a><\/li>\n<li><a title=\"Marko Kraljevi\u0107 na \u0160arcu, 1933\" href=\"https:\/\/royalfamily.org\/lat\/marko-kraljevic-on-his-horse-sarac-1933\/\">Marko Kraljevi\u0107 na \u0160arcu, 1933<\/a><\/li>\n<li><a title=\"Portraits\" href=\"https:\/\/royalfamily.org\/lat\/portraits\/\">Portraits<\/a><\/li>\n<li><a title=\"Se\u0107anje, 1955.\" href=\"https:\/\/royalfamily.org\/lat\/remembrance-1955\/\">Se\u0107anje, 1955.<\/a><\/li>\n<li><a title=\"Milo\u0161 Obili\u0107,1934\" href=\"https:\/\/royalfamily.org\/lat\/milos-obilic1934\/\">Milo\u0161 Obili\u0107,1934<\/a><\/li>\n<li><a title=\"Sfinga, 1957.\" href=\"https:\/\/royalfamily.org\/lat\/sphinx-1957\/\">Sfinga, 1957.<\/a><\/li>\n<\/ul>\n<\/div>\n\t\t<\/div><div class=\"fusion-additional-widget-content\"><\/div><\/div><div class=\"fusion-clearfix\"><\/div><\/div><\/div><div class=\"fusion-layout-column fusion_builder_column fusion-builder-column-2 fusion_builder_column_1_1 1_1 fusion-one-full fusion-column-first fusion-column-last fusion-no-large-visibility\" style=\"--awb-padding-top:4%;--awb-padding-right:4%;--awb-padding-bottom:4%;--awb-padding-left:4%;--awb-bg-color:#eaeaea;--awb-bg-color-hover:#eaeaea;--awb-bg-size:cover;\"><div class=\"fusion-column-wrapper fusion-flex-column-wrapper-legacy\"><div class=\"fusion-widget-area awb-widget-area-element fusion-widget-area-2 fusion-content-widget-area\" style=\"--awb-title-color:#333333;--awb-padding:0px 0px 0px 0px;\"><div id=\"text-46\" class=\"widget widget_text\" style=\"border-style: solid;border-color:transparent;border-width:0px;\">\t\t\t<div class=\"textwidget\"><p><a href=\"https:\/\/royalfamily.org\/lat\/galerija\/mestrovic-lat\/\">Ivan Me\u0161trovi\u0107<\/a><\/p>\n<ul class=\"sub-galleries\">\n<li><a title=\"Biografija\" href=\"https:\/\/royalfamily.org\/lat\/ivan-mestrovic\/\">Biografija<\/a><\/li>\n<li><a title=\"Povijest Hrvata ,1932-34.\" href=\"https:\/\/royalfamily.org\/lat\/history-of-the-croats1932-34\/\">Povijest Hrvata ,1932-34.<\/a><\/li>\n<li><a title=\"Marko Kraljevi\u0107 na \u0160arcu, 1933\" href=\"https:\/\/royalfamily.org\/lat\/marko-kraljevic-on-his-horse-sarac-1933\/\">Marko Kraljevi\u0107 na \u0160arcu, 1933<\/a><\/li>\n<li><a title=\"Portraits\" href=\"https:\/\/royalfamily.org\/lat\/portraits\/\">Portraits<\/a><\/li>\n<li><a title=\"Se\u0107anje, 1955.\" href=\"https:\/\/royalfamily.org\/lat\/remembrance-1955\/\">Se\u0107anje, 1955.<\/a><\/li>\n<li><a title=\"Milo\u0161 Obili\u0107,1934\" href=\"https:\/\/royalfamily.org\/lat\/milos-obilic1934\/\">Milo\u0161 Obili\u0107,1934<\/a><\/li>\n<li><a title=\"Sfinga, 1957.\" href=\"https:\/\/royalfamily.org\/lat\/sphinx-1957\/\">Sfinga, 1957.<\/a><\/li>\n<\/ul>\n<\/div>\n\t\t<\/div><div class=\"fusion-additional-widget-content\"><\/div><\/div><div class=\"fusion-clearfix\"><\/div><\/div><\/div><div class=\"fusion-layout-column fusion_builder_column fusion-builder-column-3 fusion_builder_column_1_1 1_1 fusion-one-full fusion-column-first fusion-column-last fusion-column-no-min-height\" style=\"--awb-bg-color:#ffffff;--awb-bg-color-hover:#ffffff;--awb-bg-size:cover;\"><div class=\"fusion-column-wrapper fusion-column-has-shadow fusion-flex-column-wrapper-legacy\"><div class=\"fusion-sharing-box fusion-sharing-box-1 has-taglines layout-floated layout-medium-floated layout-small-floated\" style=\"background-color:#f6f6f6;--awb-layout:row;--awb-alignment-small:space-between;\" data-title=\"Ivan Me\u0161trovi\u0107\" data-description=\"\u010cini se da je sfinga bila najzastupljeniji Me\u0161trovi\u0107ev motiv u vizuelizaciji ideje jugoslovenstva. Ona se pojavljuje u Paviljonu Kraljevine Srbije u Rimu 1911. zatim u konceptu Vidovdanskog hrama, potom na Spomeniku neznanom junaku na Avali, a dve skulpture sa ovim motivom nalaze se u okviru Dvorskog kompleksa. Jo\u0161 od Egipatske civilizacije sfinga je\" data-link=\"https:\/\/royalfamily.org\/lat\/ivan-mestrovic\/\"><h4 class=\"tagline\" style=\"color:#333333;\">Podelite ovaj \u010dlanak:<\/h4><div class=\"fusion-social-networks sharingbox-shortcode-icon-wrapper sharingbox-shortcode-icon-wrapper-1\"><span><a href=\"https:\/\/www.facebook.com\/sharer.php?u=https%3A%2F%2Froyalfamily.org%2Flat%2Fivan-mestrovic%2F&amp;t=Ivan%20Me%C5%A1trovi%C4%87\" target=\"_blank\" rel=\"noreferrer nofollow\" title=\"Facebook\" aria-label=\"Facebook\" data-placement=\"top\" data-toggle=\"tooltip\" data-title=\"Facebook\"><i class=\"fusion-social-network-icon fusion-tooltip fusion-facebook awb-icon-facebook\" style=\"color:#2b59ff;\" aria-hidden=\"true\"><\/i><\/a><\/span><span><a href=\"https:\/\/x.com\/intent\/post?text=Ivan%20Me%C5%A1trovi%C4%87&amp;url=https%3A%2F%2Froyalfamily.org%2Flat%2Fivan-mestrovic%2F\" target=\"_blank\" rel=\"noopener noreferrer nofollow\" title=\"X\" aria-label=\"X\" data-placement=\"top\" data-toggle=\"tooltip\" data-title=\"X\"><i class=\"fusion-social-network-icon fusion-tooltip fusion-twitter awb-icon-twitter\" style=\"color:#2b59ff;\" aria-hidden=\"true\"><\/i><\/a><\/span><span><a href=\"https:\/\/reddit.com\/submit?url=https%3A%2F%2Froyalfamily.org%2Flat%2Fivan-mestrovic%2F&amp;title=Ivan%20Me%C5%A1trovi%C4%87\" target=\"_blank\" rel=\"noopener noreferrer nofollow\" title=\"Reddit\" aria-label=\"Reddit\" data-placement=\"top\" data-toggle=\"tooltip\" data-title=\"Reddit\"><i class=\"fusion-social-network-icon fusion-tooltip fusion-reddit awb-icon-reddit\" style=\"color:#2b59ff;\" aria-hidden=\"true\"><\/i><\/a><\/span><span><a href=\"https:\/\/www.linkedin.com\/shareArticle?mini=true&amp;url=https%3A%2F%2Froyalfamily.org%2Flat%2Fivan-mestrovic%2F&amp;title=Ivan%20Me%C5%A1trovi%C4%87&amp;summary=%C4%8Cini%20se%20da%20je%20sfinga%20bila%20najzastupljeniji%20Me%C5%A1trovi%C4%87ev%20motiv%20u%20vizuelizaciji%20ideje%20jugoslovenstva.%20Ona%20se%20pojavljuje%20u%20Paviljonu%20Kraljevine%20Srbije%20u%20Rimu%201911.%20zatim%20u%20konceptu%20Vidovdanskog%20hrama%2C%20potom%20na%20Spomeniku%20neznanom%20junaku%20na%20Avali%2C%20a%20dve%20skulpture%20sa%20ovim%20motivom%20nalaze%20se%20u%20okviru%20Dvorskog%20kompleksa.%20Jo%C5%A1%20od%20Egipatske%20civilizacije%20sfinga%20je\" target=\"_blank\" rel=\"noopener noreferrer nofollow\" title=\"LinkedIn\" aria-label=\"LinkedIn\" data-placement=\"top\" data-toggle=\"tooltip\" data-title=\"LinkedIn\"><i class=\"fusion-social-network-icon fusion-tooltip fusion-linkedin awb-icon-linkedin\" style=\"color:#2b59ff;\" aria-hidden=\"true\"><\/i><\/a><\/span><span><a href=\"https:\/\/api.whatsapp.com\/send?text=https%3A%2F%2Froyalfamily.org%2Flat%2Fivan-mestrovic%2F\" target=\"_blank\" rel=\"noopener noreferrer nofollow\" title=\"WhatsApp\" aria-label=\"WhatsApp\" data-placement=\"top\" data-toggle=\"tooltip\" data-title=\"WhatsApp\"><i class=\"fusion-social-network-icon fusion-tooltip fusion-whatsapp awb-icon-whatsapp\" style=\"color:#2b59ff;\" aria-hidden=\"true\"><\/i><\/a><\/span><span><a href=\"https:\/\/www.tumblr.com\/share\/link?url=https%3A%2F%2Froyalfamily.org%2Flat%2Fivan-mestrovic%2F&amp;name=Ivan%20Me%C5%A1trovi%C4%87&amp;description=%C4%8Cini%20se%20da%20je%20sfinga%20bila%20najzastupljeniji%20Me%C5%A1trovi%C4%87ev%20motiv%20u%20vizuelizaciji%20ideje%20jugoslovenstva.%20Ona%20se%20pojavljuje%20u%20Paviljonu%20Kraljevine%20Srbije%20u%20Rimu%201911.%20zatim%20u%20konceptu%20Vidovdanskog%20hrama%2C%20potom%20na%20Spomeniku%20neznanom%20junaku%20na%20Avali%2C%20a%20dve%20skulpture%20sa%20ovim%20motivom%20nalaze%20se%20u%20okviru%20Dvorskog%20kompleksa.%20Jo%C5%A1%20od%20Egipatske%20civilizacije%20sfinga%20je\" target=\"_blank\" rel=\"noopener noreferrer nofollow\" title=\"Tumblr\" aria-label=\"Tumblr\" data-placement=\"top\" data-toggle=\"tooltip\" data-title=\"Tumblr\"><i class=\"fusion-social-network-icon fusion-tooltip fusion-tumblr awb-icon-tumblr\" style=\"color:#2b59ff;\" aria-hidden=\"true\"><\/i><\/a><\/span><span><a href=\"https:\/\/pinterest.com\/pin\/create\/button\/?url=https%3A%2F%2Froyalfamily.org%2Flat%2Fivan-mestrovic%2F&amp;description=%C4%8Cini%20se%20da%20je%20sfinga%20bila%20najzastupljeniji%20Me%C5%A1trovi%C4%87ev%20motiv%20u%20vizuelizaciji%20ideje%20jugoslovenstva.%20Ona%20se%20pojavljuje%20u%20Paviljonu%20Kraljevine%20Srbije%20u%20Rimu%201911.%20zatim%20u%20konceptu%20Vidovdanskog%20hrama%2C%20potom%20na%20Spomeniku%20neznanom%20junaku%20na%20Avali%2C%20a%20dve%20skulpture%20sa%20ovim%20motivom%20nalaze%20se%20u%20okviru%20Dvorskog%20kompleksa.%20Jo%C5%A1%20od%20Egipatske%20civilizacije%20sfinga%20je&amp;media=\" target=\"_blank\" rel=\"noopener noreferrer nofollow\" title=\"Pinterest\" aria-label=\"Pinterest\" data-placement=\"top\" data-toggle=\"tooltip\" data-title=\"Pinterest\"><i class=\"fusion-social-network-icon fusion-tooltip fusion-pinterest awb-icon-pinterest\" style=\"color:#2b59ff;\" aria-hidden=\"true\"><\/i><\/a><\/span><span><a href=\"https:\/\/vkontakte.ru\/share.php?url=https%3A%2F%2Froyalfamily.org%2Flat%2Fivan-mestrovic%2F&amp;title=Ivan%20Me%C5%A1trovi%C4%87&amp;description=%C4%8Cini%20se%20da%20je%20sfinga%20bila%20najzastupljeniji%20Me%C5%A1trovi%C4%87ev%20motiv%20u%20vizuelizaciji%20ideje%20jugoslovenstva.%20Ona%20se%20pojavljuje%20u%20Paviljonu%20Kraljevine%20Srbije%20u%20Rimu%201911.%20zatim%20u%20konceptu%20Vidovdanskog%20hrama%2C%20potom%20na%20Spomeniku%20neznanom%20junaku%20na%20Avali%2C%20a%20dve%20skulpture%20sa%20ovim%20motivom%20nalaze%20se%20u%20okviru%20Dvorskog%20kompleksa.%20Jo%C5%A1%20od%20Egipatske%20civilizacije%20sfinga%20je\" target=\"_blank\" rel=\"noopener noreferrer nofollow\" title=\"Vk\" aria-label=\"Vk\" data-placement=\"top\" data-toggle=\"tooltip\" data-title=\"Vk\"><i class=\"fusion-social-network-icon fusion-tooltip fusion-vk awb-icon-vk\" style=\"color:#2b59ff;\" aria-hidden=\"true\"><\/i><\/a><\/span><span><a href=\"mailto:?subject=Ivan%20Me%C5%A1trovi%C4%87&amp;body=https%3A%2F%2Froyalfamily.org%2Flat%2Fivan-mestrovic%2F\" target=\"_self\" rel=\"nofollow\" title=\"Email\" aria-label=\"Email\" data-placement=\"top\" data-toggle=\"tooltip\" data-title=\"Email\"><i class=\"fusion-social-network-icon fusion-tooltip fusion-mail awb-icon-mail\" style=\"color:#2b59ff;\" aria-hidden=\"true\"><\/i><\/a><\/span><\/div><\/div><div class=\"fusion-clearfix\"><\/div><\/div><\/div><\/div><\/div>\n","protected":false},"excerpt":{"rendered":"","protected":false},"author":1001015,"featured_media":23028,"parent":0,"menu_order":0,"comment_status":"closed","ping_status":"closed","template":"","meta":{"_acf_changed":false,"footnotes":""},"class_list":["post-42915","page","type-page","status-publish","has-post-thumbnail","hentry"],"acf":[],"yoast_head":"<!-- This site is optimized with the Yoast SEO Premium plugin v27.5 (Yoast SEO v27.5) - https:\/\/yoast.com\/product\/yoast-seo-premium-wordpress\/ -->\n<title>Ivan Me\u0161trovi\u0107 - The Royal Family of Serbia<\/title>\n<meta name=\"robots\" content=\"index, follow, max-snippet:-1, max-image-preview:large, max-video-preview:-1\" \/>\n<link rel=\"canonical\" href=\"https:\/\/royalfamily.org\/lat\/ivan-mestrovic\/\" \/>\n<meta property=\"og:locale\" content=\"en_US\" \/>\n<meta property=\"og:type\" content=\"article\" \/>\n<meta property=\"og:title\" content=\"Ivan Me\u0161trovi\u0107\" \/>\n<meta property=\"og:url\" content=\"https:\/\/royalfamily.org\/lat\/ivan-mestrovic\/\" \/>\n<meta property=\"og:site_name\" content=\"The Royal Family of Serbia\" \/>\n<meta property=\"article:publisher\" content=\"https:\/\/www.facebook.com\/Prestolonaslednik.Aleksandar\" \/>\n<meta property=\"og:image\" content=\"https:\/\/royalfamily.org\/wp-content\/uploads\/2015\/08\/mestrovic.jpg\" \/>\n\t<meta property=\"og:image:width\" content=\"415\" \/>\n\t<meta property=\"og:image:height\" content=\"293\" \/>\n\t<meta property=\"og:image:type\" content=\"image\/jpeg\" \/>\n<meta name=\"twitter:card\" content=\"summary_large_image\" \/>\n<meta name=\"twitter:label1\" content=\"Est. reading time\" \/>\n\t<meta name=\"twitter:data1\" content=\"3 minutes\" \/>\n<script type=\"application\/ld+json\" class=\"yoast-schema-graph\">{\"@context\":\"https:\\\/\\\/schema.org\",\"@graph\":[{\"@type\":\"WebPage\",\"@id\":\"https:\\\/\\\/royalfamily.org\\\/lat\\\/ivan-mestrovic\\\/\",\"url\":\"https:\\\/\\\/royalfamily.org\\\/lat\\\/ivan-mestrovic\\\/\",\"name\":\"Ivan Me\u0161trovi\u0107 - The Royal Family of Serbia\",\"isPartOf\":{\"@id\":\"https:\\\/\\\/royalfamily.org\\\/#website\"},\"primaryImageOfPage\":{\"@id\":\"https:\\\/\\\/royalfamily.org\\\/lat\\\/ivan-mestrovic\\\/#primaryimage\"},\"image\":{\"@id\":\"https:\\\/\\\/royalfamily.org\\\/lat\\\/ivan-mestrovic\\\/#primaryimage\"},\"thumbnailUrl\":\"https:\\\/\\\/royalfamily.org\\\/wp-content\\\/uploads\\\/2015\\\/08\\\/mestrovic.jpg\",\"datePublished\":\"2019-03-28T09:50:35+00:00\",\"breadcrumb\":{\"@id\":\"https:\\\/\\\/royalfamily.org\\\/lat\\\/ivan-mestrovic\\\/#breadcrumb\"},\"inLanguage\":\"sr-LT\",\"potentialAction\":[{\"@type\":\"ReadAction\",\"target\":[\"https:\\\/\\\/royalfamily.org\\\/lat\\\/ivan-mestrovic\\\/\"]}]},{\"@type\":\"ImageObject\",\"inLanguage\":\"sr-LT\",\"@id\":\"https:\\\/\\\/royalfamily.org\\\/lat\\\/ivan-mestrovic\\\/#primaryimage\",\"url\":\"https:\\\/\\\/royalfamily.org\\\/wp-content\\\/uploads\\\/2015\\\/08\\\/mestrovic.jpg\",\"contentUrl\":\"https:\\\/\\\/royalfamily.org\\\/wp-content\\\/uploads\\\/2015\\\/08\\\/mestrovic.jpg\",\"width\":415,\"height\":293},{\"@type\":\"BreadcrumbList\",\"@id\":\"https:\\\/\\\/royalfamily.org\\\/lat\\\/ivan-mestrovic\\\/#breadcrumb\",\"itemListElement\":[{\"@type\":\"ListItem\",\"position\":1,\"name\":\"Home\",\"item\":\"https:\\\/\\\/royalfamily.org\\\/lat\\\/\"},{\"@type\":\"ListItem\",\"position\":2,\"name\":\"Ivan Me\u0161trovi\u0107\"}]},{\"@type\":\"WebSite\",\"@id\":\"https:\\\/\\\/royalfamily.org\\\/#website\",\"url\":\"https:\\\/\\\/royalfamily.org\\\/\",\"name\":\"The Royal Family of Serbia\",\"description\":\"From the people, for the people\",\"publisher\":{\"@id\":\"https:\\\/\\\/royalfamily.org\\\/#organization\"},\"potentialAction\":[{\"@type\":\"SearchAction\",\"target\":{\"@type\":\"EntryPoint\",\"urlTemplate\":\"https:\\\/\\\/royalfamily.org\\\/?s={search_term_string}\"},\"query-input\":{\"@type\":\"PropertyValueSpecification\",\"valueRequired\":true,\"valueName\":\"search_term_string\"}}],\"inLanguage\":\"sr-LT\"},{\"@type\":\"Organization\",\"@id\":\"https:\\\/\\\/royalfamily.org\\\/#organization\",\"name\":\"Royal Family\",\"url\":\"https:\\\/\\\/royalfamily.org\\\/\",\"logo\":{\"@type\":\"ImageObject\",\"inLanguage\":\"sr-LT\",\"@id\":\"https:\\\/\\\/royalfamily.org\\\/#\\\/schema\\\/logo\\\/image\\\/\",\"url\":\"https:\\\/\\\/royalfamily.org\\\/wp-content\\\/uploads\\\/2019\\\/04\\\/logo-vector-02-V-latinica.png\",\"contentUrl\":\"https:\\\/\\\/royalfamily.org\\\/wp-content\\\/uploads\\\/2019\\\/04\\\/logo-vector-02-V-latinica.png\",\"width\":552,\"height\":99,\"caption\":\"Royal Family\"},\"image\":{\"@id\":\"https:\\\/\\\/royalfamily.org\\\/#\\\/schema\\\/logo\\\/image\\\/\"},\"sameAs\":[\"https:\\\/\\\/www.facebook.com\\\/Prestolonaslednik.Aleksandar\"]}]}<\/script>\n<!-- \/ Yoast SEO Premium plugin. -->","yoast_head_json":{"title":"Ivan Me\u0161trovi\u0107 - The Royal Family of Serbia","robots":{"index":"index","follow":"follow","max-snippet":"max-snippet:-1","max-image-preview":"max-image-preview:large","max-video-preview":"max-video-preview:-1"},"canonical":"https:\/\/royalfamily.org\/lat\/ivan-mestrovic\/","og_locale":"en_US","og_type":"article","og_title":"Ivan Me\u0161trovi\u0107","og_url":"https:\/\/royalfamily.org\/lat\/ivan-mestrovic\/","og_site_name":"The Royal Family of Serbia","article_publisher":"https:\/\/www.facebook.com\/Prestolonaslednik.Aleksandar","og_image":[{"width":415,"height":293,"url":"https:\/\/royalfamily.org\/wp-content\/uploads\/2015\/08\/mestrovic.jpg","type":"image\/jpeg"}],"twitter_card":"summary_large_image","twitter_misc":{"Est. reading time":"3 minutes"},"schema":{"@context":"https:\/\/schema.org","@graph":[{"@type":"WebPage","@id":"https:\/\/royalfamily.org\/lat\/ivan-mestrovic\/","url":"https:\/\/royalfamily.org\/lat\/ivan-mestrovic\/","name":"Ivan Me\u0161trovi\u0107 - The Royal Family of Serbia","isPartOf":{"@id":"https:\/\/royalfamily.org\/#website"},"primaryImageOfPage":{"@id":"https:\/\/royalfamily.org\/lat\/ivan-mestrovic\/#primaryimage"},"image":{"@id":"https:\/\/royalfamily.org\/lat\/ivan-mestrovic\/#primaryimage"},"thumbnailUrl":"https:\/\/royalfamily.org\/wp-content\/uploads\/2015\/08\/mestrovic.jpg","datePublished":"2019-03-28T09:50:35+00:00","breadcrumb":{"@id":"https:\/\/royalfamily.org\/lat\/ivan-mestrovic\/#breadcrumb"},"inLanguage":"sr-LT","potentialAction":[{"@type":"ReadAction","target":["https:\/\/royalfamily.org\/lat\/ivan-mestrovic\/"]}]},{"@type":"ImageObject","inLanguage":"sr-LT","@id":"https:\/\/royalfamily.org\/lat\/ivan-mestrovic\/#primaryimage","url":"https:\/\/royalfamily.org\/wp-content\/uploads\/2015\/08\/mestrovic.jpg","contentUrl":"https:\/\/royalfamily.org\/wp-content\/uploads\/2015\/08\/mestrovic.jpg","width":415,"height":293},{"@type":"BreadcrumbList","@id":"https:\/\/royalfamily.org\/lat\/ivan-mestrovic\/#breadcrumb","itemListElement":[{"@type":"ListItem","position":1,"name":"Home","item":"https:\/\/royalfamily.org\/lat\/"},{"@type":"ListItem","position":2,"name":"Ivan Me\u0161trovi\u0107"}]},{"@type":"WebSite","@id":"https:\/\/royalfamily.org\/#website","url":"https:\/\/royalfamily.org\/","name":"The Royal Family of Serbia","description":"From the people, for the people","publisher":{"@id":"https:\/\/royalfamily.org\/#organization"},"potentialAction":[{"@type":"SearchAction","target":{"@type":"EntryPoint","urlTemplate":"https:\/\/royalfamily.org\/?s={search_term_string}"},"query-input":{"@type":"PropertyValueSpecification","valueRequired":true,"valueName":"search_term_string"}}],"inLanguage":"sr-LT"},{"@type":"Organization","@id":"https:\/\/royalfamily.org\/#organization","name":"Royal Family","url":"https:\/\/royalfamily.org\/","logo":{"@type":"ImageObject","inLanguage":"sr-LT","@id":"https:\/\/royalfamily.org\/#\/schema\/logo\/image\/","url":"https:\/\/royalfamily.org\/wp-content\/uploads\/2019\/04\/logo-vector-02-V-latinica.png","contentUrl":"https:\/\/royalfamily.org\/wp-content\/uploads\/2019\/04\/logo-vector-02-V-latinica.png","width":552,"height":99,"caption":"Royal Family"},"image":{"@id":"https:\/\/royalfamily.org\/#\/schema\/logo\/image\/"},"sameAs":["https:\/\/www.facebook.com\/Prestolonaslednik.Aleksandar"]}]}},"_links":{"self":[{"href":"https:\/\/royalfamily.org\/lat\/wp-json\/wp\/v2\/pages\/42915","targetHints":{"allow":["GET"]}}],"collection":[{"href":"https:\/\/royalfamily.org\/lat\/wp-json\/wp\/v2\/pages"}],"about":[{"href":"https:\/\/royalfamily.org\/lat\/wp-json\/wp\/v2\/types\/page"}],"author":[{"embeddable":true,"href":"https:\/\/royalfamily.org\/lat\/wp-json\/wp\/v2\/users\/1001015"}],"replies":[{"embeddable":true,"href":"https:\/\/royalfamily.org\/lat\/wp-json\/wp\/v2\/comments?post=42915"}],"version-history":[{"count":5,"href":"https:\/\/royalfamily.org\/lat\/wp-json\/wp\/v2\/pages\/42915\/revisions"}],"predecessor-version":[{"id":79656,"href":"https:\/\/royalfamily.org\/lat\/wp-json\/wp\/v2\/pages\/42915\/revisions\/79656"}],"wp:featuredmedia":[{"embeddable":true,"href":"https:\/\/royalfamily.org\/lat\/wp-json\/wp\/v2\/media\/23028"}],"wp:attachment":[{"href":"https:\/\/royalfamily.org\/lat\/wp-json\/wp\/v2\/media?parent=42915"}],"curies":[{"name":"wp","href":"https:\/\/api.w.org\/{rel}","templated":true}]}}