{"id":44418,"date":"2019-12-12T12:52:19","date_gmt":"2019-12-12T12:52:19","guid":{"rendered":"https:\/\/royalfamily.org\/nj-k-v-princeza-katarina-2\/"},"modified":"2024-07-19T09:19:36","modified_gmt":"2024-07-19T07:19:36","slug":"nj-k-v-princeza-katarina-galerija","status":"publish","type":"page","link":"https:\/\/royalfamily.org\/lat\/nj-k-v-princeza-katarina-galerija\/","title":{"rendered":"NJ.K.V. Princeza Katarina"},"content":{"rendered":"<div class=\"fusion-fullwidth fullwidth-box fusion-builder-row-1 nonhundred-percent-fullwidth non-hundred-percent-height-scrolling fusion-equal-height-columns\" style=\"--awb-border-radius-top-left:0px;--awb-border-radius-top-right:0px;--awb-border-radius-bottom-right:0px;--awb-border-radius-bottom-left:0px;--awb-padding-right:7%;--awb-padding-left:7%;--awb-flex-wrap:wrap;\" ><div class=\"fusion-builder-row fusion-row\"><div class=\"fusion-layout-column fusion_builder_column fusion-builder-column-0 fusion_builder_column_1_4 1_4 fusion-one-fourth fusion-column-first fusion-no-small-visibility fusion-no-medium-visibility\" style=\"--awb-padding-top:4%;--awb-padding-right:4%;--awb-padding-bottom:4%;--awb-padding-left:4%;--awb-bg-color:#eaeaea;--awb-bg-color-hover:#eaeaea;--awb-bg-size:cover;width:25%;width:calc(25% - ( ( 4% ) * 0.25 ) );margin-right: 4%;\"><div class=\"fusion-column-wrapper fusion-flex-column-wrapper-legacy\"><div class=\"fusion-widget-area awb-widget-area-element fusion-widget-area-1 fusion-content-widget-area\" style=\"--awb-background-color:#e8e8e8;--awb-title-color:#333333;--awb-padding:0px 0px 0px 0px;\"><div id=\"nav_menu-8\" class=\"widget widget_nav_menu\" style=\"border-style: solid;border-color:transparent;border-width:0px;\"><div class=\"heading\"><h4 class=\"widget-title\">Kraljevska porodica<\/h4><\/div><div class=\"menu-main-nav-serbian-lat-container\"><ul id=\"menu-main-nav-serbian-lat\" class=\"menu\"><li id=\"menu-item-64963\" class=\"menu-item menu-item-type-post_type menu-item-object-page menu-item-home menu-item-64963\"><a href=\"https:\/\/royalfamily.org\/lat\/\">Po\u010detna strana<\/a><\/li>\n<li id=\"menu-item-42982\" class=\"menu-item menu-item-type-custom menu-item-object-custom menu-item-has-children menu-item-42982\"><a>Kraljevska Porodica<\/a>\n<ul class=\"sub-menu\">\n\t<li id=\"menu-item-65296\" class=\"menu-item menu-item-type-post_type menu-item-object-page menu-item-65296\"><a href=\"https:\/\/royalfamily.org\/lat\/nj-k-v-prestolonaslednik-aleksandar-ii\/\">NJ.K.V. Prestolonaslednik Aleksandar<\/a><\/li>\n\t<li id=\"menu-item-65310\" class=\"menu-item menu-item-type-post_type menu-item-object-page menu-item-65310\"><a href=\"https:\/\/royalfamily.org\/lat\/kraljevska-porodica\/nj-k-v-princeza-katarina\/\">NJ.K.V. Princeza Katarina<\/a><\/li>\n\t<li id=\"menu-item-65306\" class=\"menu-item menu-item-type-post_type menu-item-object-page menu-item-65306\"><a href=\"https:\/\/royalfamily.org\/lat\/kraljevska-porodica\/nj-k-v-princ-petar\/\">NJ.K.V. Princ Petar<\/a><\/li>\n\t<li id=\"menu-item-65307\" class=\"menu-item menu-item-type-post_type menu-item-object-page menu-item-65307\"><a href=\"https:\/\/royalfamily.org\/lat\/kraljevska-porodica\/nj-k-v-princ-naslednik-filip\/\">Nj.K.V. Naslednik Princ Filip<\/a><\/li>\n\t<li id=\"menu-item-41649\" class=\"menu-item menu-item-type-post_type menu-item-object-page menu-item-41649\"><a href=\"https:\/\/royalfamily.org\/lat\/kraljevska-porodica\/nj-k-v-princ-stefan\/\">Nj.K.V. Princ Stefan<\/a><\/li>\n\t<li id=\"menu-item-87776\" class=\"menu-item menu-item-type-post_type menu-item-object-page menu-item-87776\"><a href=\"https:\/\/royalfamily.org\/lat\/kraljevska-porodica\/njkv-princeza-marija\/\">Nj.K.V. Princeza Marija<\/a><\/li>\n\t<li id=\"menu-item-34869\" class=\"menu-item menu-item-type-post_type menu-item-object-page menu-item-34869\"><a href=\"https:\/\/royalfamily.org\/lat\/kraljevska-porodica\/nj-k-v-princeza-danica\/\">Nj.K.V. Princeza Danica<\/a><\/li>\n\t<li id=\"menu-item-65308\" class=\"menu-item menu-item-type-post_type menu-item-object-page menu-item-65308\"><a href=\"https:\/\/royalfamily.org\/lat\/krunsko-vece\/hrh-prince-alexander-lat\/\">NJ.K.V. Princ Aleksandar<\/a><\/li>\n\t<li id=\"menu-item-95961\" class=\"menu-item menu-item-type-post_type menu-item-object-page menu-item-95961\"><a href=\"https:\/\/royalfamily.org\/lat\/kraljevska-porodica\/nj-k-v-princeza-dr-vesna\/\">Nj.K.V. Princeza dr Vesna<\/a><\/li>\n\t<li id=\"menu-item-39560\" class=\"menu-item menu-item-type-post_type menu-item-object-page menu-item-39560\"><a href=\"https:\/\/royalfamily.org\/lat\/kraljevska-porodica\/porodicno-stablo\/\">Porodi\u010dno stablo<\/a><\/li>\n\t<li id=\"menu-item-43003\" class=\"menu-item menu-item-type-post_type menu-item-object-page menu-item-43003\"><a href=\"https:\/\/royalfamily.org\/lat\/kraljevska-porodica\/prosireno-porodicno-stablo\/\">Pro\u0161ireno Porodi\u010dno Stablo<\/a><\/li>\n\t<li id=\"menu-item-56339\" class=\"menu-item menu-item-type-custom menu-item-object-custom menu-item-56339\"><a href=\"https:\/\/royalfamily.org\/lat\/kraljevska-porodica\/savremena-heraldika-doma-karadjordjevog\/\">Obele\u017eja<\/a><\/li>\n\t<li id=\"menu-item-29036\" class=\"menu-item menu-item-type-custom menu-item-object-custom menu-item-29036\"><a href=\"https:\/\/royalfamily.org\/wp-content\/uploads\/2025\/10\/Press-Kit-oktobar-2025-latinica.pdf\">Pres komplet<\/a><\/li>\n\t<li id=\"menu-item-8622\" class=\"menu-item menu-item-type-post_type menu-item-object-page menu-item-8622\"><a href=\"https:\/\/royalfamily.org\/lat\/kraljevska-porodica\/order-of-line-of-succession\/\">Poredak nasle\u0111ivanja<\/a><\/li>\n\t<li id=\"menu-item-83893\" class=\"menu-item menu-item-type-post_type menu-item-object-page menu-item-83893\"><a href=\"https:\/\/royalfamily.org\/lat\/kraljevska-porodica\/ustavna-parlamentarna-monarhija-cinjenice-primeri\/\">Ustavna parlamentarna monarhija \u2013 \u010dinjenice i primeri<\/a><\/li>\n<\/ul>\n<\/li>\n<li id=\"menu-item-42983\" class=\"menu-item menu-item-type-custom menu-item-object-custom menu-item-has-children menu-item-42983\"><a>Dinastija<\/a>\n<ul class=\"sub-menu\">\n\t<li id=\"menu-item-7717\" class=\"menu-item menu-item-type-post_type menu-item-object-page menu-item-7717\"><a href=\"https:\/\/royalfamily.org\/lat\/dinastija\/history-of-the-dynasty\/\">Istorija Dinastije<\/a><\/li>\n\t<li id=\"menu-item-43995\" class=\"menu-item menu-item-type-post_type menu-item-object-page menu-item-43995\"><a href=\"https:\/\/royalfamily.org\/lat\/dinastija\/dorde-petrovic-karadorde\/\">\u0110or\u0111e Petrovi\u0107 Kara\u0111or\u0111e<\/a><\/li>\n\t<li id=\"menu-item-55027\" class=\"menu-item menu-item-type-post_type menu-item-object-page menu-item-55027\"><a href=\"https:\/\/royalfamily.org\/lat\/dinastija\/jelena-petrovic\/\">Jelena Petrovi\u0107<\/a><\/li>\n\t<li id=\"menu-item-43996\" class=\"menu-item menu-item-type-post_type menu-item-object-page menu-item-43996\"><a href=\"https:\/\/royalfamily.org\/lat\/dinastija\/nj-v-knez-aleksandar\/\">Nj.S.V. Knez Aleksandar<\/a><\/li>\n\t<li id=\"menu-item-55104\" class=\"menu-item menu-item-type-post_type menu-item-object-page menu-item-55104\"><a href=\"https:\/\/royalfamily.org\/lat\/dinastija\/%d0%ba%d0%bd%d0%b5%d0%b3%d0%b8%d1%9a%d0%b0-%d0%bf%d0%b5%d1%80%d1%81%d0%b8%d0%b4%d0%b0-%d0%ba%d0%b0%d1%80%d0%b0%d1%92%d0%be%d1%80%d1%92%d0%b5%d0%b2%d0%b8%d1%9b\/\">Kneginja Persida Karadjordjevic<\/a><\/li>\n\t<li id=\"menu-item-43993\" class=\"menu-item menu-item-type-post_type menu-item-object-page menu-item-43993\"><a href=\"https:\/\/royalfamily.org\/lat\/dinastija\/nj-v-kralj-petar-i\/\">NJ.V. Kralj Petar I<\/a><\/li>\n\t<li id=\"menu-item-55010\" class=\"menu-item menu-item-type-post_type menu-item-object-page menu-item-55010\"><a href=\"https:\/\/royalfamily.org\/lat\/dinastija\/princess-zorka-karadjordjevic\/\">Kneginja Zorka Karadjordjevic<\/a><\/li>\n\t<li id=\"menu-item-43994\" class=\"menu-item menu-item-type-post_type menu-item-object-page menu-item-43994\"><a href=\"https:\/\/royalfamily.org\/lat\/dinastija\/nj-v-kralj-aleksandar-i\/\">Nj.V. Kralj Aleksandar I<\/a><\/li>\n\t<li id=\"menu-item-43998\" class=\"menu-item menu-item-type-post_type menu-item-object-page menu-item-43998\"><a href=\"https:\/\/royalfamily.org\/lat\/dinastija\/nj-v-kraljica-marija-od-jugoslavije\/\">Nj.V. Kraljica Marija od Jugoslavije<\/a><\/li>\n\t<li id=\"menu-item-43997\" class=\"menu-item menu-item-type-post_type menu-item-object-page menu-item-43997\"><a href=\"https:\/\/royalfamily.org\/lat\/dinastija\/nj-k-v-princ-pavle-od-jugoslavije-regent\/\">Knez Pavle od Jugoslavije (Regent)<\/a><\/li>\n\t<li id=\"menu-item-43992\" class=\"menu-item menu-item-type-post_type menu-item-object-page menu-item-43992\"><a href=\"https:\/\/royalfamily.org\/lat\/dinastija\/nj-v-kralj-petar-ii\/\">NJ.V. Kralj Petar II<\/a><\/li>\n\t<li id=\"menu-item-43999\" class=\"menu-item menu-item-type-post_type menu-item-object-page menu-item-43999\"><a href=\"https:\/\/royalfamily.org\/lat\/dinastija\/nj-v-kraljica-aleksandra-od-jugoslavije\/\">Nj.V. Kraljica Aleksandra od Jugoslavije<\/a><\/li>\n\t<li id=\"menu-item-6098\" class=\"menu-item menu-item-type-post_type menu-item-object-page menu-item-6098\"><a href=\"https:\/\/royalfamily.org\/lat\/faq\/\">Naj\u010de\u0161\u0107a pitanja<\/a><\/li>\n<\/ul>\n<\/li>\n<li id=\"menu-item-42984\" class=\"menu-item menu-item-type-custom menu-item-object-custom menu-item-has-children menu-item-42984\"><a>Dvorovi<\/a>\n<ul class=\"sub-menu\">\n\t<li id=\"menu-item-294\" class=\"menu-item menu-item-type-post_type menu-item-object-page menu-item-294\"><a href=\"https:\/\/royalfamily.org\/lat\/palate\/kraljevska-palata\/\">Kraljevski dvor<\/a><\/li>\n\t<li id=\"menu-item-42981\" class=\"menu-item menu-item-type-post_type menu-item-object-page menu-item-42981\"><a href=\"https:\/\/royalfamily.org\/lat\/palate\/kraljevski-dvor-kolekcija-umetnickih-predmeta\/\">Kraljevski Dvor \u2013 Kolekcija umetni\u010dkih predmeta<\/a><\/li>\n\t<li id=\"menu-item-296\" class=\"menu-item menu-item-type-post_type menu-item-object-page menu-item-296\"><a href=\"https:\/\/royalfamily.org\/lat\/palate\/beli-dvor\/\">Beli dvor<\/a><\/li>\n\t<li id=\"menu-item-42980\" class=\"menu-item menu-item-type-post_type menu-item-object-page menu-item-42980\"><a href=\"https:\/\/royalfamily.org\/lat\/palate\/beli-dvor-kolekcija-umetnickih-predmeta\/\">Beli dvor \u2013 Kolekcija umetni\u010dkih predmeta<\/a><\/li>\n\t<li id=\"menu-item-316\" class=\"menu-item menu-item-type-post_type menu-item-object-page menu-item-316\"><a href=\"https:\/\/royalfamily.org\/lat\/palate\/posete-kraljevskoj-palati\/\">Posete Kraljevskim dvorovima<\/a><\/li>\n\t<li id=\"menu-item-29508\" class=\"menu-item menu-item-type-custom menu-item-object-custom menu-item-29508\"><a href=\"https:\/\/youtu.be\/M2DFEnkT0dU?list=PL8ZTPZ6u81x1q8BrwTlUV6J43y29ZWC65\">Kraljevski kompleks, Dedinje &#8211; Video<\/a><\/li>\n<\/ul>\n<\/li>\n<li id=\"menu-item-57183\" class=\"menu-item menu-item-type-custom menu-item-object-custom menu-item-has-children menu-item-57183\"><a href=\"#\">Va\u017ena Dokumenta<\/a>\n<ul class=\"sub-menu\">\n\t<li id=\"menu-item-59547\" class=\"menu-item menu-item-type-post_type menu-item-object-page menu-item-59547\"><a href=\"https:\/\/royalfamily.org\/lat\/dokumenti\/porodicni-pravilnik-kralja-petra-i\/\">Pravilnik Kraljevkog Doma 1909.<\/a><\/li>\n\t<li id=\"menu-item-59546\" class=\"menu-item menu-item-type-post_type menu-item-object-page menu-item-59546\"><a href=\"https:\/\/royalfamily.org\/lat\/dokumenti\/porodicni-pravilnik-kralja-aleksandra-i\/\">Pravilnik Kraljevkog Doma 1930.<\/a><\/li>\n\t<li id=\"menu-item-59545\" class=\"menu-item menu-item-type-post_type menu-item-object-page menu-item-59545\"><a href=\"https:\/\/royalfamily.org\/lat\/dokumenti\/izmene-i-dopune-pravilnik-1997\/\">Pravilnik Kraljevkog Doma 1997.<\/a><\/li>\n\t<li id=\"menu-item-57185\" class=\"menu-item menu-item-type-custom menu-item-object-custom menu-item-57185\"><a href=\"https:\/\/royalfamily.org\/lat\/decree-removing-royal-family-citizenship-and-properties\/\">Oduzimanje Dr\u017eavljanstva<\/a><\/li>\n\t<li id=\"menu-item-57186\" class=\"menu-item menu-item-type-custom menu-item-object-custom menu-item-57186\"><a href=\"https:\/\/royalfamily.org\/lat\/confiscation-document\/\">Konfiskacija imovine<\/a><\/li>\n\t<li id=\"menu-item-57187\" class=\"menu-item menu-item-type-custom menu-item-object-custom menu-item-57187\"><a href=\"https:\/\/royalfamily.org\/lat\/rehabilitacija-prestolonaslednika-aleksandra\/\">Rehabilitacija<\/a><\/li>\n\t<li id=\"menu-item-57189\" class=\"menu-item menu-item-type-custom menu-item-object-custom menu-item-57189\"><a href=\"https:\/\/royalfamily.org\/lat\/the-constitution-of-the-kingdom-of-yugoslavia\/\">Ustav Kraljevine Jugoslavije<\/a><\/li>\n\t<li id=\"menu-item-57188\" class=\"menu-item menu-item-type-custom menu-item-object-custom menu-item-57188\"><a href=\"https:\/\/royalfamily.org\/lat\/%d0%b7%d0%b0%d0%ba%d0%be%d0%bd-%d0%be-%d1%81%d1%82%d0%b0%d1%82%d1%83%d1%81%d1%83-%d0%bf%d0%be%d1%82%d0%be%d0%bc%d0%b0%d0%ba%d0%b0-%d0%b4%d0%b8%d0%bd%d0%b0%d1%81%d1%82%d0%b8%d1%98%d0%b5-%d0%bf%d0%b5\/\">Zakon o statusu potomaka dinastije Petrovi\u0107 Njego\u0161<\/a><\/li>\n\t<li id=\"menu-item-88162\" class=\"menu-item menu-item-type-custom menu-item-object-custom menu-item-88162\"><a href=\"https:\/\/royalfamily.org\/lat\/john-stuart-mill-1806-1873-on-liberty\/\">D\u017eon Stjuart Mil \u2013 O Slobodi<\/a><\/li>\n\t<li id=\"menu-item-57320\" class=\"menu-item menu-item-type-post_type menu-item-object-page menu-item-57320\"><a href=\"https:\/\/royalfamily.org\/lat\/dokumenti\/%d0%bf%d0%b8%d1%81%d0%bc%d0%be-%d0%bf%d1%80%d0%b5%d0%b4%d1%81%d0%b5%d0%b4%d0%bd%d0%b8%d0%ba%d0%b0-%d1%80%d0%be%d0%be%d1%81%d0%b5%d0%b2%d0%b5%d0%bb%d1%82%d0%b0\/\">Pismo predsednika Ruzvelta<\/a><\/li>\n<\/ul>\n<\/li>\n<li id=\"menu-item-57182\" class=\"menu-item menu-item-type-custom menu-item-object-custom menu-item-57182\"><a href=\"https:\/\/royalfamily.org\/lat\/izlozbe\/\">Izlo\u017ebe<\/a><\/li>\n<li id=\"menu-item-57184\" class=\"menu-item menu-item-type-custom menu-item-object-custom menu-item-has-children menu-item-57184\"><a href=\"#\">Prezentacije<\/a>\n<ul class=\"sub-menu\">\n\t<li id=\"menu-item-57190\" class=\"menu-item menu-item-type-custom menu-item-object-custom menu-item-57190\"><a href=\"https:\/\/royalfamily.org\/lat\/the-symbols-of-the-past-at-the-royal-compound\/\">Komunisti\u010dki simboli na Kraljevskom kompleksu<\/a><\/li>\n\t<li id=\"menu-item-57191\" class=\"menu-item menu-item-type-custom menu-item-object-custom menu-item-57191\"><a href=\"https:\/\/royalfamily.org\/lat\/prezentacije\/izlozba-istorijskih-fotografija\/\">Galerija istorijskih fotografija<\/a><\/li>\n\t<li id=\"menu-item-57192\" class=\"menu-item menu-item-type-custom menu-item-object-custom menu-item-57192\"><a href=\"https:\/\/royalfamily.org\/lat\/prezentacije\/godisnja-doba\/\">Godi\u0161nja doba &#8211; izlo\u017eba fotografija<\/a><\/li>\n<\/ul>\n<\/li>\n<li id=\"menu-item-42985\" class=\"menu-item menu-item-type-custom menu-item-object-custom menu-item-has-children menu-item-42985\"><a>Dobro\u010dinstva<\/a>\n<ul class=\"sub-menu\">\n\t<li id=\"menu-item-1797\" class=\"menu-item menu-item-type-custom menu-item-object-custom menu-item-1797\"><a href=\"https:\/\/pafond.rs\/\">Fondacija za obrazovanje NJ.K.V. Prestolonaslednika Aleksandra<\/a><\/li>\n\t<li id=\"menu-item-1798\" class=\"menu-item menu-item-type-custom menu-item-object-custom menu-item-1798\"><a href=\"https:\/\/www.lifelineaid.org\/?lang=sr\">Fond NJ.K.V. Princeza Katarina<\/a><\/li>\n\t<li id=\"menu-item-1799\" class=\"menu-item menu-item-type-custom menu-item-object-custom menu-item-1799\"><a href=\"https:\/\/www.lifelinechicago.org\/\">Lajflajn \u010cikago<\/a><\/li>\n\t<li id=\"menu-item-1800\" class=\"menu-item menu-item-type-custom menu-item-object-custom menu-item-1800\"><a href=\"http:\/\/www.lifelineny.org\/\">Lajflajn Njujork<\/a><\/li>\n\t<li id=\"menu-item-1801\" class=\"menu-item menu-item-type-custom menu-item-object-custom menu-item-1801\"><a href=\"http:\/\/www.lifeline-canada.org\/\">Lajflajn Kanada<\/a><\/li>\n\t<li id=\"menu-item-53852\" class=\"menu-item menu-item-type-custom menu-item-object-custom menu-item-53852\"><a href=\"https:\/\/lifelineuk.co.uk\/\">Lajflajn Ujedinjeno Kraljevstvo<\/a><\/li>\n\t<li id=\"menu-item-53853\" class=\"menu-item menu-item-type-custom menu-item-object-custom menu-item-53853\"><a href=\"https:\/\/www.lifelinegr.org\/\">Lajflajn Gr\u010dka<\/a><\/li>\n<\/ul>\n<\/li>\n<li id=\"menu-item-79598\" class=\"menu-item menu-item-type-post_type menu-item-object-page menu-item-79598\"><a href=\"https:\/\/royalfamily.org\/lat\/kraljevske-vesti\/\">Vesti<\/a><\/li>\n<\/ul><\/div><\/div><div class=\"fusion-additional-widget-content\"><\/div><\/div><div class=\"fusion-widget-area awb-widget-area-element fusion-widget-area-2 fusion-content-widget-area\" style=\"--awb-title-color:#333333;--awb-padding:0px 0px 0px 0px;\"><div id=\"text-18\" class=\"widget widget_text\" style=\"border-style: solid;border-color:transparent;border-width:0px;\"><div class=\"heading\"><h4 class=\"widget-title\">Linije porekla<\/h4><\/div>\t\t\t<div class=\"textwidget\"><p><a href=\"https:\/\/royalfamily.org\/lat\/dinastija\/descent-of-tthe-crown-prince-alexander-from-kings-of-england-great-britain-and-united-kingdom-and-from-the-reigning-dukes-of-sachsen-coburg-gotha\/\">Poreklo Princa Prestolonaslednika Aleksandra od Kraljeva Engleske, Velike Britanije, i vladaju\u0107ih Vojvoda od Saks-Koburg-Gote<\/a><\/p>\n<p><a href=\"https:\/\/royalfamily.org\/lat\/dinastija\/descent-of-crown-prince-alexander-from-karageorge\/\">Poreklo NJ.K.V. Prestolonaslednika Aleksandra od Kara\u0111or\u0111a<\/a><\/p>\n<p><a href=\"https:\/\/royalfamily.org\/lat\/dinastija\/descent-of-crown-prince-alexander-from-the-danish-and-greek-royal-families\/\">Poreklo Prestolonaslednika Aleksandra od kraljeva Danske i Gr\u010dke<\/a><\/p>\n<p><a href=\"https:\/\/royalfamily.org\/lat\/dinastija\/descent-of-the-crown-prince-alexander-from-the-russian-emperors\/\">Poreklo Princa Prestolonaslednika Aleksandra od ruskih careva<\/a><\/p>\n<p><a href=\"https:\/\/royalfamily.org\/dinastija\/descent-of-crown-prince-alexander-from-the-petrovic-njegos-royal-family\/?lang=lat\">Poreklo Princa Prestolonaslednika Aleksandra od Petrovi\u0107a-Njego\u0161a<\/a><\/p>\n<p>&nbsp;<\/p>\n<\/div>\n\t\t<\/div><div class=\"fusion-additional-widget-content\"><\/div><\/div><div class=\"fusion-clearfix\"><\/div><\/div><\/div><div class=\"fusion-layout-column fusion_builder_column fusion-builder-column-1 fusion_builder_column_3_4 3_4 fusion-three-fourth fusion-column-last\" style=\"--awb-bg-size:cover;--awb-margin-bottom:0px;width:75%;width:calc(75% - ( ( 4% ) * 0.75 ) );\"><div class=\"fusion-column-wrapper fusion-flex-column-wrapper-legacy\"><div class=\"fusion-image-element fusion-image-align-center in-legacy-container\" style=\"text-align:center;--awb-caption-title-font-family:var(--h2_typography-font-family);--awb-caption-title-font-weight:var(--h2_typography-font-weight);--awb-caption-title-font-style:var(--h2_typography-font-style);--awb-caption-title-size:var(--h2_typography-font-size);--awb-caption-title-transform:var(--h2_typography-text-transform);--awb-caption-title-line-height:var(--h2_typography-line-height);--awb-caption-title-letter-spacing:var(--h2_typography-letter-spacing);\"><div class=\"imageframe-align-center\"><span class=\" fusion-imageframe imageframe-none imageframe-1 hover-type-none\"><img decoding=\"async\" width=\"740\" height=\"350\" title=\"1 COVER Princeza Katarina sajt\" src=\"https:\/\/royalfamily.org\/wp-content\/uploads\/2024\/07\/1-COVER-Princeza-Katarina-sajt.jpg\" alt class=\"img-responsive wp-image-90882\" srcset=\"https:\/\/royalfamily.org\/wp-content\/uploads\/2024\/07\/1-COVER-Princeza-Katarina-sajt-200x95.jpg 200w, https:\/\/royalfamily.org\/wp-content\/uploads\/2024\/07\/1-COVER-Princeza-Katarina-sajt-400x189.jpg 400w, https:\/\/royalfamily.org\/wp-content\/uploads\/2024\/07\/1-COVER-Princeza-Katarina-sajt-600x284.jpg 600w, https:\/\/royalfamily.org\/wp-content\/uploads\/2024\/07\/1-COVER-Princeza-Katarina-sajt.jpg 740w\" sizes=\"(max-width: 1000px) 100vw, 740px\" \/><\/span><\/div><\/div><div class=\"fusion-sep-clear\"><\/div><div class=\"fusion-separator\" style=\"margin-left: auto;margin-right: auto;margin-top:3%;margin-bottom:3%;width:100%;max-width:70%;\"><div class=\"fusion-separator-border sep-single sep-solid\" style=\"--awb-height:20px;--awb-amount:20px;--awb-sep-color:#0057db;border-color:#0057db;border-top-width:2px;\"><\/div><\/div><div class=\"fusion-sep-clear\"><\/div><div class=\"awb-gallery-wrapper awb-gallery-wrapper-1 button-span-no\" style=\"--more-btn-alignment:center;\" data-limit=\"20\" data-page=\"1\"><div style=\"margin:-5px;--awb-bordersize:0px;\" class=\"fusion-gallery fusion-gallery-container fusion-grid-3 fusion-columns-total-65 fusion-gallery-layout-grid fusion-gallery-1\"><div style=\"padding:5px;\" class=\"fusion-grid-column fusion-gallery-column fusion-gallery-column-3 hover-type-none\"><div class=\"fusion-gallery-image\"><a href=\"https:\/\/royalfamily.org\/wp-content\/uploads\/2024\/07\/1-8F2A9986m-SM.jpg\" rel=\"noreferrer\" data-rel=\"iLightbox[gallery_image_1]\" class=\"fusion-lightbox\" target=\"_self\"><img decoding=\"async\" src=\"https:\/\/royalfamily.org\/wp-content\/uploads\/2024\/07\/1-8F2A9986m-SM.jpg\" width=\"1772\" height=\"1181\" alt=\"\" title=\"1 8F2A9986m SM\" aria-label=\"1 8F2A9986m SM\" class=\"img-responsive wp-image-90792\" srcset=\"https:\/\/royalfamily.org\/wp-content\/uploads\/2024\/07\/1-8F2A9986m-SM-200x133.jpg 200w, https:\/\/royalfamily.org\/wp-content\/uploads\/2024\/07\/1-8F2A9986m-SM-400x267.jpg 400w, https:\/\/royalfamily.org\/wp-content\/uploads\/2024\/07\/1-8F2A9986m-SM-600x400.jpg 600w, https:\/\/royalfamily.org\/wp-content\/uploads\/2024\/07\/1-8F2A9986m-SM-800x533.jpg 800w, https:\/\/royalfamily.org\/wp-content\/uploads\/2024\/07\/1-8F2A9986m-SM-1200x800.jpg 1200w, https:\/\/royalfamily.org\/wp-content\/uploads\/2024\/07\/1-8F2A9986m-SM.jpg 1772w\" sizes=\"(min-width: 2200px) 100vw, (min-width: 824px) 390px, (min-width: 732px) 585px, (min-width: 640px) 732px, \" \/><\/a><\/div><\/div><div style=\"padding:5px;\" class=\"fusion-grid-column fusion-gallery-column fusion-gallery-column-3 hover-type-none\"><div class=\"fusion-gallery-image\"><a href=\"https:\/\/royalfamily.org\/wp-content\/uploads\/2024\/07\/2-52368389667_8d3f291692_o-scaled.jpg\" rel=\"noreferrer\" data-rel=\"iLightbox[gallery_image_1]\" class=\"fusion-lightbox\" target=\"_self\"><img decoding=\"async\" src=\"https:\/\/royalfamily.org\/wp-content\/uploads\/2024\/07\/2-52368389667_8d3f291692_o-scaled.jpg\" width=\"2560\" height=\"1707\" alt=\"\" title=\"His Majesty King Charles II hosts a reception at Buckingham Palace for Heads of State and overseas visitors, 18th September 2022Photography by Fergus BurnettAccreditation required with all media use &#8211; &#8216;fergusburnett.com&#8217;\" aria-label=\"His Majesty King Charles II hosts a reception at Buckingham Palace for Heads of State and overseas visitors, 18th September 2022Photography by Fergus BurnettAccreditation required with all media use &#8211; &#8216;fergusburnett.com&#8217;\" class=\"img-responsive wp-image-90795\" srcset=\"https:\/\/royalfamily.org\/wp-content\/uploads\/2024\/07\/2-52368389667_8d3f291692_o-200x133.jpg 200w, https:\/\/royalfamily.org\/wp-content\/uploads\/2024\/07\/2-52368389667_8d3f291692_o-400x267.jpg 400w, https:\/\/royalfamily.org\/wp-content\/uploads\/2024\/07\/2-52368389667_8d3f291692_o-600x400.jpg 600w, https:\/\/royalfamily.org\/wp-content\/uploads\/2024\/07\/2-52368389667_8d3f291692_o-800x533.jpg 800w, https:\/\/royalfamily.org\/wp-content\/uploads\/2024\/07\/2-52368389667_8d3f291692_o-1200x800.jpg 1200w, https:\/\/royalfamily.org\/wp-content\/uploads\/2024\/07\/2-52368389667_8d3f291692_o-scaled.jpg 2560w\" sizes=\"(min-width: 2200px) 100vw, (min-width: 824px) 390px, (min-width: 732px) 585px, (min-width: 640px) 732px, \" \/><\/a><\/div><\/div><div style=\"padding:5px;\" class=\"fusion-grid-column fusion-gallery-column fusion-gallery-column-3 hover-type-none\"><div class=\"fusion-gallery-image\"><a href=\"https:\/\/royalfamily.org\/wp-content\/uploads\/2024\/07\/2-Igor-Ursic-4.jpg\" rel=\"noreferrer\" data-rel=\"iLightbox[gallery_image_1]\" class=\"fusion-lightbox\" target=\"_self\"><img decoding=\"async\" src=\"https:\/\/royalfamily.org\/wp-content\/uploads\/2024\/07\/2-Igor-Ursic-4.jpg\" width=\"1772\" height=\"1181\" alt=\"\" title=\"2 &#8211; Igor Ursic (4)\" aria-label=\"2 &#8211; Igor Ursic (4)\" class=\"img-responsive wp-image-90798\" srcset=\"https:\/\/royalfamily.org\/wp-content\/uploads\/2024\/07\/2-Igor-Ursic-4-200x133.jpg 200w, https:\/\/royalfamily.org\/wp-content\/uploads\/2024\/07\/2-Igor-Ursic-4-400x267.jpg 400w, https:\/\/royalfamily.org\/wp-content\/uploads\/2024\/07\/2-Igor-Ursic-4-600x400.jpg 600w, https:\/\/royalfamily.org\/wp-content\/uploads\/2024\/07\/2-Igor-Ursic-4-800x533.jpg 800w, https:\/\/royalfamily.org\/wp-content\/uploads\/2024\/07\/2-Igor-Ursic-4-1200x800.jpg 1200w, https:\/\/royalfamily.org\/wp-content\/uploads\/2024\/07\/2-Igor-Ursic-4.jpg 1772w\" sizes=\"(min-width: 2200px) 100vw, (min-width: 824px) 390px, (min-width: 732px) 585px, (min-width: 640px) 732px, \" \/><\/a><\/div><\/div><div class=\"clearfix\"><\/div><div style=\"padding:5px;\" class=\"fusion-grid-column fusion-gallery-column fusion-gallery-column-3 hover-type-none\"><div class=\"fusion-gallery-image\"><a href=\"https:\/\/royalfamily.org\/wp-content\/uploads\/2024\/07\/2-RTS-screenshot-1.jpeg\" rel=\"noreferrer\" data-rel=\"iLightbox[gallery_image_1]\" class=\"fusion-lightbox\" target=\"_self\"><img decoding=\"async\" src=\"https:\/\/royalfamily.org\/wp-content\/uploads\/2024\/07\/2-RTS-screenshot-1.jpeg\" width=\"2096\" height=\"1170\" alt=\"\" title=\"Screenshot\" aria-label=\"Screenshot\" class=\"img-responsive wp-image-90801\" srcset=\"https:\/\/royalfamily.org\/wp-content\/uploads\/2024\/07\/2-RTS-screenshot-1-200x112.jpeg 200w, https:\/\/royalfamily.org\/wp-content\/uploads\/2024\/07\/2-RTS-screenshot-1-400x223.jpeg 400w, https:\/\/royalfamily.org\/wp-content\/uploads\/2024\/07\/2-RTS-screenshot-1-600x335.jpeg 600w, https:\/\/royalfamily.org\/wp-content\/uploads\/2024\/07\/2-RTS-screenshot-1-800x447.jpeg 800w, https:\/\/royalfamily.org\/wp-content\/uploads\/2024\/07\/2-RTS-screenshot-1-1200x670.jpeg 1200w, https:\/\/royalfamily.org\/wp-content\/uploads\/2024\/07\/2-RTS-screenshot-1.jpeg 2096w\" sizes=\"(min-width: 2200px) 100vw, (min-width: 824px) 390px, (min-width: 732px) 585px, (min-width: 640px) 732px, \" \/><\/a><\/div><\/div><div style=\"padding:5px;\" class=\"fusion-grid-column fusion-gallery-column fusion-gallery-column-3 hover-type-none\"><div class=\"fusion-gallery-image\"><a href=\"https:\/\/royalfamily.org\/wp-content\/uploads\/2024\/07\/2.jpg\" rel=\"noreferrer\" data-rel=\"iLightbox[gallery_image_1]\" class=\"fusion-lightbox\" target=\"_self\"><img decoding=\"async\" src=\"https:\/\/royalfamily.org\/wp-content\/uploads\/2024\/07\/2.jpg\" width=\"1600\" height=\"1066\" alt=\"\" title=\"2\" aria-label=\"2\" class=\"img-responsive wp-image-90804\" srcset=\"https:\/\/royalfamily.org\/wp-content\/uploads\/2024\/07\/2-200x133.jpg 200w, https:\/\/royalfamily.org\/wp-content\/uploads\/2024\/07\/2-400x267.jpg 400w, https:\/\/royalfamily.org\/wp-content\/uploads\/2024\/07\/2-600x400.jpg 600w, https:\/\/royalfamily.org\/wp-content\/uploads\/2024\/07\/2-800x533.jpg 800w, https:\/\/royalfamily.org\/wp-content\/uploads\/2024\/07\/2-1200x800.jpg 1200w, https:\/\/royalfamily.org\/wp-content\/uploads\/2024\/07\/2.jpg 1600w\" sizes=\"(min-width: 2200px) 100vw, (min-width: 824px) 390px, (min-width: 732px) 585px, (min-width: 640px) 732px, \" \/><\/a><\/div><\/div><div style=\"padding:5px;\" class=\"fusion-grid-column fusion-gallery-column fusion-gallery-column-3 hover-type-none\"><div class=\"fusion-gallery-image\"><a href=\"https:\/\/royalfamily.org\/wp-content\/uploads\/2024\/07\/3.jpg\" rel=\"noreferrer\" data-rel=\"iLightbox[gallery_image_1]\" class=\"fusion-lightbox\" target=\"_self\"><img decoding=\"async\" src=\"https:\/\/royalfamily.org\/wp-content\/uploads\/2024\/07\/3.jpg\" width=\"1181\" height=\"1772\" alt=\"\" title=\"3\" aria-label=\"3\" class=\"img-responsive wp-image-90807\" srcset=\"https:\/\/royalfamily.org\/wp-content\/uploads\/2024\/07\/3-200x300.jpg 200w, https:\/\/royalfamily.org\/wp-content\/uploads\/2024\/07\/3-400x600.jpg 400w, https:\/\/royalfamily.org\/wp-content\/uploads\/2024\/07\/3-600x900.jpg 600w, https:\/\/royalfamily.org\/wp-content\/uploads\/2024\/07\/3-800x1200.jpg 800w, https:\/\/royalfamily.org\/wp-content\/uploads\/2024\/07\/3.jpg 1181w\" sizes=\"(min-width: 2200px) 100vw, (min-width: 824px) 390px, (min-width: 732px) 585px, (min-width: 640px) 732px, \" \/><\/a><\/div><\/div><div class=\"clearfix\"><\/div><div style=\"padding:5px;\" class=\"fusion-grid-column fusion-gallery-column fusion-gallery-column-3 hover-type-none\"><div class=\"fusion-gallery-image\"><a href=\"https:\/\/royalfamily.org\/wp-content\/uploads\/2024\/07\/3a.jpg\" rel=\"noreferrer\" data-rel=\"iLightbox[gallery_image_1]\" class=\"fusion-lightbox\" target=\"_self\"><img decoding=\"async\" src=\"https:\/\/royalfamily.org\/wp-content\/uploads\/2024\/07\/3a.jpg\" width=\"1843\" height=\"1358\" alt=\"\" title=\"3a\" aria-label=\"3a\" class=\"img-responsive wp-image-90810\" srcset=\"https:\/\/royalfamily.org\/wp-content\/uploads\/2024\/07\/3a-200x147.jpg 200w, https:\/\/royalfamily.org\/wp-content\/uploads\/2024\/07\/3a-400x295.jpg 400w, https:\/\/royalfamily.org\/wp-content\/uploads\/2024\/07\/3a-600x442.jpg 600w, https:\/\/royalfamily.org\/wp-content\/uploads\/2024\/07\/3a-800x589.jpg 800w, https:\/\/royalfamily.org\/wp-content\/uploads\/2024\/07\/3a-1200x884.jpg 1200w, https:\/\/royalfamily.org\/wp-content\/uploads\/2024\/07\/3a.jpg 1843w\" sizes=\"(min-width: 2200px) 100vw, (min-width: 824px) 390px, (min-width: 732px) 585px, (min-width: 640px) 732px, \" \/><\/a><\/div><\/div><div style=\"padding:5px;\" class=\"fusion-grid-column fusion-gallery-column fusion-gallery-column-3 hover-type-none\"><div class=\"fusion-gallery-image\"><a href=\"https:\/\/royalfamily.org\/wp-content\/uploads\/2024\/07\/3e-Srdjan-Stevanovic-foto-scaled.jpg\" rel=\"noreferrer\" data-rel=\"iLightbox[gallery_image_1]\" class=\"fusion-lightbox\" target=\"_self\"><img decoding=\"async\" src=\"https:\/\/royalfamily.org\/wp-content\/uploads\/2024\/07\/3e-Srdjan-Stevanovic-foto-scaled.jpg\" width=\"1606\" height=\"2560\" alt=\"\" title=\"3e &#8211; Srdjan Stevanovic foto\" aria-label=\"3e &#8211; Srdjan Stevanovic foto\" class=\"img-responsive wp-image-90813\" srcset=\"https:\/\/royalfamily.org\/wp-content\/uploads\/2024\/07\/3e-Srdjan-Stevanovic-foto-200x319.jpg 200w, https:\/\/royalfamily.org\/wp-content\/uploads\/2024\/07\/3e-Srdjan-Stevanovic-foto-400x638.jpg 400w, https:\/\/royalfamily.org\/wp-content\/uploads\/2024\/07\/3e-Srdjan-Stevanovic-foto-600x956.jpg 600w, https:\/\/royalfamily.org\/wp-content\/uploads\/2024\/07\/3e-Srdjan-Stevanovic-foto-800x1275.jpg 800w, https:\/\/royalfamily.org\/wp-content\/uploads\/2024\/07\/3e-Srdjan-Stevanovic-foto-1200x1913.jpg 1200w, https:\/\/royalfamily.org\/wp-content\/uploads\/2024\/07\/3e-Srdjan-Stevanovic-foto-scaled.jpg 1606w\" sizes=\"(min-width: 2200px) 100vw, (min-width: 824px) 390px, (min-width: 732px) 585px, (min-width: 640px) 732px, \" \/><\/a><\/div><\/div><div style=\"padding:5px;\" class=\"fusion-grid-column fusion-gallery-column fusion-gallery-column-3 hover-type-none\"><div class=\"fusion-gallery-image\"><a href=\"https:\/\/royalfamily.org\/wp-content\/uploads\/2024\/07\/4-8F2A2261m.jpg\" rel=\"noreferrer\" data-rel=\"iLightbox[gallery_image_1]\" class=\"fusion-lightbox\" target=\"_self\"><img decoding=\"async\" src=\"https:\/\/royalfamily.org\/wp-content\/uploads\/2024\/07\/4-8F2A2261m.jpg\" width=\"1650\" height=\"1100\" alt=\"\" title=\"4 8F2A2261m\" aria-label=\"4 8F2A2261m\" class=\"img-responsive wp-image-90816\" srcset=\"https:\/\/royalfamily.org\/wp-content\/uploads\/2024\/07\/4-8F2A2261m-200x133.jpg 200w, https:\/\/royalfamily.org\/wp-content\/uploads\/2024\/07\/4-8F2A2261m-400x267.jpg 400w, https:\/\/royalfamily.org\/wp-content\/uploads\/2024\/07\/4-8F2A2261m-600x400.jpg 600w, https:\/\/royalfamily.org\/wp-content\/uploads\/2024\/07\/4-8F2A2261m-800x533.jpg 800w, https:\/\/royalfamily.org\/wp-content\/uploads\/2024\/07\/4-8F2A2261m-1200x800.jpg 1200w, https:\/\/royalfamily.org\/wp-content\/uploads\/2024\/07\/4-8F2A2261m.jpg 1650w\" sizes=\"(min-width: 2200px) 100vw, (min-width: 824px) 390px, (min-width: 732px) 585px, (min-width: 640px) 732px, \" \/><\/a><\/div><\/div><div class=\"clearfix\"><\/div><div style=\"padding:5px;\" class=\"fusion-grid-column fusion-gallery-column fusion-gallery-column-3 hover-type-none\"><div class=\"fusion-gallery-image\"><a href=\"https:\/\/royalfamily.org\/wp-content\/uploads\/2024\/07\/5.jpg\" rel=\"noreferrer\" data-rel=\"iLightbox[gallery_image_1]\" class=\"fusion-lightbox\" target=\"_self\"><img decoding=\"async\" src=\"https:\/\/royalfamily.org\/wp-content\/uploads\/2024\/07\/5.jpg\" width=\"2126\" height=\"1417\" alt=\"\" title=\"5\" aria-label=\"5\" class=\"img-responsive wp-image-90819\" srcset=\"https:\/\/royalfamily.org\/wp-content\/uploads\/2024\/07\/5-200x133.jpg 200w, https:\/\/royalfamily.org\/wp-content\/uploads\/2024\/07\/5-400x267.jpg 400w, https:\/\/royalfamily.org\/wp-content\/uploads\/2024\/07\/5-600x400.jpg 600w, https:\/\/royalfamily.org\/wp-content\/uploads\/2024\/07\/5-800x533.jpg 800w, https:\/\/royalfamily.org\/wp-content\/uploads\/2024\/07\/5-1200x800.jpg 1200w, https:\/\/royalfamily.org\/wp-content\/uploads\/2024\/07\/5.jpg 2126w\" sizes=\"(min-width: 2200px) 100vw, (min-width: 824px) 390px, (min-width: 732px) 585px, (min-width: 640px) 732px, \" \/><\/a><\/div><\/div><div style=\"padding:5px;\" class=\"fusion-grid-column fusion-gallery-column fusion-gallery-column-3 hover-type-none\"><div class=\"fusion-gallery-image\"><a href=\"https:\/\/royalfamily.org\/wp-content\/uploads\/2024\/07\/8.jpg\" rel=\"noreferrer\" data-rel=\"iLightbox[gallery_image_1]\" class=\"fusion-lightbox\" target=\"_self\"><img decoding=\"async\" src=\"https:\/\/royalfamily.org\/wp-content\/uploads\/2024\/07\/8.jpg\" width=\"1297\" height=\"2153\" alt=\"\" title=\"8\" aria-label=\"8\" class=\"img-responsive wp-image-90822\" srcset=\"https:\/\/royalfamily.org\/wp-content\/uploads\/2024\/07\/8-200x332.jpg 200w, https:\/\/royalfamily.org\/wp-content\/uploads\/2024\/07\/8-400x664.jpg 400w, https:\/\/royalfamily.org\/wp-content\/uploads\/2024\/07\/8-600x996.jpg 600w, https:\/\/royalfamily.org\/wp-content\/uploads\/2024\/07\/8-800x1328.jpg 800w, https:\/\/royalfamily.org\/wp-content\/uploads\/2024\/07\/8-1200x1992.jpg 1200w, https:\/\/royalfamily.org\/wp-content\/uploads\/2024\/07\/8.jpg 1297w\" sizes=\"(min-width: 2200px) 100vw, (min-width: 824px) 390px, (min-width: 732px) 585px, (min-width: 640px) 732px, \" \/><\/a><\/div><\/div><div style=\"padding:5px;\" class=\"fusion-grid-column fusion-gallery-column fusion-gallery-column-3 hover-type-none\"><div class=\"fusion-gallery-image\"><a href=\"https:\/\/royalfamily.org\/wp-content\/uploads\/2024\/07\/10-1.jpg\" rel=\"noreferrer\" data-rel=\"iLightbox[gallery_image_1]\" class=\"fusion-lightbox\" target=\"_self\"><img decoding=\"async\" src=\"https:\/\/royalfamily.org\/wp-content\/uploads\/2024\/07\/10-1.jpg\" width=\"1772\" height=\"1181\" alt=\"\" title=\"10\" aria-label=\"10\" class=\"img-responsive wp-image-90825\" srcset=\"https:\/\/royalfamily.org\/wp-content\/uploads\/2024\/07\/10-1-200x133.jpg 200w, https:\/\/royalfamily.org\/wp-content\/uploads\/2024\/07\/10-1-400x267.jpg 400w, https:\/\/royalfamily.org\/wp-content\/uploads\/2024\/07\/10-1-600x400.jpg 600w, https:\/\/royalfamily.org\/wp-content\/uploads\/2024\/07\/10-1-800x533.jpg 800w, https:\/\/royalfamily.org\/wp-content\/uploads\/2024\/07\/10-1-1200x800.jpg 1200w, https:\/\/royalfamily.org\/wp-content\/uploads\/2024\/07\/10-1.jpg 1772w\" sizes=\"(min-width: 2200px) 100vw, (min-width: 824px) 390px, (min-width: 732px) 585px, (min-width: 640px) 732px, \" \/><\/a><\/div><\/div><div class=\"clearfix\"><\/div><div style=\"padding:5px;\" class=\"fusion-grid-column fusion-gallery-column fusion-gallery-column-3 hover-type-none\"><div class=\"fusion-gallery-image\"><a href=\"https:\/\/royalfamily.org\/wp-content\/uploads\/2024\/07\/11-8F2A9678m.jpg\" rel=\"noreferrer\" data-rel=\"iLightbox[gallery_image_1]\" class=\"fusion-lightbox\" target=\"_self\"><img decoding=\"async\" src=\"https:\/\/royalfamily.org\/wp-content\/uploads\/2024\/07\/11-8F2A9678m.jpg\" width=\"1772\" height=\"1181\" alt=\"\" title=\"11 8F2A9678m\" aria-label=\"11 8F2A9678m\" class=\"img-responsive wp-image-90828\" srcset=\"https:\/\/royalfamily.org\/wp-content\/uploads\/2024\/07\/11-8F2A9678m-200x133.jpg 200w, https:\/\/royalfamily.org\/wp-content\/uploads\/2024\/07\/11-8F2A9678m-400x267.jpg 400w, https:\/\/royalfamily.org\/wp-content\/uploads\/2024\/07\/11-8F2A9678m-600x400.jpg 600w, https:\/\/royalfamily.org\/wp-content\/uploads\/2024\/07\/11-8F2A9678m-800x533.jpg 800w, https:\/\/royalfamily.org\/wp-content\/uploads\/2024\/07\/11-8F2A9678m-1200x800.jpg 1200w, https:\/\/royalfamily.org\/wp-content\/uploads\/2024\/07\/11-8F2A9678m.jpg 1772w\" sizes=\"(min-width: 2200px) 100vw, (min-width: 824px) 390px, (min-width: 732px) 585px, (min-width: 640px) 732px, \" \/><\/a><\/div><\/div><div style=\"padding:5px;\" class=\"fusion-grid-column fusion-gallery-column fusion-gallery-column-3 hover-type-none\"><div class=\"fusion-gallery-image\"><a href=\"https:\/\/royalfamily.org\/wp-content\/uploads\/2024\/07\/13.jpg\" rel=\"noreferrer\" data-rel=\"iLightbox[gallery_image_1]\" class=\"fusion-lightbox\" target=\"_self\"><img decoding=\"async\" src=\"https:\/\/royalfamily.org\/wp-content\/uploads\/2024\/07\/13.jpg\" width=\"1772\" height=\"1181\" alt=\"\" title=\"13\" aria-label=\"13\" class=\"img-responsive wp-image-90831\" srcset=\"https:\/\/royalfamily.org\/wp-content\/uploads\/2024\/07\/13-200x133.jpg 200w, https:\/\/royalfamily.org\/wp-content\/uploads\/2024\/07\/13-400x267.jpg 400w, https:\/\/royalfamily.org\/wp-content\/uploads\/2024\/07\/13-600x400.jpg 600w, https:\/\/royalfamily.org\/wp-content\/uploads\/2024\/07\/13-800x533.jpg 800w, https:\/\/royalfamily.org\/wp-content\/uploads\/2024\/07\/13-1200x800.jpg 1200w, https:\/\/royalfamily.org\/wp-content\/uploads\/2024\/07\/13.jpg 1772w\" sizes=\"(min-width: 2200px) 100vw, (min-width: 824px) 390px, (min-width: 732px) 585px, (min-width: 640px) 732px, \" \/><\/a><\/div><\/div><div style=\"padding:5px;\" class=\"fusion-grid-column fusion-gallery-column fusion-gallery-column-3 hover-type-none\"><div class=\"fusion-gallery-image\"><a href=\"https:\/\/royalfamily.org\/wp-content\/uploads\/2024\/07\/13b.jpg\" rel=\"noreferrer\" data-rel=\"iLightbox[gallery_image_1]\" class=\"fusion-lightbox\" target=\"_self\"><img decoding=\"async\" src=\"https:\/\/royalfamily.org\/wp-content\/uploads\/2024\/07\/13b.jpg\" width=\"1772\" height=\"1181\" alt=\"\" title=\"13b\" aria-label=\"13b\" class=\"img-responsive wp-image-90834\" srcset=\"https:\/\/royalfamily.org\/wp-content\/uploads\/2024\/07\/13b-200x133.jpg 200w, https:\/\/royalfamily.org\/wp-content\/uploads\/2024\/07\/13b-400x267.jpg 400w, https:\/\/royalfamily.org\/wp-content\/uploads\/2024\/07\/13b-600x400.jpg 600w, https:\/\/royalfamily.org\/wp-content\/uploads\/2024\/07\/13b-800x533.jpg 800w, https:\/\/royalfamily.org\/wp-content\/uploads\/2024\/07\/13b-1200x800.jpg 1200w, https:\/\/royalfamily.org\/wp-content\/uploads\/2024\/07\/13b.jpg 1772w\" sizes=\"(min-width: 2200px) 100vw, (min-width: 824px) 390px, (min-width: 732px) 585px, (min-width: 640px) 732px, \" \/><\/a><\/div><\/div><div class=\"clearfix\"><\/div><div style=\"padding:5px;\" class=\"fusion-grid-column fusion-gallery-column fusion-gallery-column-3 hover-type-none\"><div class=\"fusion-gallery-image\"><a href=\"https:\/\/royalfamily.org\/wp-content\/uploads\/2024\/07\/13\u0430.jpg\" rel=\"noreferrer\" data-rel=\"iLightbox[gallery_image_1]\" class=\"fusion-lightbox\" target=\"_self\"><img decoding=\"async\" src=\"https:\/\/royalfamily.org\/wp-content\/uploads\/2024\/07\/13\u0430.jpg\" width=\"1772\" height=\"1181\" alt=\"\" title=\"13\u0430\" aria-label=\"13\u0430\" class=\"img-responsive wp-image-90837\" srcset=\"https:\/\/royalfamily.org\/wp-content\/uploads\/2024\/07\/13\u0430-200x133.jpg 200w, https:\/\/royalfamily.org\/wp-content\/uploads\/2024\/07\/13\u0430-400x267.jpg 400w, https:\/\/royalfamily.org\/wp-content\/uploads\/2024\/07\/13\u0430-600x400.jpg 600w, https:\/\/royalfamily.org\/wp-content\/uploads\/2024\/07\/13\u0430-800x533.jpg 800w, https:\/\/royalfamily.org\/wp-content\/uploads\/2024\/07\/13\u0430-1200x800.jpg 1200w, https:\/\/royalfamily.org\/wp-content\/uploads\/2024\/07\/13\u0430.jpg 1772w\" sizes=\"(min-width: 2200px) 100vw, (min-width: 824px) 390px, (min-width: 732px) 585px, (min-width: 640px) 732px, \" \/><\/a><\/div><\/div><div style=\"padding:5px;\" class=\"fusion-grid-column fusion-gallery-column fusion-gallery-column-3 hover-type-none\"><div class=\"fusion-gallery-image\"><a href=\"https:\/\/royalfamily.org\/wp-content\/uploads\/2024\/07\/17.jpg\" rel=\"noreferrer\" data-rel=\"iLightbox[gallery_image_1]\" class=\"fusion-lightbox\" target=\"_self\"><img decoding=\"async\" src=\"https:\/\/royalfamily.org\/wp-content\/uploads\/2024\/07\/17.jpg\" width=\"960\" height=\"634\" alt=\"\" title=\"17\" aria-label=\"17\" class=\"img-responsive wp-image-90840\" srcset=\"https:\/\/royalfamily.org\/wp-content\/uploads\/2024\/07\/17-200x132.jpg 200w, https:\/\/royalfamily.org\/wp-content\/uploads\/2024\/07\/17-400x264.jpg 400w, https:\/\/royalfamily.org\/wp-content\/uploads\/2024\/07\/17-600x396.jpg 600w, https:\/\/royalfamily.org\/wp-content\/uploads\/2024\/07\/17-800x528.jpg 800w, https:\/\/royalfamily.org\/wp-content\/uploads\/2024\/07\/17.jpg 960w\" sizes=\"(min-width: 2200px) 100vw, (min-width: 824px) 390px, (min-width: 732px) 585px, (min-width: 640px) 732px, \" \/><\/a><\/div><\/div><div style=\"padding:5px;\" class=\"fusion-grid-column fusion-gallery-column fusion-gallery-column-3 hover-type-none\"><div class=\"fusion-gallery-image\"><a href=\"https:\/\/royalfamily.org\/wp-content\/uploads\/2024\/07\/18.jpg\" rel=\"noreferrer\" data-rel=\"iLightbox[gallery_image_1]\" class=\"fusion-lightbox\" target=\"_self\"><img decoding=\"async\" src=\"https:\/\/royalfamily.org\/wp-content\/uploads\/2024\/07\/18.jpg\" width=\"2048\" height=\"1392\" alt=\"\" title=\"18\" aria-label=\"18\" class=\"img-responsive wp-image-90843\" srcset=\"https:\/\/royalfamily.org\/wp-content\/uploads\/2024\/07\/18-200x136.jpg 200w, https:\/\/royalfamily.org\/wp-content\/uploads\/2024\/07\/18-400x272.jpg 400w, https:\/\/royalfamily.org\/wp-content\/uploads\/2024\/07\/18-600x408.jpg 600w, https:\/\/royalfamily.org\/wp-content\/uploads\/2024\/07\/18-800x544.jpg 800w, https:\/\/royalfamily.org\/wp-content\/uploads\/2024\/07\/18-1200x816.jpg 1200w, https:\/\/royalfamily.org\/wp-content\/uploads\/2024\/07\/18.jpg 2048w\" sizes=\"(min-width: 2200px) 100vw, (min-width: 824px) 390px, (min-width: 732px) 585px, (min-width: 640px) 732px, \" \/><\/a><\/div><\/div><div class=\"clearfix\"><\/div><div style=\"padding:5px;\" class=\"fusion-grid-column fusion-gallery-column fusion-gallery-column-3 hover-type-none\"><div class=\"fusion-gallery-image\"><a href=\"https:\/\/royalfamily.org\/wp-content\/uploads\/2024\/07\/20.jpg\" rel=\"noreferrer\" data-rel=\"iLightbox[gallery_image_1]\" class=\"fusion-lightbox\" target=\"_self\"><img decoding=\"async\" src=\"https:\/\/royalfamily.org\/wp-content\/uploads\/2024\/07\/20.jpg\" width=\"2500\" height=\"1667\" alt=\"\" title=\"20\" aria-label=\"20\" class=\"img-responsive wp-image-90846\" srcset=\"https:\/\/royalfamily.org\/wp-content\/uploads\/2024\/07\/20-200x133.jpg 200w, https:\/\/royalfamily.org\/wp-content\/uploads\/2024\/07\/20-400x267.jpg 400w, https:\/\/royalfamily.org\/wp-content\/uploads\/2024\/07\/20-600x400.jpg 600w, https:\/\/royalfamily.org\/wp-content\/uploads\/2024\/07\/20-800x533.jpg 800w, https:\/\/royalfamily.org\/wp-content\/uploads\/2024\/07\/20-1200x800.jpg 1200w, https:\/\/royalfamily.org\/wp-content\/uploads\/2024\/07\/20.jpg 2500w\" sizes=\"(min-width: 2200px) 100vw, (min-width: 824px) 390px, (min-width: 732px) 585px, (min-width: 640px) 732px, \" \/><\/a><\/div><\/div><div style=\"padding:5px;\" class=\"fusion-grid-column fusion-gallery-column fusion-gallery-column-3 hover-type-none\"><div class=\"fusion-gallery-image\"><a href=\"https:\/\/royalfamily.org\/wp-content\/uploads\/2024\/07\/21.jpg\" rel=\"noreferrer\" data-rel=\"iLightbox[gallery_image_1]\" class=\"fusion-lightbox\" target=\"_self\"><img decoding=\"async\" src=\"https:\/\/royalfamily.org\/wp-content\/uploads\/2024\/07\/21.jpg\" width=\"1772\" height=\"928\" alt=\"\" title=\"21\" aria-label=\"21\" class=\"img-responsive wp-image-90849\" srcset=\"https:\/\/royalfamily.org\/wp-content\/uploads\/2024\/07\/21-200x105.jpg 200w, https:\/\/royalfamily.org\/wp-content\/uploads\/2024\/07\/21-400x209.jpg 400w, https:\/\/royalfamily.org\/wp-content\/uploads\/2024\/07\/21-600x314.jpg 600w, https:\/\/royalfamily.org\/wp-content\/uploads\/2024\/07\/21-800x419.jpg 800w, https:\/\/royalfamily.org\/wp-content\/uploads\/2024\/07\/21-1200x628.jpg 1200w, https:\/\/royalfamily.org\/wp-content\/uploads\/2024\/07\/21.jpg 1772w\" sizes=\"(min-width: 2200px) 100vw, (min-width: 824px) 390px, (min-width: 732px) 585px, (min-width: 640px) 732px, \" \/><\/a><\/div><\/div><div style=\"padding:5px;\" class=\"fusion-grid-column fusion-gallery-column fusion-gallery-column-3 hover-type-none awb-gallery-item-hidden\"><div class=\"fusion-gallery-image\"><a href=\"https:\/\/royalfamily.org\/wp-content\/uploads\/2024\/07\/23-1.jpg\" rel=\"noreferrer\" data-rel=\"iLightbox[gallery_image_1]\" class=\"fusion-lightbox\" target=\"_self\"><img decoding=\"async\" src=\"https:\/\/royalfamily.org\/wp-content\/uploads\/2024\/07\/23-1.jpg\" width=\"830\" height=\"1025\" alt=\"\" title=\"23\" aria-label=\"23\" class=\"img-responsive wp-image-90852\" srcset=\"https:\/\/royalfamily.org\/wp-content\/uploads\/2024\/07\/23-1-200x247.jpg 200w, https:\/\/royalfamily.org\/wp-content\/uploads\/2024\/07\/23-1-400x494.jpg 400w, https:\/\/royalfamily.org\/wp-content\/uploads\/2024\/07\/23-1-600x741.jpg 600w, https:\/\/royalfamily.org\/wp-content\/uploads\/2024\/07\/23-1-800x988.jpg 800w, https:\/\/royalfamily.org\/wp-content\/uploads\/2024\/07\/23-1.jpg 830w\" sizes=\"(min-width: 2200px) 100vw, (min-width: 824px) 390px, (min-width: 732px) 585px, (min-width: 640px) 732px, \" \/><\/a><\/div><\/div><div class=\"clearfix\"><\/div><div style=\"padding:5px;\" class=\"fusion-grid-column fusion-gallery-column fusion-gallery-column-3 hover-type-none awb-gallery-item-hidden\"><div class=\"fusion-gallery-image\"><a href=\"https:\/\/royalfamily.org\/wp-content\/uploads\/2024\/07\/23\u0430.jpg\" rel=\"noreferrer\" data-rel=\"iLightbox[gallery_image_1]\" class=\"fusion-lightbox\" target=\"_self\"><img decoding=\"async\" src=\"https:\/\/royalfamily.org\/wp-content\/uploads\/2024\/07\/23\u0430.jpg\" width=\"830\" height=\"591\" alt=\"\" title=\"23\u0430\" aria-label=\"23\u0430\" class=\"img-responsive wp-image-90855\" srcset=\"https:\/\/royalfamily.org\/wp-content\/uploads\/2024\/07\/23\u0430-200x142.jpg 200w, https:\/\/royalfamily.org\/wp-content\/uploads\/2024\/07\/23\u0430-400x285.jpg 400w, https:\/\/royalfamily.org\/wp-content\/uploads\/2024\/07\/23\u0430-600x427.jpg 600w, https:\/\/royalfamily.org\/wp-content\/uploads\/2024\/07\/23\u0430-800x570.jpg 800w, https:\/\/royalfamily.org\/wp-content\/uploads\/2024\/07\/23\u0430.jpg 830w\" sizes=\"(min-width: 2200px) 100vw, (min-width: 824px) 390px, (min-width: 732px) 585px, (min-width: 640px) 732px, \" \/><\/a><\/div><\/div><div style=\"padding:5px;\" class=\"fusion-grid-column fusion-gallery-column fusion-gallery-column-3 hover-type-none awb-gallery-item-hidden\"><div class=\"fusion-gallery-image\"><a href=\"https:\/\/royalfamily.org\/wp-content\/uploads\/2024\/07\/27a-1-scaled.jpg\" rel=\"noreferrer\" data-rel=\"iLightbox[gallery_image_1]\" class=\"fusion-lightbox\" target=\"_self\"><img decoding=\"async\" src=\"https:\/\/royalfamily.org\/wp-content\/uploads\/2024\/07\/27a-1-scaled.jpg\" width=\"2560\" height=\"1707\" alt=\"\" title=\"27a\" aria-label=\"27a\" class=\"img-responsive wp-image-90858\" srcset=\"https:\/\/royalfamily.org\/wp-content\/uploads\/2024\/07\/27a-1-200x133.jpg 200w, https:\/\/royalfamily.org\/wp-content\/uploads\/2024\/07\/27a-1-400x267.jpg 400w, https:\/\/royalfamily.org\/wp-content\/uploads\/2024\/07\/27a-1-600x400.jpg 600w, https:\/\/royalfamily.org\/wp-content\/uploads\/2024\/07\/27a-1-800x533.jpg 800w, https:\/\/royalfamily.org\/wp-content\/uploads\/2024\/07\/27a-1-1200x800.jpg 1200w, https:\/\/royalfamily.org\/wp-content\/uploads\/2024\/07\/27a-1-scaled.jpg 2560w\" sizes=\"(min-width: 2200px) 100vw, (min-width: 824px) 390px, (min-width: 732px) 585px, (min-width: 640px) 732px, \" \/><\/a><\/div><\/div><div style=\"padding:5px;\" class=\"fusion-grid-column fusion-gallery-column fusion-gallery-column-3 hover-type-none awb-gallery-item-hidden\"><div class=\"fusion-gallery-image\"><a href=\"https:\/\/royalfamily.org\/wp-content\/uploads\/2024\/07\/27d-1.jpg\" rel=\"noreferrer\" data-rel=\"iLightbox[gallery_image_1]\" class=\"fusion-lightbox\" target=\"_self\"><img decoding=\"async\" src=\"https:\/\/royalfamily.org\/wp-content\/uploads\/2024\/07\/27d-1.jpg\" width=\"2401\" height=\"1772\" alt=\"\" title=\"27d\" aria-label=\"27d\" class=\"img-responsive wp-image-90861\" srcset=\"https:\/\/royalfamily.org\/wp-content\/uploads\/2024\/07\/27d-1-200x148.jpg 200w, https:\/\/royalfamily.org\/wp-content\/uploads\/2024\/07\/27d-1-400x295.jpg 400w, https:\/\/royalfamily.org\/wp-content\/uploads\/2024\/07\/27d-1-600x443.jpg 600w, https:\/\/royalfamily.org\/wp-content\/uploads\/2024\/07\/27d-1-800x590.jpg 800w, https:\/\/royalfamily.org\/wp-content\/uploads\/2024\/07\/27d-1-1200x886.jpg 1200w, https:\/\/royalfamily.org\/wp-content\/uploads\/2024\/07\/27d-1.jpg 2401w\" sizes=\"(min-width: 2200px) 100vw, (min-width: 824px) 390px, (min-width: 732px) 585px, (min-width: 640px) 732px, \" \/><\/a><\/div><\/div><div class=\"clearfix\"><\/div><div style=\"padding:5px;\" class=\"fusion-grid-column fusion-gallery-column fusion-gallery-column-3 hover-type-none awb-gallery-item-hidden\"><div class=\"fusion-gallery-image\"><a href=\"https:\/\/royalfamily.org\/wp-content\/uploads\/2024\/07\/28\u0430-scaled.jpg\" rel=\"noreferrer\" data-rel=\"iLightbox[gallery_image_1]\" class=\"fusion-lightbox\" target=\"_self\"><img decoding=\"async\" src=\"https:\/\/royalfamily.org\/wp-content\/uploads\/2024\/07\/28\u0430-scaled.jpg\" width=\"2560\" height=\"1707\" alt=\"\" title=\"28\u0430\" aria-label=\"28\u0430\" class=\"img-responsive wp-image-90864\" srcset=\"https:\/\/royalfamily.org\/wp-content\/uploads\/2024\/07\/28\u0430-200x133.jpg 200w, https:\/\/royalfamily.org\/wp-content\/uploads\/2024\/07\/28\u0430-400x267.jpg 400w, https:\/\/royalfamily.org\/wp-content\/uploads\/2024\/07\/28\u0430-600x400.jpg 600w, https:\/\/royalfamily.org\/wp-content\/uploads\/2024\/07\/28\u0430-800x533.jpg 800w, https:\/\/royalfamily.org\/wp-content\/uploads\/2024\/07\/28\u0430-1200x800.jpg 1200w, https:\/\/royalfamily.org\/wp-content\/uploads\/2024\/07\/28\u0430-scaled.jpg 2560w\" sizes=\"(min-width: 2200px) 100vw, (min-width: 824px) 390px, (min-width: 732px) 585px, (min-width: 640px) 732px, \" \/><\/a><\/div><\/div><div style=\"padding:5px;\" class=\"fusion-grid-column fusion-gallery-column fusion-gallery-column-3 hover-type-none awb-gallery-item-hidden\"><div class=\"fusion-gallery-image\"><a href=\"https:\/\/royalfamily.org\/wp-content\/uploads\/2024\/07\/29.jpg\" rel=\"noreferrer\" data-rel=\"iLightbox[gallery_image_1]\" class=\"fusion-lightbox\" target=\"_self\"><img decoding=\"async\" src=\"https:\/\/royalfamily.org\/wp-content\/uploads\/2024\/07\/29.jpg\" width=\"2000\" height=\"1333\" alt=\"\" title=\"29\" aria-label=\"29\" class=\"img-responsive wp-image-90867\" srcset=\"https:\/\/royalfamily.org\/wp-content\/uploads\/2024\/07\/29-200x133.jpg 200w, https:\/\/royalfamily.org\/wp-content\/uploads\/2024\/07\/29-400x267.jpg 400w, https:\/\/royalfamily.org\/wp-content\/uploads\/2024\/07\/29-600x400.jpg 600w, https:\/\/royalfamily.org\/wp-content\/uploads\/2024\/07\/29-800x533.jpg 800w, https:\/\/royalfamily.org\/wp-content\/uploads\/2024\/07\/29-1200x800.jpg 1200w, https:\/\/royalfamily.org\/wp-content\/uploads\/2024\/07\/29.jpg 2000w\" sizes=\"(min-width: 2200px) 100vw, (min-width: 824px) 390px, (min-width: 732px) 585px, (min-width: 640px) 732px, \" \/><\/a><\/div><\/div><div style=\"padding:5px;\" class=\"fusion-grid-column fusion-gallery-column fusion-gallery-column-3 hover-type-none awb-gallery-item-hidden\"><div class=\"fusion-gallery-image\"><a href=\"https:\/\/royalfamily.org\/wp-content\/uploads\/2024\/07\/30.jpg\" rel=\"noreferrer\" data-rel=\"iLightbox[gallery_image_1]\" class=\"fusion-lightbox\" target=\"_self\"><img decoding=\"async\" src=\"https:\/\/royalfamily.org\/wp-content\/uploads\/2024\/07\/30.jpg\" width=\"1772\" height=\"1181\" alt=\"\" title=\"30\" aria-label=\"30\" class=\"img-responsive wp-image-90870\" srcset=\"https:\/\/royalfamily.org\/wp-content\/uploads\/2024\/07\/30-200x133.jpg 200w, https:\/\/royalfamily.org\/wp-content\/uploads\/2024\/07\/30-400x267.jpg 400w, https:\/\/royalfamily.org\/wp-content\/uploads\/2024\/07\/30-600x400.jpg 600w, https:\/\/royalfamily.org\/wp-content\/uploads\/2024\/07\/30-800x533.jpg 800w, https:\/\/royalfamily.org\/wp-content\/uploads\/2024\/07\/30-1200x800.jpg 1200w, https:\/\/royalfamily.org\/wp-content\/uploads\/2024\/07\/30.jpg 1772w\" sizes=\"(min-width: 2200px) 100vw, (min-width: 824px) 390px, (min-width: 732px) 585px, (min-width: 640px) 732px, \" \/><\/a><\/div><\/div><div class=\"clearfix\"><\/div><div style=\"padding:5px;\" class=\"fusion-grid-column fusion-gallery-column fusion-gallery-column-3 hover-type-none awb-gallery-item-hidden\"><div class=\"fusion-gallery-image\"><a href=\"https:\/\/royalfamily.org\/wp-content\/uploads\/2024\/07\/32.jpg\" rel=\"noreferrer\" data-rel=\"iLightbox[gallery_image_1]\" class=\"fusion-lightbox\" target=\"_self\"><img decoding=\"async\" src=\"https:\/\/royalfamily.org\/wp-content\/uploads\/2024\/07\/32.jpg\" width=\"1772\" height=\"1181\" alt=\"\" title=\"32\" aria-label=\"32\" class=\"img-responsive wp-image-90873\" srcset=\"https:\/\/royalfamily.org\/wp-content\/uploads\/2024\/07\/32-200x133.jpg 200w, https:\/\/royalfamily.org\/wp-content\/uploads\/2024\/07\/32-400x267.jpg 400w, https:\/\/royalfamily.org\/wp-content\/uploads\/2024\/07\/32-600x400.jpg 600w, https:\/\/royalfamily.org\/wp-content\/uploads\/2024\/07\/32-800x533.jpg 800w, https:\/\/royalfamily.org\/wp-content\/uploads\/2024\/07\/32-1200x800.jpg 1200w, https:\/\/royalfamily.org\/wp-content\/uploads\/2024\/07\/32.jpg 1772w\" sizes=\"(min-width: 2200px) 100vw, (min-width: 824px) 390px, (min-width: 732px) 585px, (min-width: 640px) 732px, \" \/><\/a><\/div><\/div><div style=\"padding:5px;\" class=\"fusion-grid-column fusion-gallery-column fusion-gallery-column-3 hover-type-none awb-gallery-item-hidden\"><div class=\"fusion-gallery-image\"><a href=\"https:\/\/royalfamily.org\/wp-content\/uploads\/2024\/07\/44b.jpg\" rel=\"noreferrer\" data-rel=\"iLightbox[gallery_image_1]\" class=\"fusion-lightbox\" target=\"_self\"><img decoding=\"async\" src=\"https:\/\/royalfamily.org\/wp-content\/uploads\/2024\/07\/44b.jpg\" width=\"1181\" height=\"1772\" alt=\"\" title=\"44b\" aria-label=\"44b\" class=\"img-responsive wp-image-90876\" srcset=\"https:\/\/royalfamily.org\/wp-content\/uploads\/2024\/07\/44b-200x300.jpg 200w, https:\/\/royalfamily.org\/wp-content\/uploads\/2024\/07\/44b-400x600.jpg 400w, https:\/\/royalfamily.org\/wp-content\/uploads\/2024\/07\/44b-600x900.jpg 600w, https:\/\/royalfamily.org\/wp-content\/uploads\/2024\/07\/44b-800x1200.jpg 800w, https:\/\/royalfamily.org\/wp-content\/uploads\/2024\/07\/44b.jpg 1181w\" sizes=\"(min-width: 2200px) 100vw, (min-width: 824px) 390px, (min-width: 732px) 585px, (min-width: 640px) 732px, \" \/><\/a><\/div><\/div><div style=\"padding:5px;\" class=\"fusion-grid-column fusion-gallery-column fusion-gallery-column-3 hover-type-none awb-gallery-item-hidden\"><div class=\"fusion-gallery-image\"><a href=\"https:\/\/royalfamily.org\/wp-content\/uploads\/2024\/07\/IMG_6949.jpg\" rel=\"noreferrer\" data-rel=\"iLightbox[gallery_image_1]\" class=\"fusion-lightbox\" target=\"_self\"><img decoding=\"async\" src=\"https:\/\/royalfamily.org\/wp-content\/uploads\/2024\/07\/IMG_6949.jpg\" width=\"2049\" height=\"1537\" alt=\"\" title=\"OLYMPUS DIGITAL CAMERA\" aria-label=\"OLYMPUS DIGITAL CAMERA\" class=\"img-responsive wp-image-90879\" srcset=\"https:\/\/royalfamily.org\/wp-content\/uploads\/2024\/07\/IMG_6949-200x150.jpg 200w, https:\/\/royalfamily.org\/wp-content\/uploads\/2024\/07\/IMG_6949-400x300.jpg 400w, https:\/\/royalfamily.org\/wp-content\/uploads\/2024\/07\/IMG_6949-600x450.jpg 600w, https:\/\/royalfamily.org\/wp-content\/uploads\/2024\/07\/IMG_6949-800x600.jpg 800w, https:\/\/royalfamily.org\/wp-content\/uploads\/2024\/07\/IMG_6949-1200x900.jpg 1200w, https:\/\/royalfamily.org\/wp-content\/uploads\/2024\/07\/IMG_6949.jpg 2049w\" sizes=\"(min-width: 2200px) 100vw, (min-width: 824px) 390px, (min-width: 732px) 585px, (min-width: 640px) 732px, \" \/><\/a><\/div><\/div><div class=\"clearfix\"><\/div><div style=\"padding:5px;\" class=\"fusion-grid-column fusion-gallery-column fusion-gallery-column-3 hover-type-none awb-gallery-item-hidden\"><div class=\"fusion-gallery-image\"><a href=\"https:\/\/royalfamily.org\/wp-content\/uploads\/2024\/07\/X7V5627-scaled.jpg\" rel=\"noreferrer\" data-rel=\"iLightbox[gallery_image_1]\" class=\"fusion-lightbox\" target=\"_self\"><img decoding=\"async\" src=\"https:\/\/royalfamily.org\/wp-content\/uploads\/2024\/07\/X7V5627-scaled.jpg\" width=\"2560\" height=\"1707\" alt=\"\" title=\"_X7V5627\" aria-label=\"_X7V5627\" class=\"img-responsive wp-image-90888\" srcset=\"https:\/\/royalfamily.org\/wp-content\/uploads\/2024\/07\/X7V5627-200x133.jpg 200w, https:\/\/royalfamily.org\/wp-content\/uploads\/2024\/07\/X7V5627-400x267.jpg 400w, https:\/\/royalfamily.org\/wp-content\/uploads\/2024\/07\/X7V5627-600x400.jpg 600w, https:\/\/royalfamily.org\/wp-content\/uploads\/2024\/07\/X7V5627-800x533.jpg 800w, https:\/\/royalfamily.org\/wp-content\/uploads\/2024\/07\/X7V5627-1200x800.jpg 1200w, https:\/\/royalfamily.org\/wp-content\/uploads\/2024\/07\/X7V5627-scaled.jpg 2560w\" sizes=\"(min-width: 2200px) 100vw, (min-width: 824px) 390px, (min-width: 732px) 585px, (min-width: 640px) 732px, \" \/><\/a><\/div><\/div><div style=\"padding:5px;\" class=\"fusion-grid-column fusion-gallery-column fusion-gallery-column-3 hover-type-none awb-gallery-item-hidden\"><div class=\"fusion-gallery-image\"><a href=\"https:\/\/royalfamily.org\/wp-content\/uploads\/2024\/07\/4M8A7665w.jpg\" rel=\"noreferrer\" data-rel=\"iLightbox[gallery_image_1]\" class=\"fusion-lightbox\" target=\"_self\"><img decoding=\"async\" src=\"https:\/\/royalfamily.org\/wp-content\/uploads\/2024\/07\/4M8A7665w.jpg\" width=\"1772\" height=\"1181\" alt=\"\" title=\"4M8A7665w\" aria-label=\"4M8A7665w\" class=\"img-responsive wp-image-90891\" srcset=\"https:\/\/royalfamily.org\/wp-content\/uploads\/2024\/07\/4M8A7665w-200x133.jpg 200w, https:\/\/royalfamily.org\/wp-content\/uploads\/2024\/07\/4M8A7665w-400x267.jpg 400w, https:\/\/royalfamily.org\/wp-content\/uploads\/2024\/07\/4M8A7665w-600x400.jpg 600w, https:\/\/royalfamily.org\/wp-content\/uploads\/2024\/07\/4M8A7665w-800x533.jpg 800w, https:\/\/royalfamily.org\/wp-content\/uploads\/2024\/07\/4M8A7665w-1200x800.jpg 1200w, https:\/\/royalfamily.org\/wp-content\/uploads\/2024\/07\/4M8A7665w.jpg 1772w\" sizes=\"(min-width: 2200px) 100vw, (min-width: 824px) 390px, (min-width: 732px) 585px, (min-width: 640px) 732px, \" \/><\/a><\/div><\/div><div style=\"padding:5px;\" class=\"fusion-grid-column fusion-gallery-column fusion-gallery-column-3 hover-type-none awb-gallery-item-hidden\"><div class=\"fusion-gallery-image\"><a href=\"https:\/\/royalfamily.org\/wp-content\/uploads\/2024\/07\/5-1-scaled.jpg\" rel=\"noreferrer\" data-rel=\"iLightbox[gallery_image_1]\" class=\"fusion-lightbox\" target=\"_self\"><img decoding=\"async\" src=\"https:\/\/royalfamily.org\/wp-content\/uploads\/2024\/07\/5-1-scaled.jpg\" width=\"2560\" height=\"1707\" alt=\"\" title=\"5\" aria-label=\"5\" class=\"img-responsive wp-image-90894\" srcset=\"https:\/\/royalfamily.org\/wp-content\/uploads\/2024\/07\/5-1-200x133.jpg 200w, https:\/\/royalfamily.org\/wp-content\/uploads\/2024\/07\/5-1-400x267.jpg 400w, https:\/\/royalfamily.org\/wp-content\/uploads\/2024\/07\/5-1-600x400.jpg 600w, https:\/\/royalfamily.org\/wp-content\/uploads\/2024\/07\/5-1-800x533.jpg 800w, https:\/\/royalfamily.org\/wp-content\/uploads\/2024\/07\/5-1-1200x800.jpg 1200w, https:\/\/royalfamily.org\/wp-content\/uploads\/2024\/07\/5-1-scaled.jpg 2560w\" sizes=\"(min-width: 2200px) 100vw, (min-width: 824px) 390px, (min-width: 732px) 585px, (min-width: 640px) 732px, \" \/><\/a><\/div><\/div><div class=\"clearfix\"><\/div><div style=\"padding:5px;\" class=\"fusion-grid-column fusion-gallery-column fusion-gallery-column-3 hover-type-none awb-gallery-item-hidden\"><div class=\"fusion-gallery-image\"><a href=\"https:\/\/royalfamily.org\/wp-content\/uploads\/2024\/07\/8F2A0135m.jpg\" rel=\"noreferrer\" data-rel=\"iLightbox[gallery_image_1]\" class=\"fusion-lightbox\" target=\"_self\"><img decoding=\"async\" src=\"https:\/\/royalfamily.org\/wp-content\/uploads\/2024\/07\/8F2A0135m.jpg\" width=\"1772\" height=\"1181\" alt=\"\" title=\"8F2A0135m\" aria-label=\"8F2A0135m\" class=\"img-responsive wp-image-90897\" srcset=\"https:\/\/royalfamily.org\/wp-content\/uploads\/2024\/07\/8F2A0135m-200x133.jpg 200w, https:\/\/royalfamily.org\/wp-content\/uploads\/2024\/07\/8F2A0135m-400x267.jpg 400w, https:\/\/royalfamily.org\/wp-content\/uploads\/2024\/07\/8F2A0135m-600x400.jpg 600w, https:\/\/royalfamily.org\/wp-content\/uploads\/2024\/07\/8F2A0135m-800x533.jpg 800w, https:\/\/royalfamily.org\/wp-content\/uploads\/2024\/07\/8F2A0135m-1200x800.jpg 1200w, https:\/\/royalfamily.org\/wp-content\/uploads\/2024\/07\/8F2A0135m.jpg 1772w\" sizes=\"(min-width: 2200px) 100vw, (min-width: 824px) 390px, (min-width: 732px) 585px, (min-width: 640px) 732px, \" \/><\/a><\/div><\/div><div style=\"padding:5px;\" class=\"fusion-grid-column fusion-gallery-column fusion-gallery-column-3 hover-type-none awb-gallery-item-hidden\"><div class=\"fusion-gallery-image\"><a href=\"https:\/\/royalfamily.org\/wp-content\/uploads\/2024\/07\/8F2A0318m.jpg\" rel=\"noreferrer\" data-rel=\"iLightbox[gallery_image_1]\" class=\"fusion-lightbox\" target=\"_self\"><img decoding=\"async\" src=\"https:\/\/royalfamily.org\/wp-content\/uploads\/2024\/07\/8F2A0318m.jpg\" width=\"1772\" height=\"1181\" alt=\"\" title=\"8F2A0318m\" aria-label=\"8F2A0318m\" class=\"img-responsive wp-image-90900\" srcset=\"https:\/\/royalfamily.org\/wp-content\/uploads\/2024\/07\/8F2A0318m-200x133.jpg 200w, https:\/\/royalfamily.org\/wp-content\/uploads\/2024\/07\/8F2A0318m-400x267.jpg 400w, https:\/\/royalfamily.org\/wp-content\/uploads\/2024\/07\/8F2A0318m-600x400.jpg 600w, https:\/\/royalfamily.org\/wp-content\/uploads\/2024\/07\/8F2A0318m-800x533.jpg 800w, https:\/\/royalfamily.org\/wp-content\/uploads\/2024\/07\/8F2A0318m-1200x800.jpg 1200w, https:\/\/royalfamily.org\/wp-content\/uploads\/2024\/07\/8F2A0318m.jpg 1772w\" sizes=\"(min-width: 2200px) 100vw, (min-width: 824px) 390px, (min-width: 732px) 585px, (min-width: 640px) 732px, \" \/><\/a><\/div><\/div><div style=\"padding:5px;\" class=\"fusion-grid-column fusion-gallery-column fusion-gallery-column-3 hover-type-none awb-gallery-item-hidden\"><div class=\"fusion-gallery-image\"><a href=\"https:\/\/royalfamily.org\/wp-content\/uploads\/2024\/07\/8F2A2257m.jpg\" rel=\"noreferrer\" data-rel=\"iLightbox[gallery_image_1]\" class=\"fusion-lightbox\" target=\"_self\"><img decoding=\"async\" src=\"https:\/\/royalfamily.org\/wp-content\/uploads\/2024\/07\/8F2A2257m.jpg\" width=\"1772\" height=\"1181\" alt=\"\" title=\"8F2A2257m\" aria-label=\"8F2A2257m\" class=\"img-responsive wp-image-90903\" srcset=\"https:\/\/royalfamily.org\/wp-content\/uploads\/2024\/07\/8F2A2257m-200x133.jpg 200w, https:\/\/royalfamily.org\/wp-content\/uploads\/2024\/07\/8F2A2257m-400x267.jpg 400w, https:\/\/royalfamily.org\/wp-content\/uploads\/2024\/07\/8F2A2257m-600x400.jpg 600w, https:\/\/royalfamily.org\/wp-content\/uploads\/2024\/07\/8F2A2257m-800x533.jpg 800w, https:\/\/royalfamily.org\/wp-content\/uploads\/2024\/07\/8F2A2257m-1200x800.jpg 1200w, https:\/\/royalfamily.org\/wp-content\/uploads\/2024\/07\/8F2A2257m.jpg 1772w\" sizes=\"(min-width: 2200px) 100vw, (min-width: 824px) 390px, (min-width: 732px) 585px, (min-width: 640px) 732px, \" \/><\/a><\/div><\/div><div class=\"clearfix\"><\/div><div style=\"padding:5px;\" class=\"fusion-grid-column fusion-gallery-column fusion-gallery-column-3 hover-type-none awb-gallery-item-hidden\"><div class=\"fusion-gallery-image\"><a href=\"https:\/\/royalfamily.org\/wp-content\/uploads\/2024\/07\/8F2A9006w.jpg\" rel=\"noreferrer\" data-rel=\"iLightbox[gallery_image_1]\" class=\"fusion-lightbox\" target=\"_self\"><img decoding=\"async\" src=\"https:\/\/royalfamily.org\/wp-content\/uploads\/2024\/07\/8F2A9006w.jpg\" width=\"1772\" height=\"1181\" alt=\"\" title=\"8F2A9006w\" aria-label=\"8F2A9006w\" class=\"img-responsive wp-image-90906\" srcset=\"https:\/\/royalfamily.org\/wp-content\/uploads\/2024\/07\/8F2A9006w-200x133.jpg 200w, https:\/\/royalfamily.org\/wp-content\/uploads\/2024\/07\/8F2A9006w-400x267.jpg 400w, https:\/\/royalfamily.org\/wp-content\/uploads\/2024\/07\/8F2A9006w-600x400.jpg 600w, https:\/\/royalfamily.org\/wp-content\/uploads\/2024\/07\/8F2A9006w-800x533.jpg 800w, https:\/\/royalfamily.org\/wp-content\/uploads\/2024\/07\/8F2A9006w-1200x800.jpg 1200w, https:\/\/royalfamily.org\/wp-content\/uploads\/2024\/07\/8F2A9006w.jpg 1772w\" sizes=\"(min-width: 2200px) 100vw, (min-width: 824px) 390px, (min-width: 732px) 585px, (min-width: 640px) 732px, \" \/><\/a><\/div><\/div><div style=\"padding:5px;\" class=\"fusion-grid-column fusion-gallery-column fusion-gallery-column-3 hover-type-none awb-gallery-item-hidden\"><div class=\"fusion-gallery-image\"><a href=\"https:\/\/royalfamily.org\/wp-content\/uploads\/2024\/07\/09.06.2007-Tirsova-no.2-scaled.jpeg\" rel=\"noreferrer\" data-rel=\"iLightbox[gallery_image_1]\" class=\"fusion-lightbox\" target=\"_self\"><img decoding=\"async\" src=\"https:\/\/royalfamily.org\/wp-content\/uploads\/2024\/07\/09.06.2007-Tirsova-no.2-scaled.jpeg\" width=\"2560\" height=\"1707\" alt=\"\" title=\"09.06.2007 Tirsova no.2\" aria-label=\"09.06.2007 Tirsova no.2\" class=\"img-responsive wp-image-90909\" srcset=\"https:\/\/royalfamily.org\/wp-content\/uploads\/2024\/07\/09.06.2007-Tirsova-no.2-200x133.jpeg 200w, https:\/\/royalfamily.org\/wp-content\/uploads\/2024\/07\/09.06.2007-Tirsova-no.2-400x267.jpeg 400w, https:\/\/royalfamily.org\/wp-content\/uploads\/2024\/07\/09.06.2007-Tirsova-no.2-600x400.jpeg 600w, https:\/\/royalfamily.org\/wp-content\/uploads\/2024\/07\/09.06.2007-Tirsova-no.2-800x533.jpeg 800w, https:\/\/royalfamily.org\/wp-content\/uploads\/2024\/07\/09.06.2007-Tirsova-no.2-1200x800.jpeg 1200w, https:\/\/royalfamily.org\/wp-content\/uploads\/2024\/07\/09.06.2007-Tirsova-no.2-scaled.jpeg 2560w\" sizes=\"(min-width: 2200px) 100vw, (min-width: 824px) 390px, (min-width: 732px) 585px, (min-width: 640px) 732px, \" \/><\/a><\/div><\/div><div style=\"padding:5px;\" class=\"fusion-grid-column fusion-gallery-column fusion-gallery-column-3 hover-type-none awb-gallery-item-hidden\"><div class=\"fusion-gallery-image\"><a href=\"https:\/\/royalfamily.org\/wp-content\/uploads\/2024\/07\/13-plavo-.jpg\" rel=\"noreferrer\" data-rel=\"iLightbox[gallery_image_1]\" class=\"fusion-lightbox\" target=\"_self\"><img decoding=\"async\" src=\"https:\/\/royalfamily.org\/wp-content\/uploads\/2024\/07\/13-plavo-.jpg\" width=\"1772\" height=\"1181\" alt=\"\" title=\"13 plavo\" aria-label=\"13 plavo\" class=\"img-responsive wp-image-90912\" srcset=\"https:\/\/royalfamily.org\/wp-content\/uploads\/2024\/07\/13-plavo--200x133.jpg 200w, https:\/\/royalfamily.org\/wp-content\/uploads\/2024\/07\/13-plavo--400x267.jpg 400w, https:\/\/royalfamily.org\/wp-content\/uploads\/2024\/07\/13-plavo--600x400.jpg 600w, https:\/\/royalfamily.org\/wp-content\/uploads\/2024\/07\/13-plavo--800x533.jpg 800w, https:\/\/royalfamily.org\/wp-content\/uploads\/2024\/07\/13-plavo--1200x800.jpg 1200w, https:\/\/royalfamily.org\/wp-content\/uploads\/2024\/07\/13-plavo-.jpg 1772w\" sizes=\"(min-width: 2200px) 100vw, (min-width: 824px) 390px, (min-width: 732px) 585px, (min-width: 640px) 732px, \" \/><\/a><\/div><\/div><div class=\"clearfix\"><\/div><div style=\"padding:5px;\" class=\"fusion-grid-column fusion-gallery-column fusion-gallery-column-3 hover-type-none awb-gallery-item-hidden\"><div class=\"fusion-gallery-image\"><a href=\"https:\/\/royalfamily.org\/wp-content\/uploads\/2024\/07\/15-1.jpg\" rel=\"noreferrer\" data-rel=\"iLightbox[gallery_image_1]\" class=\"fusion-lightbox\" target=\"_self\"><img decoding=\"async\" src=\"https:\/\/royalfamily.org\/wp-content\/uploads\/2024\/07\/15-1.jpg\" width=\"1398\" height=\"941\" alt=\"\" title=\"15\" aria-label=\"15\" class=\"img-responsive wp-image-90915\" srcset=\"https:\/\/royalfamily.org\/wp-content\/uploads\/2024\/07\/15-1-200x135.jpg 200w, https:\/\/royalfamily.org\/wp-content\/uploads\/2024\/07\/15-1-400x269.jpg 400w, https:\/\/royalfamily.org\/wp-content\/uploads\/2024\/07\/15-1-600x404.jpg 600w, https:\/\/royalfamily.org\/wp-content\/uploads\/2024\/07\/15-1-800x538.jpg 800w, https:\/\/royalfamily.org\/wp-content\/uploads\/2024\/07\/15-1-1200x808.jpg 1200w, https:\/\/royalfamily.org\/wp-content\/uploads\/2024\/07\/15-1.jpg 1398w\" sizes=\"(min-width: 2200px) 100vw, (min-width: 824px) 390px, (min-width: 732px) 585px, (min-width: 640px) 732px, \" \/><\/a><\/div><\/div><div style=\"padding:5px;\" class=\"fusion-grid-column fusion-gallery-column fusion-gallery-column-3 hover-type-none awb-gallery-item-hidden\"><div class=\"fusion-gallery-image\"><a href=\"https:\/\/royalfamily.org\/wp-content\/uploads\/2024\/07\/19-1.jpg\" rel=\"noreferrer\" data-rel=\"iLightbox[gallery_image_1]\" class=\"fusion-lightbox\" target=\"_self\"><img decoding=\"async\" src=\"https:\/\/royalfamily.org\/wp-content\/uploads\/2024\/07\/19-1.jpg\" width=\"1314\" height=\"876\" alt=\"\" title=\"19\" aria-label=\"19\" class=\"img-responsive wp-image-90918\" srcset=\"https:\/\/royalfamily.org\/wp-content\/uploads\/2024\/07\/19-1-200x133.jpg 200w, https:\/\/royalfamily.org\/wp-content\/uploads\/2024\/07\/19-1-400x267.jpg 400w, https:\/\/royalfamily.org\/wp-content\/uploads\/2024\/07\/19-1-600x400.jpg 600w, https:\/\/royalfamily.org\/wp-content\/uploads\/2024\/07\/19-1-800x533.jpg 800w, https:\/\/royalfamily.org\/wp-content\/uploads\/2024\/07\/19-1-1200x800.jpg 1200w, https:\/\/royalfamily.org\/wp-content\/uploads\/2024\/07\/19-1.jpg 1314w\" sizes=\"(min-width: 2200px) 100vw, (min-width: 824px) 390px, (min-width: 732px) 585px, (min-width: 640px) 732px, \" \/><\/a><\/div><\/div><div style=\"padding:5px;\" class=\"fusion-grid-column fusion-gallery-column fusion-gallery-column-3 hover-type-none awb-gallery-item-hidden\"><div class=\"fusion-gallery-image\"><a href=\"https:\/\/royalfamily.org\/wp-content\/uploads\/2024\/07\/2017-SDMC-8.jpg\" rel=\"noreferrer\" data-rel=\"iLightbox[gallery_image_1]\" class=\"fusion-lightbox\" target=\"_self\"><img decoding=\"async\" src=\"https:\/\/royalfamily.org\/wp-content\/uploads\/2024\/07\/2017-SDMC-8.jpg\" width=\"1772\" height=\"1181\" alt=\"\" title=\"2017 SDMC (8)\" aria-label=\"2017 SDMC (8)\" class=\"img-responsive wp-image-90921\" srcset=\"https:\/\/royalfamily.org\/wp-content\/uploads\/2024\/07\/2017-SDMC-8-200x133.jpg 200w, https:\/\/royalfamily.org\/wp-content\/uploads\/2024\/07\/2017-SDMC-8-400x267.jpg 400w, https:\/\/royalfamily.org\/wp-content\/uploads\/2024\/07\/2017-SDMC-8-600x400.jpg 600w, https:\/\/royalfamily.org\/wp-content\/uploads\/2024\/07\/2017-SDMC-8-800x533.jpg 800w, https:\/\/royalfamily.org\/wp-content\/uploads\/2024\/07\/2017-SDMC-8-1200x800.jpg 1200w, https:\/\/royalfamily.org\/wp-content\/uploads\/2024\/07\/2017-SDMC-8.jpg 1772w\" sizes=\"(min-width: 2200px) 100vw, (min-width: 824px) 390px, (min-width: 732px) 585px, (min-width: 640px) 732px, \" \/><\/a><\/div><\/div><div class=\"clearfix\"><\/div><div style=\"padding:5px;\" class=\"fusion-grid-column fusion-gallery-column fusion-gallery-column-3 hover-type-none awb-gallery-item-hidden\"><div class=\"fusion-gallery-image\"><a href=\"https:\/\/royalfamily.org\/wp-content\/uploads\/2024\/07\/2019-SDMC-7.jpg\" rel=\"noreferrer\" data-rel=\"iLightbox[gallery_image_1]\" class=\"fusion-lightbox\" target=\"_self\"><img decoding=\"async\" src=\"https:\/\/royalfamily.org\/wp-content\/uploads\/2024\/07\/2019-SDMC-7.jpg\" width=\"1772\" height=\"928\" alt=\"\" title=\"2019 SDMC (7)\" aria-label=\"2019 SDMC (7)\" class=\"img-responsive wp-image-90924\" srcset=\"https:\/\/royalfamily.org\/wp-content\/uploads\/2024\/07\/2019-SDMC-7-200x105.jpg 200w, https:\/\/royalfamily.org\/wp-content\/uploads\/2024\/07\/2019-SDMC-7-400x209.jpg 400w, https:\/\/royalfamily.org\/wp-content\/uploads\/2024\/07\/2019-SDMC-7-600x314.jpg 600w, https:\/\/royalfamily.org\/wp-content\/uploads\/2024\/07\/2019-SDMC-7-800x419.jpg 800w, https:\/\/royalfamily.org\/wp-content\/uploads\/2024\/07\/2019-SDMC-7-1200x628.jpg 1200w, https:\/\/royalfamily.org\/wp-content\/uploads\/2024\/07\/2019-SDMC-7.jpg 1772w\" sizes=\"(min-width: 2200px) 100vw, (min-width: 824px) 390px, (min-width: 732px) 585px, (min-width: 640px) 732px, \" \/><\/a><\/div><\/div><div style=\"padding:5px;\" class=\"fusion-grid-column fusion-gallery-column fusion-gallery-column-3 hover-type-none awb-gallery-item-hidden\"><div class=\"fusion-gallery-image\"><a href=\"https:\/\/royalfamily.org\/wp-content\/uploads\/2024\/07\/Children-hospital-Tirsova-Belgrade-scaled.jpg\" rel=\"noreferrer\" data-rel=\"iLightbox[gallery_image_1]\" class=\"fusion-lightbox\" target=\"_self\"><img decoding=\"async\" src=\"https:\/\/royalfamily.org\/wp-content\/uploads\/2024\/07\/Children-hospital-Tirsova-Belgrade-scaled.jpg\" width=\"2560\" height=\"1707\" alt=\"\" title=\"Children hospital Tirsova Belgrade\" aria-label=\"Children hospital Tirsova Belgrade\" class=\"img-responsive wp-image-90927\" srcset=\"https:\/\/royalfamily.org\/wp-content\/uploads\/2024\/07\/Children-hospital-Tirsova-Belgrade-200x133.jpg 200w, https:\/\/royalfamily.org\/wp-content\/uploads\/2024\/07\/Children-hospital-Tirsova-Belgrade-400x267.jpg 400w, https:\/\/royalfamily.org\/wp-content\/uploads\/2024\/07\/Children-hospital-Tirsova-Belgrade-600x400.jpg 600w, https:\/\/royalfamily.org\/wp-content\/uploads\/2024\/07\/Children-hospital-Tirsova-Belgrade-800x533.jpg 800w, https:\/\/royalfamily.org\/wp-content\/uploads\/2024\/07\/Children-hospital-Tirsova-Belgrade-1200x800.jpg 1200w, https:\/\/royalfamily.org\/wp-content\/uploads\/2024\/07\/Children-hospital-Tirsova-Belgrade-scaled.jpg 2560w\" sizes=\"(min-width: 2200px) 100vw, (min-width: 824px) 390px, (min-width: 732px) 585px, (min-width: 640px) 732px, \" \/><\/a><\/div><\/div><div style=\"padding:5px;\" class=\"fusion-grid-column fusion-gallery-column fusion-gallery-column-3 hover-type-none awb-gallery-item-hidden\"><div class=\"fusion-gallery-image\"><a href=\"https:\/\/royalfamily.org\/wp-content\/uploads\/2024\/07\/IMG_0852m.jpg\" rel=\"noreferrer\" data-rel=\"iLightbox[gallery_image_1]\" class=\"fusion-lightbox\" target=\"_self\"><img decoding=\"async\" src=\"https:\/\/royalfamily.org\/wp-content\/uploads\/2024\/07\/IMG_0852m.jpg\" width=\"1772\" height=\"1191\" alt=\"\" title=\"IMG_0852m\" aria-label=\"IMG_0852m\" class=\"img-responsive wp-image-90930\" srcset=\"https:\/\/royalfamily.org\/wp-content\/uploads\/2024\/07\/IMG_0852m-200x134.jpg 200w, https:\/\/royalfamily.org\/wp-content\/uploads\/2024\/07\/IMG_0852m-400x269.jpg 400w, https:\/\/royalfamily.org\/wp-content\/uploads\/2024\/07\/IMG_0852m-600x403.jpg 600w, https:\/\/royalfamily.org\/wp-content\/uploads\/2024\/07\/IMG_0852m-800x538.jpg 800w, https:\/\/royalfamily.org\/wp-content\/uploads\/2024\/07\/IMG_0852m-1200x807.jpg 1200w, https:\/\/royalfamily.org\/wp-content\/uploads\/2024\/07\/IMG_0852m.jpg 1772w\" sizes=\"(min-width: 2200px) 100vw, (min-width: 824px) 390px, (min-width: 732px) 585px, (min-width: 640px) 732px, \" \/><\/a><\/div><\/div><div class=\"clearfix\"><\/div><div style=\"padding:5px;\" class=\"fusion-grid-column fusion-gallery-column fusion-gallery-column-3 hover-type-none awb-gallery-item-hidden\"><div class=\"fusion-gallery-image\"><a href=\"https:\/\/royalfamily.org\/wp-content\/uploads\/2024\/07\/IMG_1824m.jpg\" rel=\"noreferrer\" data-rel=\"iLightbox[gallery_image_1]\" class=\"fusion-lightbox\" target=\"_self\"><img decoding=\"async\" src=\"https:\/\/royalfamily.org\/wp-content\/uploads\/2024\/07\/IMG_1824m.jpg\" width=\"1772\" height=\"1268\" alt=\"\" title=\"IMG_1824m\" aria-label=\"IMG_1824m\" class=\"img-responsive wp-image-90933\" srcset=\"https:\/\/royalfamily.org\/wp-content\/uploads\/2024\/07\/IMG_1824m-200x143.jpg 200w, https:\/\/royalfamily.org\/wp-content\/uploads\/2024\/07\/IMG_1824m-400x286.jpg 400w, https:\/\/royalfamily.org\/wp-content\/uploads\/2024\/07\/IMG_1824m-600x429.jpg 600w, https:\/\/royalfamily.org\/wp-content\/uploads\/2024\/07\/IMG_1824m-800x572.jpg 800w, https:\/\/royalfamily.org\/wp-content\/uploads\/2024\/07\/IMG_1824m-1200x859.jpg 1200w, https:\/\/royalfamily.org\/wp-content\/uploads\/2024\/07\/IMG_1824m.jpg 1772w\" sizes=\"(min-width: 2200px) 100vw, (min-width: 824px) 390px, (min-width: 732px) 585px, (min-width: 640px) 732px, \" \/><\/a><\/div><\/div><div style=\"padding:5px;\" class=\"fusion-grid-column fusion-gallery-column fusion-gallery-column-3 hover-type-none awb-gallery-item-hidden\"><div class=\"fusion-gallery-image\"><a href=\"https:\/\/royalfamily.org\/wp-content\/uploads\/2024\/07\/IMG_1845m.jpg\" rel=\"noreferrer\" data-rel=\"iLightbox[gallery_image_1]\" class=\"fusion-lightbox\" target=\"_self\"><img decoding=\"async\" src=\"https:\/\/royalfamily.org\/wp-content\/uploads\/2024\/07\/IMG_1845m.jpg\" width=\"1772\" height=\"1181\" alt=\"\" title=\"IMG_1845m\" aria-label=\"IMG_1845m\" class=\"img-responsive wp-image-90936\" srcset=\"https:\/\/royalfamily.org\/wp-content\/uploads\/2024\/07\/IMG_1845m-200x133.jpg 200w, https:\/\/royalfamily.org\/wp-content\/uploads\/2024\/07\/IMG_1845m-400x267.jpg 400w, https:\/\/royalfamily.org\/wp-content\/uploads\/2024\/07\/IMG_1845m-600x400.jpg 600w, https:\/\/royalfamily.org\/wp-content\/uploads\/2024\/07\/IMG_1845m-800x533.jpg 800w, https:\/\/royalfamily.org\/wp-content\/uploads\/2024\/07\/IMG_1845m-1200x800.jpg 1200w, https:\/\/royalfamily.org\/wp-content\/uploads\/2024\/07\/IMG_1845m.jpg 1772w\" sizes=\"(min-width: 2200px) 100vw, (min-width: 824px) 390px, (min-width: 732px) 585px, (min-width: 640px) 732px, \" \/><\/a><\/div><\/div><div style=\"padding:5px;\" class=\"fusion-grid-column fusion-gallery-column fusion-gallery-column-3 hover-type-none awb-gallery-item-hidden\"><div class=\"fusion-gallery-image\"><a href=\"https:\/\/royalfamily.org\/wp-content\/uploads\/2024\/07\/IMG_2997m.jpg\" rel=\"noreferrer\" data-rel=\"iLightbox[gallery_image_1]\" class=\"fusion-lightbox\" target=\"_self\"><img decoding=\"async\" src=\"https:\/\/royalfamily.org\/wp-content\/uploads\/2024\/07\/IMG_2997m.jpg\" width=\"1772\" height=\"1181\" alt=\"\" title=\"IMG_2997m\" aria-label=\"IMG_2997m\" class=\"img-responsive wp-image-90939\" srcset=\"https:\/\/royalfamily.org\/wp-content\/uploads\/2024\/07\/IMG_2997m-200x133.jpg 200w, https:\/\/royalfamily.org\/wp-content\/uploads\/2024\/07\/IMG_2997m-400x267.jpg 400w, https:\/\/royalfamily.org\/wp-content\/uploads\/2024\/07\/IMG_2997m-600x400.jpg 600w, https:\/\/royalfamily.org\/wp-content\/uploads\/2024\/07\/IMG_2997m-800x533.jpg 800w, https:\/\/royalfamily.org\/wp-content\/uploads\/2024\/07\/IMG_2997m-1200x800.jpg 1200w, https:\/\/royalfamily.org\/wp-content\/uploads\/2024\/07\/IMG_2997m.jpg 1772w\" sizes=\"(min-width: 2200px) 100vw, (min-width: 824px) 390px, (min-width: 732px) 585px, (min-width: 640px) 732px, \" \/><\/a><\/div><\/div><div class=\"clearfix\"><\/div><div style=\"padding:5px;\" class=\"fusion-grid-column fusion-gallery-column fusion-gallery-column-3 hover-type-none awb-gallery-item-hidden\"><div class=\"fusion-gallery-image\"><a href=\"https:\/\/royalfamily.org\/wp-content\/uploads\/2024\/07\/IMG_4207w.jpg\" rel=\"noreferrer\" data-rel=\"iLightbox[gallery_image_1]\" class=\"fusion-lightbox\" target=\"_self\"><img decoding=\"async\" src=\"https:\/\/royalfamily.org\/wp-content\/uploads\/2024\/07\/IMG_4207w.jpg\" width=\"1772\" height=\"1181\" alt=\"\" title=\"IMG_4207w\" aria-label=\"IMG_4207w\" class=\"img-responsive wp-image-90942\" srcset=\"https:\/\/royalfamily.org\/wp-content\/uploads\/2024\/07\/IMG_4207w-200x133.jpg 200w, https:\/\/royalfamily.org\/wp-content\/uploads\/2024\/07\/IMG_4207w-400x267.jpg 400w, https:\/\/royalfamily.org\/wp-content\/uploads\/2024\/07\/IMG_4207w-600x400.jpg 600w, https:\/\/royalfamily.org\/wp-content\/uploads\/2024\/07\/IMG_4207w-800x533.jpg 800w, https:\/\/royalfamily.org\/wp-content\/uploads\/2024\/07\/IMG_4207w-1200x800.jpg 1200w, https:\/\/royalfamily.org\/wp-content\/uploads\/2024\/07\/IMG_4207w.jpg 1772w\" sizes=\"(min-width: 2200px) 100vw, (min-width: 824px) 390px, (min-width: 732px) 585px, (min-width: 640px) 732px, \" \/><\/a><\/div><\/div><div style=\"padding:5px;\" class=\"fusion-grid-column fusion-gallery-column fusion-gallery-column-3 hover-type-none awb-gallery-item-hidden\"><div class=\"fusion-gallery-image\"><a href=\"https:\/\/royalfamily.org\/wp-content\/uploads\/2024\/07\/IMG_4927.jpg\" rel=\"noreferrer\" data-rel=\"iLightbox[gallery_image_1]\" class=\"fusion-lightbox\" target=\"_self\"><img decoding=\"async\" src=\"https:\/\/royalfamily.org\/wp-content\/uploads\/2024\/07\/IMG_4927.jpg\" width=\"1772\" height=\"1181\" alt=\"\" title=\"IMG_4927\" aria-label=\"IMG_4927\" class=\"img-responsive wp-image-90945\" srcset=\"https:\/\/royalfamily.org\/wp-content\/uploads\/2024\/07\/IMG_4927-200x133.jpg 200w, https:\/\/royalfamily.org\/wp-content\/uploads\/2024\/07\/IMG_4927-400x267.jpg 400w, https:\/\/royalfamily.org\/wp-content\/uploads\/2024\/07\/IMG_4927-600x400.jpg 600w, https:\/\/royalfamily.org\/wp-content\/uploads\/2024\/07\/IMG_4927-800x533.jpg 800w, https:\/\/royalfamily.org\/wp-content\/uploads\/2024\/07\/IMG_4927-1200x800.jpg 1200w, https:\/\/royalfamily.org\/wp-content\/uploads\/2024\/07\/IMG_4927.jpg 1772w\" sizes=\"(min-width: 2200px) 100vw, (min-width: 824px) 390px, (min-width: 732px) 585px, (min-width: 640px) 732px, \" \/><\/a><\/div><\/div><div style=\"padding:5px;\" class=\"fusion-grid-column fusion-gallery-column fusion-gallery-column-3 hover-type-none awb-gallery-item-hidden\"><div class=\"fusion-gallery-image\"><a href=\"https:\/\/royalfamily.org\/wp-content\/uploads\/2024\/07\/IMG_5052m.jpg\" rel=\"noreferrer\" data-rel=\"iLightbox[gallery_image_1]\" class=\"fusion-lightbox\" target=\"_self\"><img decoding=\"async\" src=\"https:\/\/royalfamily.org\/wp-content\/uploads\/2024\/07\/IMG_5052m.jpg\" width=\"1772\" height=\"1181\" alt=\"\" title=\"IMG_5052m\" aria-label=\"IMG_5052m\" class=\"img-responsive wp-image-90948\" srcset=\"https:\/\/royalfamily.org\/wp-content\/uploads\/2024\/07\/IMG_5052m-200x133.jpg 200w, https:\/\/royalfamily.org\/wp-content\/uploads\/2024\/07\/IMG_5052m-400x267.jpg 400w, https:\/\/royalfamily.org\/wp-content\/uploads\/2024\/07\/IMG_5052m-600x400.jpg 600w, https:\/\/royalfamily.org\/wp-content\/uploads\/2024\/07\/IMG_5052m-800x533.jpg 800w, https:\/\/royalfamily.org\/wp-content\/uploads\/2024\/07\/IMG_5052m-1200x800.jpg 1200w, https:\/\/royalfamily.org\/wp-content\/uploads\/2024\/07\/IMG_5052m.jpg 1772w\" sizes=\"(min-width: 2200px) 100vw, (min-width: 824px) 390px, (min-width: 732px) 585px, (min-width: 640px) 732px, \" \/><\/a><\/div><\/div><div class=\"clearfix\"><\/div><div style=\"padding:5px;\" class=\"fusion-grid-column fusion-gallery-column fusion-gallery-column-3 hover-type-none awb-gallery-item-hidden\"><div class=\"fusion-gallery-image\"><a href=\"https:\/\/royalfamily.org\/wp-content\/uploads\/2024\/07\/IMG_5561m.jpg\" rel=\"noreferrer\" data-rel=\"iLightbox[gallery_image_1]\" class=\"fusion-lightbox\" target=\"_self\"><img decoding=\"async\" src=\"https:\/\/royalfamily.org\/wp-content\/uploads\/2024\/07\/IMG_5561m.jpg\" width=\"2126\" height=\"1417\" alt=\"\" title=\"IMG_5561m\" aria-label=\"IMG_5561m\" class=\"img-responsive wp-image-90951\" srcset=\"https:\/\/royalfamily.org\/wp-content\/uploads\/2024\/07\/IMG_5561m-200x133.jpg 200w, https:\/\/royalfamily.org\/wp-content\/uploads\/2024\/07\/IMG_5561m-400x267.jpg 400w, https:\/\/royalfamily.org\/wp-content\/uploads\/2024\/07\/IMG_5561m-600x400.jpg 600w, https:\/\/royalfamily.org\/wp-content\/uploads\/2024\/07\/IMG_5561m-800x533.jpg 800w, https:\/\/royalfamily.org\/wp-content\/uploads\/2024\/07\/IMG_5561m-1200x800.jpg 1200w, https:\/\/royalfamily.org\/wp-content\/uploads\/2024\/07\/IMG_5561m.jpg 2126w\" sizes=\"(min-width: 2200px) 100vw, (min-width: 824px) 390px, (min-width: 732px) 585px, (min-width: 640px) 732px, \" \/><\/a><\/div><\/div><div style=\"padding:5px;\" class=\"fusion-grid-column fusion-gallery-column fusion-gallery-column-3 hover-type-none awb-gallery-item-hidden\"><div class=\"fusion-gallery-image\"><a href=\"https:\/\/royalfamily.org\/wp-content\/uploads\/2024\/07\/IMG_5662m.jpg\" rel=\"noreferrer\" data-rel=\"iLightbox[gallery_image_1]\" class=\"fusion-lightbox\" target=\"_self\"><img decoding=\"async\" src=\"https:\/\/royalfamily.org\/wp-content\/uploads\/2024\/07\/IMG_5662m.jpg\" width=\"2126\" height=\"1430\" alt=\"\" title=\"IMG_5662m\" aria-label=\"IMG_5662m\" class=\"img-responsive wp-image-90954\" srcset=\"https:\/\/royalfamily.org\/wp-content\/uploads\/2024\/07\/IMG_5662m-200x135.jpg 200w, https:\/\/royalfamily.org\/wp-content\/uploads\/2024\/07\/IMG_5662m-400x269.jpg 400w, https:\/\/royalfamily.org\/wp-content\/uploads\/2024\/07\/IMG_5662m-600x404.jpg 600w, https:\/\/royalfamily.org\/wp-content\/uploads\/2024\/07\/IMG_5662m-800x538.jpg 800w, https:\/\/royalfamily.org\/wp-content\/uploads\/2024\/07\/IMG_5662m-1200x807.jpg 1200w, https:\/\/royalfamily.org\/wp-content\/uploads\/2024\/07\/IMG_5662m.jpg 2126w\" sizes=\"(min-width: 2200px) 100vw, (min-width: 824px) 390px, (min-width: 732px) 585px, (min-width: 640px) 732px, \" \/><\/a><\/div><\/div><div style=\"padding:5px;\" class=\"fusion-grid-column fusion-gallery-column fusion-gallery-column-3 hover-type-none awb-gallery-item-hidden\"><div class=\"fusion-gallery-image\"><a href=\"https:\/\/royalfamily.org\/wp-content\/uploads\/2024\/07\/IMG_7539.jpg\" rel=\"noreferrer\" data-rel=\"iLightbox[gallery_image_1]\" class=\"fusion-lightbox\" target=\"_self\"><img decoding=\"async\" src=\"https:\/\/royalfamily.org\/wp-content\/uploads\/2024\/07\/IMG_7539.jpg\" width=\"1772\" height=\"1181\" alt=\"\" title=\"IMG_7539\" aria-label=\"IMG_7539\" class=\"img-responsive wp-image-90957\" srcset=\"https:\/\/royalfamily.org\/wp-content\/uploads\/2024\/07\/IMG_7539-200x133.jpg 200w, https:\/\/royalfamily.org\/wp-content\/uploads\/2024\/07\/IMG_7539-400x267.jpg 400w, https:\/\/royalfamily.org\/wp-content\/uploads\/2024\/07\/IMG_7539-600x400.jpg 600w, https:\/\/royalfamily.org\/wp-content\/uploads\/2024\/07\/IMG_7539-800x533.jpg 800w, https:\/\/royalfamily.org\/wp-content\/uploads\/2024\/07\/IMG_7539-1200x800.jpg 1200w, https:\/\/royalfamily.org\/wp-content\/uploads\/2024\/07\/IMG_7539.jpg 1772w\" sizes=\"(min-width: 2200px) 100vw, (min-width: 824px) 390px, (min-width: 732px) 585px, (min-width: 640px) 732px, \" \/><\/a><\/div><\/div><div class=\"clearfix\"><\/div><div style=\"padding:5px;\" class=\"fusion-grid-column fusion-gallery-column fusion-gallery-column-3 hover-type-none awb-gallery-item-hidden\"><div class=\"fusion-gallery-image\"><a href=\"https:\/\/royalfamily.org\/wp-content\/uploads\/2024\/07\/IMG_9412.jpg\" rel=\"noreferrer\" data-rel=\"iLightbox[gallery_image_1]\" class=\"fusion-lightbox\" target=\"_self\"><img decoding=\"async\" src=\"https:\/\/royalfamily.org\/wp-content\/uploads\/2024\/07\/IMG_9412.jpg\" width=\"1772\" height=\"1181\" alt=\"\" title=\"IMG_9412\" aria-label=\"IMG_9412\" class=\"img-responsive wp-image-90960\" srcset=\"https:\/\/royalfamily.org\/wp-content\/uploads\/2024\/07\/IMG_9412-200x133.jpg 200w, https:\/\/royalfamily.org\/wp-content\/uploads\/2024\/07\/IMG_9412-400x267.jpg 400w, https:\/\/royalfamily.org\/wp-content\/uploads\/2024\/07\/IMG_9412-600x400.jpg 600w, https:\/\/royalfamily.org\/wp-content\/uploads\/2024\/07\/IMG_9412-800x533.jpg 800w, https:\/\/royalfamily.org\/wp-content\/uploads\/2024\/07\/IMG_9412-1200x800.jpg 1200w, https:\/\/royalfamily.org\/wp-content\/uploads\/2024\/07\/IMG_9412.jpg 1772w\" sizes=\"(min-width: 2200px) 100vw, (min-width: 824px) 390px, (min-width: 732px) 585px, (min-width: 640px) 732px, \" \/><\/a><\/div><\/div><div style=\"padding:5px;\" class=\"fusion-grid-column fusion-gallery-column fusion-gallery-column-3 hover-type-none awb-gallery-item-hidden\"><div class=\"fusion-gallery-image\"><a href=\"https:\/\/royalfamily.org\/wp-content\/uploads\/2024\/07\/IMG_9595.jpg\" rel=\"noreferrer\" data-rel=\"iLightbox[gallery_image_1]\" class=\"fusion-lightbox\" target=\"_self\"><img decoding=\"async\" src=\"https:\/\/royalfamily.org\/wp-content\/uploads\/2024\/07\/IMG_9595.jpg\" width=\"1772\" height=\"1181\" alt=\"\" title=\"IMG_9595\" aria-label=\"IMG_9595\" class=\"img-responsive wp-image-90963\" srcset=\"https:\/\/royalfamily.org\/wp-content\/uploads\/2024\/07\/IMG_9595-200x133.jpg 200w, https:\/\/royalfamily.org\/wp-content\/uploads\/2024\/07\/IMG_9595-400x267.jpg 400w, https:\/\/royalfamily.org\/wp-content\/uploads\/2024\/07\/IMG_9595-600x400.jpg 600w, https:\/\/royalfamily.org\/wp-content\/uploads\/2024\/07\/IMG_9595-800x533.jpg 800w, https:\/\/royalfamily.org\/wp-content\/uploads\/2024\/07\/IMG_9595-1200x800.jpg 1200w, https:\/\/royalfamily.org\/wp-content\/uploads\/2024\/07\/IMG_9595.jpg 1772w\" sizes=\"(min-width: 2200px) 100vw, (min-width: 824px) 390px, (min-width: 732px) 585px, (min-width: 640px) 732px, \" \/><\/a><\/div><\/div><div style=\"padding:5px;\" class=\"fusion-grid-column fusion-gallery-column fusion-gallery-column-3 hover-type-none awb-gallery-item-hidden\"><div class=\"fusion-gallery-image\"><a href=\"https:\/\/royalfamily.org\/wp-content\/uploads\/2024\/07\/IMG_9775-scaled.jpg\" rel=\"noreferrer\" data-rel=\"iLightbox[gallery_image_1]\" class=\"fusion-lightbox\" target=\"_self\"><img decoding=\"async\" src=\"https:\/\/royalfamily.org\/wp-content\/uploads\/2024\/07\/IMG_9775-scaled.jpg\" width=\"2560\" height=\"1707\" alt=\"\" title=\"IMG_9775\" aria-label=\"IMG_9775\" class=\"img-responsive wp-image-90966\" srcset=\"https:\/\/royalfamily.org\/wp-content\/uploads\/2024\/07\/IMG_9775-200x133.jpg 200w, https:\/\/royalfamily.org\/wp-content\/uploads\/2024\/07\/IMG_9775-400x267.jpg 400w, https:\/\/royalfamily.org\/wp-content\/uploads\/2024\/07\/IMG_9775-600x400.jpg 600w, https:\/\/royalfamily.org\/wp-content\/uploads\/2024\/07\/IMG_9775-800x533.jpg 800w, https:\/\/royalfamily.org\/wp-content\/uploads\/2024\/07\/IMG_9775-1200x800.jpg 1200w, https:\/\/royalfamily.org\/wp-content\/uploads\/2024\/07\/IMG_9775-scaled.jpg 2560w\" sizes=\"(min-width: 2200px) 100vw, (min-width: 824px) 390px, (min-width: 732px) 585px, (min-width: 640px) 732px, \" \/><\/a><\/div><\/div><div class=\"clearfix\"><\/div><div style=\"padding:5px;\" class=\"fusion-grid-column fusion-gallery-column fusion-gallery-column-3 hover-type-none awb-gallery-item-hidden\"><div class=\"fusion-gallery-image\"><a href=\"https:\/\/royalfamily.org\/wp-content\/uploads\/2024\/07\/Kragujevac-neonatal-hospital-incubators-donation-scaled.jpg\" rel=\"noreferrer\" data-rel=\"iLightbox[gallery_image_1]\" class=\"fusion-lightbox\" target=\"_self\"><img decoding=\"async\" src=\"https:\/\/royalfamily.org\/wp-content\/uploads\/2024\/07\/Kragujevac-neonatal-hospital-incubators-donation-scaled.jpg\" width=\"2560\" height=\"1721\" alt=\"\" title=\"Kragujevac neonatal hospital &#8211; incubators donation\" aria-label=\"Kragujevac neonatal hospital &#8211; incubators donation\" class=\"img-responsive wp-image-90969\" srcset=\"https:\/\/royalfamily.org\/wp-content\/uploads\/2024\/07\/Kragujevac-neonatal-hospital-incubators-donation-200x134.jpg 200w, https:\/\/royalfamily.org\/wp-content\/uploads\/2024\/07\/Kragujevac-neonatal-hospital-incubators-donation-400x269.jpg 400w, https:\/\/royalfamily.org\/wp-content\/uploads\/2024\/07\/Kragujevac-neonatal-hospital-incubators-donation-600x403.jpg 600w, https:\/\/royalfamily.org\/wp-content\/uploads\/2024\/07\/Kragujevac-neonatal-hospital-incubators-donation-800x538.jpg 800w, https:\/\/royalfamily.org\/wp-content\/uploads\/2024\/07\/Kragujevac-neonatal-hospital-incubators-donation-1200x807.jpg 1200w, https:\/\/royalfamily.org\/wp-content\/uploads\/2024\/07\/Kragujevac-neonatal-hospital-incubators-donation-scaled.jpg 2560w\" sizes=\"(min-width: 2200px) 100vw, (min-width: 824px) 390px, (min-width: 732px) 585px, (min-width: 640px) 732px, \" \/><\/a><\/div><\/div><div style=\"padding:5px;\" class=\"fusion-grid-column fusion-gallery-column fusion-gallery-column-3 hover-type-none awb-gallery-item-hidden\"><div class=\"fusion-gallery-image\"><a href=\"https:\/\/royalfamily.org\/wp-content\/uploads\/2024\/07\/LX7V7545-scaled.jpg\" rel=\"noreferrer\" data-rel=\"iLightbox[gallery_image_1]\" class=\"fusion-lightbox\" target=\"_self\"><img decoding=\"async\" src=\"https:\/\/royalfamily.org\/wp-content\/uploads\/2024\/07\/LX7V7545-scaled.jpg\" width=\"2560\" height=\"1707\" alt=\"\" title=\"LX7V7545\" aria-label=\"LX7V7545\" class=\"img-responsive wp-image-90972\" srcset=\"https:\/\/royalfamily.org\/wp-content\/uploads\/2024\/07\/LX7V7545-200x133.jpg 200w, https:\/\/royalfamily.org\/wp-content\/uploads\/2024\/07\/LX7V7545-400x267.jpg 400w, https:\/\/royalfamily.org\/wp-content\/uploads\/2024\/07\/LX7V7545-600x400.jpg 600w, https:\/\/royalfamily.org\/wp-content\/uploads\/2024\/07\/LX7V7545-800x533.jpg 800w, https:\/\/royalfamily.org\/wp-content\/uploads\/2024\/07\/LX7V7545-1200x800.jpg 1200w, https:\/\/royalfamily.org\/wp-content\/uploads\/2024\/07\/LX7V7545-scaled.jpg 2560w\" sizes=\"(min-width: 2200px) 100vw, (min-width: 824px) 390px, (min-width: 732px) 585px, (min-width: 640px) 732px, \" \/><\/a><\/div><\/div><div style=\"padding:5px;\" class=\"fusion-grid-column fusion-gallery-column fusion-gallery-column-3 hover-type-none awb-gallery-item-hidden\"><div class=\"fusion-gallery-image\"><a href=\"https:\/\/royalfamily.org\/wp-content\/uploads\/2024\/07\/Medical-equipment-for-Uzice-Hospital.jpg\" rel=\"noreferrer\" data-rel=\"iLightbox[gallery_image_1]\" class=\"fusion-lightbox\" target=\"_self\"><img decoding=\"async\" src=\"https:\/\/royalfamily.org\/wp-content\/uploads\/2024\/07\/Medical-equipment-for-Uzice-Hospital.jpg\" width=\"1772\" height=\"1181\" alt=\"\" title=\"Medical equipment for Uzice Hospital\" aria-label=\"Medical equipment for Uzice Hospital\" class=\"img-responsive wp-image-90975\" srcset=\"https:\/\/royalfamily.org\/wp-content\/uploads\/2024\/07\/Medical-equipment-for-Uzice-Hospital-200x133.jpg 200w, https:\/\/royalfamily.org\/wp-content\/uploads\/2024\/07\/Medical-equipment-for-Uzice-Hospital-400x267.jpg 400w, https:\/\/royalfamily.org\/wp-content\/uploads\/2024\/07\/Medical-equipment-for-Uzice-Hospital-600x400.jpg 600w, https:\/\/royalfamily.org\/wp-content\/uploads\/2024\/07\/Medical-equipment-for-Uzice-Hospital-800x533.jpg 800w, https:\/\/royalfamily.org\/wp-content\/uploads\/2024\/07\/Medical-equipment-for-Uzice-Hospital-1200x800.jpg 1200w, https:\/\/royalfamily.org\/wp-content\/uploads\/2024\/07\/Medical-equipment-for-Uzice-Hospital.jpg 1772w\" sizes=\"(min-width: 2200px) 100vw, (min-width: 824px) 390px, (min-width: 732px) 585px, (min-width: 640px) 732px, \" \/><\/a><\/div><\/div><div class=\"clearfix\"><\/div><div style=\"padding:5px;\" class=\"fusion-grid-column fusion-gallery-column fusion-gallery-column-3 hover-type-none awb-gallery-item-hidden\"><div class=\"fusion-gallery-image\"><a href=\"https:\/\/royalfamily.org\/wp-content\/uploads\/2024\/07\/SDMC-2018-3.jpg\" rel=\"noreferrer\" data-rel=\"iLightbox[gallery_image_1]\" class=\"fusion-lightbox\" target=\"_self\"><img decoding=\"async\" src=\"https:\/\/royalfamily.org\/wp-content\/uploads\/2024\/07\/SDMC-2018-3.jpg\" width=\"1772\" height=\"1181\" alt=\"\" title=\"SDMC 2018 (3)\" aria-label=\"SDMC 2018 (3)\" class=\"img-responsive wp-image-90978\" srcset=\"https:\/\/royalfamily.org\/wp-content\/uploads\/2024\/07\/SDMC-2018-3-200x133.jpg 200w, https:\/\/royalfamily.org\/wp-content\/uploads\/2024\/07\/SDMC-2018-3-400x267.jpg 400w, https:\/\/royalfamily.org\/wp-content\/uploads\/2024\/07\/SDMC-2018-3-600x400.jpg 600w, https:\/\/royalfamily.org\/wp-content\/uploads\/2024\/07\/SDMC-2018-3-800x533.jpg 800w, https:\/\/royalfamily.org\/wp-content\/uploads\/2024\/07\/SDMC-2018-3-1200x800.jpg 1200w, https:\/\/royalfamily.org\/wp-content\/uploads\/2024\/07\/SDMC-2018-3.jpg 1772w\" sizes=\"(min-width: 2200px) 100vw, (min-width: 824px) 390px, (min-width: 732px) 585px, (min-width: 640px) 732px, \" \/><\/a><\/div><\/div><div style=\"padding:5px;\" class=\"fusion-grid-column fusion-gallery-column fusion-gallery-column-3 hover-type-none awb-gallery-item-hidden\"><div class=\"fusion-gallery-image\"><a href=\"https:\/\/royalfamily.org\/wp-content\/uploads\/2024\/07\/SDMC-2020-4.jpg\" rel=\"noreferrer\" data-rel=\"iLightbox[gallery_image_1]\" class=\"fusion-lightbox\" target=\"_self\"><img decoding=\"async\" src=\"https:\/\/royalfamily.org\/wp-content\/uploads\/2024\/07\/SDMC-2020-4.jpg\" width=\"1772\" height=\"1181\" alt=\"\" title=\"SDMC 2020 (4)\" aria-label=\"SDMC 2020 (4)\" class=\"img-responsive wp-image-90981\" srcset=\"https:\/\/royalfamily.org\/wp-content\/uploads\/2024\/07\/SDMC-2020-4-200x133.jpg 200w, https:\/\/royalfamily.org\/wp-content\/uploads\/2024\/07\/SDMC-2020-4-400x267.jpg 400w, https:\/\/royalfamily.org\/wp-content\/uploads\/2024\/07\/SDMC-2020-4-600x400.jpg 600w, https:\/\/royalfamily.org\/wp-content\/uploads\/2024\/07\/SDMC-2020-4-800x533.jpg 800w, https:\/\/royalfamily.org\/wp-content\/uploads\/2024\/07\/SDMC-2020-4-1200x800.jpg 1200w, https:\/\/royalfamily.org\/wp-content\/uploads\/2024\/07\/SDMC-2020-4.jpg 1772w\" sizes=\"(min-width: 2200px) 100vw, (min-width: 824px) 390px, (min-width: 732px) 585px, (min-width: 640px) 732px, \" \/><\/a><\/div><\/div><div style=\"padding:5px;\" class=\"fusion-grid-column fusion-gallery-column fusion-gallery-column-3 hover-type-none awb-gallery-item-hidden\"><div class=\"fusion-gallery-image\"><a href=\"https:\/\/royalfamily.org\/wp-content\/uploads\/2024\/07\/SDMC-2024-1.jpg\" rel=\"noreferrer\" data-rel=\"iLightbox[gallery_image_1]\" class=\"fusion-lightbox\" target=\"_self\"><img decoding=\"async\" src=\"https:\/\/royalfamily.org\/wp-content\/uploads\/2024\/07\/SDMC-2024-1.jpg\" width=\"1772\" height=\"1181\" alt=\"\" title=\"SDMC 2024 (1)\" aria-label=\"SDMC 2024 (1)\" class=\"img-responsive wp-image-90984\" srcset=\"https:\/\/royalfamily.org\/wp-content\/uploads\/2024\/07\/SDMC-2024-1-200x133.jpg 200w, https:\/\/royalfamily.org\/wp-content\/uploads\/2024\/07\/SDMC-2024-1-400x267.jpg 400w, https:\/\/royalfamily.org\/wp-content\/uploads\/2024\/07\/SDMC-2024-1-600x400.jpg 600w, https:\/\/royalfamily.org\/wp-content\/uploads\/2024\/07\/SDMC-2024-1-800x533.jpg 800w, https:\/\/royalfamily.org\/wp-content\/uploads\/2024\/07\/SDMC-2024-1-1200x800.jpg 1200w, https:\/\/royalfamily.org\/wp-content\/uploads\/2024\/07\/SDMC-2024-1.jpg 1772w\" sizes=\"(min-width: 2200px) 100vw, (min-width: 824px) 390px, (min-width: 732px) 585px, (min-width: 640px) 732px, \" \/><\/a><\/div><\/div><div class=\"clearfix\"><\/div><div style=\"padding:5px;\" class=\"fusion-grid-column fusion-gallery-column fusion-gallery-column-3 hover-type-none awb-gallery-item-hidden\"><div class=\"fusion-gallery-image\"><a href=\"https:\/\/royalfamily.org\/wp-content\/uploads\/2024\/07\/SDMC-2024-2.jpg\" rel=\"noreferrer\" data-rel=\"iLightbox[gallery_image_1]\" class=\"fusion-lightbox\" target=\"_self\"><img decoding=\"async\" src=\"https:\/\/royalfamily.org\/wp-content\/uploads\/2024\/07\/SDMC-2024-2.jpg\" width=\"1772\" height=\"1181\" alt=\"\" title=\"SDMC 2024 (2)\" aria-label=\"SDMC 2024 (2)\" class=\"img-responsive wp-image-90987\" srcset=\"https:\/\/royalfamily.org\/wp-content\/uploads\/2024\/07\/SDMC-2024-2-200x133.jpg 200w, https:\/\/royalfamily.org\/wp-content\/uploads\/2024\/07\/SDMC-2024-2-400x267.jpg 400w, https:\/\/royalfamily.org\/wp-content\/uploads\/2024\/07\/SDMC-2024-2-600x400.jpg 600w, https:\/\/royalfamily.org\/wp-content\/uploads\/2024\/07\/SDMC-2024-2-800x533.jpg 800w, https:\/\/royalfamily.org\/wp-content\/uploads\/2024\/07\/SDMC-2024-2-1200x800.jpg 1200w, https:\/\/royalfamily.org\/wp-content\/uploads\/2024\/07\/SDMC-2024-2.jpg 1772w\" sizes=\"(min-width: 2200px) 100vw, (min-width: 824px) 390px, (min-width: 732px) 585px, (min-width: 640px) 732px, \" \/><\/a><\/div><\/div><div style=\"padding:5px;\" class=\"fusion-grid-column fusion-gallery-column fusion-gallery-column-3 hover-type-none awb-gallery-item-hidden\"><div class=\"fusion-gallery-image\"><a href=\"https:\/\/royalfamily.org\/wp-content\/uploads\/2024\/07\/Teodora.jpg\" rel=\"noreferrer\" data-rel=\"iLightbox[gallery_image_1]\" class=\"fusion-lightbox\" target=\"_self\"><img decoding=\"async\" src=\"https:\/\/royalfamily.org\/wp-content\/uploads\/2024\/07\/Teodora.jpg\" width=\"1772\" height=\"1181\" alt=\"\" title=\"Teodora\" aria-label=\"Teodora\" class=\"img-responsive wp-image-90990\" srcset=\"https:\/\/royalfamily.org\/wp-content\/uploads\/2024\/07\/Teodora-200x133.jpg 200w, https:\/\/royalfamily.org\/wp-content\/uploads\/2024\/07\/Teodora-400x267.jpg 400w, https:\/\/royalfamily.org\/wp-content\/uploads\/2024\/07\/Teodora-600x400.jpg 600w, https:\/\/royalfamily.org\/wp-content\/uploads\/2024\/07\/Teodora-800x533.jpg 800w, https:\/\/royalfamily.org\/wp-content\/uploads\/2024\/07\/Teodora-1200x800.jpg 1200w, https:\/\/royalfamily.org\/wp-content\/uploads\/2024\/07\/Teodora.jpg 1772w\" sizes=\"(min-width: 2200px) 100vw, (min-width: 824px) 390px, (min-width: 732px) 585px, (min-width: 640px) 732px, \" \/><\/a><\/div><\/div><\/div><div class=\"fusion-loading-container fusion-clearfix awb-gallery-posts-loading-container\">\n\t\t\t\t<div class=\"fusion-loading-spinner\">\n\t\t\t\t\t<div class=\"fusion-spinner-1\"><\/div>\n\t\t\t\t\t<div class=\"fusion-spinner-2\"><\/div>\n\t\t\t\t\t<div class=\"fusion-spinner-3\"><\/div>\n\t\t\t\t<\/div><div class=\"fusion-loading-msg\"><em>Loading the next set of gallery items...<\/em><\/div><\/div><div class=\"awb-gallery-infinite-scroll-handle is-active\"><\/div><\/div><div class=\"fusion-clearfix\"><\/div><\/div><\/div><div class=\"fusion-layout-column fusion_builder_column fusion-builder-column-2 fusion_builder_column_1_1 1_1 fusion-one-full fusion-column-first fusion-column-last fusion-no-large-visibility\" style=\"--awb-padding-top:4%;--awb-padding-right:4%;--awb-padding-bottom:4%;--awb-padding-left:4%;--awb-bg-color:#eaeaea;--awb-bg-color-hover:#eaeaea;--awb-bg-size:cover;\"><div class=\"fusion-column-wrapper fusion-flex-column-wrapper-legacy\"><div class=\"fusion-widget-area awb-widget-area-element fusion-widget-area-3 fusion-content-widget-area\" style=\"--awb-background-color:#e8e8e8;--awb-title-color:#333333;--awb-padding:0px 0px 0px 0px;\"><div class=\"fusion-additional-widget-content\"><\/div><\/div><div class=\"fusion-clearfix\"><\/div><\/div><\/div><div class=\"fusion-layout-column fusion_builder_column fusion-builder-column-3 fusion_builder_column_1_1 1_1 fusion-one-full fusion-column-first fusion-column-last fusion-column-no-min-height\" style=\"--awb-bg-color:#ffffff;--awb-bg-color-hover:#ffffff;--awb-bg-size:cover;\"><div class=\"fusion-column-wrapper fusion-column-has-shadow fusion-flex-column-wrapper-legacy\"><div class=\"fusion-sharing-box fusion-sharing-box-1 has-taglines layout-floated layout-medium-floated layout-small-floated\" style=\"background-color:#f6f6f6;--awb-layout:row;--awb-alignment-small:space-between;\" data-title=\"NJ.K.V. Princeza Katarina\" data-link=\"https:\/\/royalfamily.org\/lat\/nj-k-v-princeza-katarina\/\"><h4 class=\"tagline\" style=\"color:#333333;\">Podelite ovaj \u010dlanak:<\/h4><div class=\"fusion-social-networks sharingbox-shortcode-icon-wrapper sharingbox-shortcode-icon-wrapper-1\"><span><a href=\"https:\/\/www.facebook.com\/sharer.php?u=https%3A%2F%2Froyalfamily.org%2Flat%2Fnj-k-v-princeza-katarina%2F&amp;t=NJ.K.V.%20Princeza%20Katarina\" target=\"_blank\" rel=\"noreferrer nofollow\" title=\"Facebook\" aria-label=\"Facebook\" data-placement=\"top\" data-toggle=\"tooltip\" data-title=\"Facebook\"><i class=\"fusion-social-network-icon fusion-tooltip fusion-facebook awb-icon-facebook\" style=\"color:#2b59ff;\" aria-hidden=\"true\"><\/i><\/a><\/span><span><a href=\"https:\/\/x.com\/intent\/post?text=NJ.K.V.%20Princeza%20Katarina&amp;url=https%3A%2F%2Froyalfamily.org%2Flat%2Fnj-k-v-princeza-katarina%2F\" target=\"_blank\" rel=\"noopener noreferrer nofollow\" title=\"X\" aria-label=\"X\" data-placement=\"top\" data-toggle=\"tooltip\" data-title=\"X\"><i class=\"fusion-social-network-icon fusion-tooltip fusion-twitter awb-icon-twitter\" style=\"color:#2b59ff;\" aria-hidden=\"true\"><\/i><\/a><\/span><span><a href=\"https:\/\/reddit.com\/submit?url=https%3A%2F%2Froyalfamily.org%2Flat%2Fnj-k-v-princeza-katarina%2F&amp;title=NJ.K.V.%20Princeza%20Katarina\" target=\"_blank\" rel=\"noopener noreferrer nofollow\" title=\"Reddit\" aria-label=\"Reddit\" data-placement=\"top\" data-toggle=\"tooltip\" data-title=\"Reddit\"><i class=\"fusion-social-network-icon fusion-tooltip fusion-reddit awb-icon-reddit\" style=\"color:#2b59ff;\" aria-hidden=\"true\"><\/i><\/a><\/span><span><a href=\"https:\/\/www.linkedin.com\/shareArticle?mini=true&amp;url=https%3A%2F%2Froyalfamily.org%2Flat%2Fnj-k-v-princeza-katarina%2F&amp;title=NJ.K.V.%20Princeza%20Katarina&amp;summary=\" target=\"_blank\" rel=\"noopener noreferrer nofollow\" title=\"LinkedIn\" aria-label=\"LinkedIn\" data-placement=\"top\" data-toggle=\"tooltip\" data-title=\"LinkedIn\"><i class=\"fusion-social-network-icon fusion-tooltip fusion-linkedin awb-icon-linkedin\" style=\"color:#2b59ff;\" aria-hidden=\"true\"><\/i><\/a><\/span><span><a href=\"https:\/\/api.whatsapp.com\/send?text=https%3A%2F%2Froyalfamily.org%2Flat%2Fnj-k-v-princeza-katarina%2F\" target=\"_blank\" rel=\"noopener noreferrer nofollow\" title=\"WhatsApp\" aria-label=\"WhatsApp\" data-placement=\"top\" data-toggle=\"tooltip\" data-title=\"WhatsApp\"><i class=\"fusion-social-network-icon fusion-tooltip fusion-whatsapp awb-icon-whatsapp\" style=\"color:#2b59ff;\" aria-hidden=\"true\"><\/i><\/a><\/span><span><a href=\"https:\/\/www.tumblr.com\/share\/link?url=https%3A%2F%2Froyalfamily.org%2Flat%2Fnj-k-v-princeza-katarina%2F&amp;name=NJ.K.V.%20Princeza%20Katarina&amp;description=\" target=\"_blank\" rel=\"noopener noreferrer nofollow\" title=\"Tumblr\" aria-label=\"Tumblr\" data-placement=\"top\" data-toggle=\"tooltip\" data-title=\"Tumblr\"><i class=\"fusion-social-network-icon fusion-tooltip fusion-tumblr awb-icon-tumblr\" style=\"color:#2b59ff;\" aria-hidden=\"true\"><\/i><\/a><\/span><span><a href=\"https:\/\/pinterest.com\/pin\/create\/button\/?url=https%3A%2F%2Froyalfamily.org%2Flat%2Fnj-k-v-princeza-katarina%2F&amp;description=&amp;media=\" target=\"_blank\" rel=\"noopener noreferrer nofollow\" title=\"Pinterest\" aria-label=\"Pinterest\" data-placement=\"top\" data-toggle=\"tooltip\" data-title=\"Pinterest\"><i class=\"fusion-social-network-icon fusion-tooltip fusion-pinterest awb-icon-pinterest\" style=\"color:#2b59ff;\" aria-hidden=\"true\"><\/i><\/a><\/span><span><a href=\"https:\/\/vkontakte.ru\/share.php?url=https%3A%2F%2Froyalfamily.org%2Flat%2Fnj-k-v-princeza-katarina%2F&amp;title=NJ.K.V.%20Princeza%20Katarina&amp;description=\" target=\"_blank\" rel=\"noopener noreferrer nofollow\" title=\"Vk\" aria-label=\"Vk\" data-placement=\"top\" data-toggle=\"tooltip\" data-title=\"Vk\"><i class=\"fusion-social-network-icon fusion-tooltip fusion-vk awb-icon-vk\" style=\"color:#2b59ff;\" aria-hidden=\"true\"><\/i><\/a><\/span><span><a href=\"mailto:?subject=NJ.K.V.%20Princeza%20Katarina&amp;body=https%3A%2F%2Froyalfamily.org%2Flat%2Fnj-k-v-princeza-katarina%2F\" target=\"_self\" rel=\"nofollow\" title=\"Email\" aria-label=\"Email\" data-placement=\"top\" data-toggle=\"tooltip\" data-title=\"Email\"><i class=\"fusion-social-network-icon fusion-tooltip fusion-mail awb-icon-mail\" style=\"color:#2b59ff;\" aria-hidden=\"true\"><\/i><\/a><\/span><\/div><\/div><div class=\"fusion-clearfix\"><\/div><\/div><\/div><\/div><\/div>\n","protected":false},"excerpt":{"rendered":"","protected":false},"author":1001015,"featured_media":90882,"parent":0,"menu_order":2,"comment_status":"closed","ping_status":"closed","template":"","meta":{"_acf_changed":false,"footnotes":""},"class_list":["post-44418","page","type-page","status-publish","has-post-thumbnail","hentry"],"acf":[],"yoast_head":"<!-- This site is optimized with the Yoast SEO Premium plugin v27.5 (Yoast SEO v27.5) - https:\/\/yoast.com\/product\/yoast-seo-premium-wordpress\/ -->\n<title>NJ.K.V. Princeza Katarina - The Royal Family of Serbia<\/title>\n<meta name=\"robots\" content=\"index, follow, max-snippet:-1, max-image-preview:large, max-video-preview:-1\" \/>\n<link rel=\"canonical\" href=\"https:\/\/royalfamily.org\/lat\/nj-k-v-princeza-katarina-galerija\/\" \/>\n<meta property=\"og:locale\" content=\"en_US\" \/>\n<meta property=\"og:type\" content=\"article\" \/>\n<meta property=\"og:title\" content=\"NJ.K.V. Princeza Katarina\" \/>\n<meta property=\"og:url\" content=\"https:\/\/royalfamily.org\/lat\/nj-k-v-princeza-katarina-galerija\/\" \/>\n<meta property=\"og:site_name\" content=\"The Royal Family of Serbia\" \/>\n<meta property=\"article:publisher\" content=\"https:\/\/www.facebook.com\/Prestolonaslednik.Aleksandar\" \/>\n<meta property=\"article:modified_time\" content=\"2024-07-19T07:19:36+00:00\" \/>\n<meta property=\"og:image\" content=\"https:\/\/royalfamily.org\/wp-content\/uploads\/2024\/07\/1-COVER-Princeza-Katarina-sajt.jpg\" \/>\n\t<meta property=\"og:image:width\" content=\"740\" \/>\n\t<meta property=\"og:image:height\" content=\"350\" \/>\n\t<meta property=\"og:image:type\" content=\"image\/jpeg\" \/>\n<meta name=\"twitter:card\" content=\"summary_large_image\" \/>\n<meta name=\"twitter:label1\" content=\"Est. reading time\" \/>\n\t<meta name=\"twitter:data1\" content=\"15 minutes\" \/>\n<script type=\"application\/ld+json\" class=\"yoast-schema-graph\">{\"@context\":\"https:\\\/\\\/schema.org\",\"@graph\":[{\"@type\":\"WebPage\",\"@id\":\"https:\\\/\\\/royalfamily.org\\\/lat\\\/nj-k-v-princeza-katarina-galerija\\\/\",\"url\":\"https:\\\/\\\/royalfamily.org\\\/lat\\\/nj-k-v-princeza-katarina-galerija\\\/\",\"name\":\"NJ.K.V. Princeza Katarina - The Royal Family of Serbia\",\"isPartOf\":{\"@id\":\"https:\\\/\\\/royalfamily.org\\\/#website\"},\"primaryImageOfPage\":{\"@id\":\"https:\\\/\\\/royalfamily.org\\\/lat\\\/nj-k-v-princeza-katarina-galerija\\\/#primaryimage\"},\"image\":{\"@id\":\"https:\\\/\\\/royalfamily.org\\\/lat\\\/nj-k-v-princeza-katarina-galerija\\\/#primaryimage\"},\"thumbnailUrl\":\"https:\\\/\\\/royalfamily.org\\\/wp-content\\\/uploads\\\/2024\\\/07\\\/1-COVER-Princeza-Katarina-sajt.jpg\",\"datePublished\":\"2019-12-12T12:52:19+00:00\",\"dateModified\":\"2024-07-19T07:19:36+00:00\",\"breadcrumb\":{\"@id\":\"https:\\\/\\\/royalfamily.org\\\/lat\\\/nj-k-v-princeza-katarina-galerija\\\/#breadcrumb\"},\"inLanguage\":\"sr-LT\",\"potentialAction\":[{\"@type\":\"ReadAction\",\"target\":[\"https:\\\/\\\/royalfamily.org\\\/lat\\\/nj-k-v-princeza-katarina-galerija\\\/\"]}]},{\"@type\":\"ImageObject\",\"inLanguage\":\"sr-LT\",\"@id\":\"https:\\\/\\\/royalfamily.org\\\/lat\\\/nj-k-v-princeza-katarina-galerija\\\/#primaryimage\",\"url\":\"https:\\\/\\\/royalfamily.org\\\/wp-content\\\/uploads\\\/2024\\\/07\\\/1-COVER-Princeza-Katarina-sajt.jpg\",\"contentUrl\":\"https:\\\/\\\/royalfamily.org\\\/wp-content\\\/uploads\\\/2024\\\/07\\\/1-COVER-Princeza-Katarina-sajt.jpg\",\"width\":740,\"height\":350},{\"@type\":\"BreadcrumbList\",\"@id\":\"https:\\\/\\\/royalfamily.org\\\/lat\\\/nj-k-v-princeza-katarina-galerija\\\/#breadcrumb\",\"itemListElement\":[{\"@type\":\"ListItem\",\"position\":1,\"name\":\"Home\",\"item\":\"https:\\\/\\\/royalfamily.org\\\/lat\\\/\"},{\"@type\":\"ListItem\",\"position\":2,\"name\":\"NJ.K.V. Princeza Katarina\"}]},{\"@type\":\"WebSite\",\"@id\":\"https:\\\/\\\/royalfamily.org\\\/#website\",\"url\":\"https:\\\/\\\/royalfamily.org\\\/\",\"name\":\"The Royal Family of Serbia\",\"description\":\"From the people, for the people\",\"publisher\":{\"@id\":\"https:\\\/\\\/royalfamily.org\\\/#organization\"},\"potentialAction\":[{\"@type\":\"SearchAction\",\"target\":{\"@type\":\"EntryPoint\",\"urlTemplate\":\"https:\\\/\\\/royalfamily.org\\\/?s={search_term_string}\"},\"query-input\":{\"@type\":\"PropertyValueSpecification\",\"valueRequired\":true,\"valueName\":\"search_term_string\"}}],\"inLanguage\":\"sr-LT\"},{\"@type\":\"Organization\",\"@id\":\"https:\\\/\\\/royalfamily.org\\\/#organization\",\"name\":\"Royal Family\",\"url\":\"https:\\\/\\\/royalfamily.org\\\/\",\"logo\":{\"@type\":\"ImageObject\",\"inLanguage\":\"sr-LT\",\"@id\":\"https:\\\/\\\/royalfamily.org\\\/#\\\/schema\\\/logo\\\/image\\\/\",\"url\":\"https:\\\/\\\/royalfamily.org\\\/wp-content\\\/uploads\\\/2019\\\/04\\\/logo-vector-02-V-latinica.png\",\"contentUrl\":\"https:\\\/\\\/royalfamily.org\\\/wp-content\\\/uploads\\\/2019\\\/04\\\/logo-vector-02-V-latinica.png\",\"width\":552,\"height\":99,\"caption\":\"Royal Family\"},\"image\":{\"@id\":\"https:\\\/\\\/royalfamily.org\\\/#\\\/schema\\\/logo\\\/image\\\/\"},\"sameAs\":[\"https:\\\/\\\/www.facebook.com\\\/Prestolonaslednik.Aleksandar\"]}]}<\/script>\n<!-- \/ Yoast SEO Premium plugin. -->","yoast_head_json":{"title":"NJ.K.V. Princeza Katarina - The Royal Family of Serbia","robots":{"index":"index","follow":"follow","max-snippet":"max-snippet:-1","max-image-preview":"max-image-preview:large","max-video-preview":"max-video-preview:-1"},"canonical":"https:\/\/royalfamily.org\/lat\/nj-k-v-princeza-katarina-galerija\/","og_locale":"en_US","og_type":"article","og_title":"NJ.K.V. Princeza Katarina","og_url":"https:\/\/royalfamily.org\/lat\/nj-k-v-princeza-katarina-galerija\/","og_site_name":"The Royal Family of Serbia","article_publisher":"https:\/\/www.facebook.com\/Prestolonaslednik.Aleksandar","article_modified_time":"2024-07-19T07:19:36+00:00","og_image":[{"width":740,"height":350,"url":"https:\/\/royalfamily.org\/wp-content\/uploads\/2024\/07\/1-COVER-Princeza-Katarina-sajt.jpg","type":"image\/jpeg"}],"twitter_card":"summary_large_image","twitter_misc":{"Est. reading time":"15 minutes"},"schema":{"@context":"https:\/\/schema.org","@graph":[{"@type":"WebPage","@id":"https:\/\/royalfamily.org\/lat\/nj-k-v-princeza-katarina-galerija\/","url":"https:\/\/royalfamily.org\/lat\/nj-k-v-princeza-katarina-galerija\/","name":"NJ.K.V. Princeza Katarina - The Royal Family of Serbia","isPartOf":{"@id":"https:\/\/royalfamily.org\/#website"},"primaryImageOfPage":{"@id":"https:\/\/royalfamily.org\/lat\/nj-k-v-princeza-katarina-galerija\/#primaryimage"},"image":{"@id":"https:\/\/royalfamily.org\/lat\/nj-k-v-princeza-katarina-galerija\/#primaryimage"},"thumbnailUrl":"https:\/\/royalfamily.org\/wp-content\/uploads\/2024\/07\/1-COVER-Princeza-Katarina-sajt.jpg","datePublished":"2019-12-12T12:52:19+00:00","dateModified":"2024-07-19T07:19:36+00:00","breadcrumb":{"@id":"https:\/\/royalfamily.org\/lat\/nj-k-v-princeza-katarina-galerija\/#breadcrumb"},"inLanguage":"sr-LT","potentialAction":[{"@type":"ReadAction","target":["https:\/\/royalfamily.org\/lat\/nj-k-v-princeza-katarina-galerija\/"]}]},{"@type":"ImageObject","inLanguage":"sr-LT","@id":"https:\/\/royalfamily.org\/lat\/nj-k-v-princeza-katarina-galerija\/#primaryimage","url":"https:\/\/royalfamily.org\/wp-content\/uploads\/2024\/07\/1-COVER-Princeza-Katarina-sajt.jpg","contentUrl":"https:\/\/royalfamily.org\/wp-content\/uploads\/2024\/07\/1-COVER-Princeza-Katarina-sajt.jpg","width":740,"height":350},{"@type":"BreadcrumbList","@id":"https:\/\/royalfamily.org\/lat\/nj-k-v-princeza-katarina-galerija\/#breadcrumb","itemListElement":[{"@type":"ListItem","position":1,"name":"Home","item":"https:\/\/royalfamily.org\/lat\/"},{"@type":"ListItem","position":2,"name":"NJ.K.V. Princeza Katarina"}]},{"@type":"WebSite","@id":"https:\/\/royalfamily.org\/#website","url":"https:\/\/royalfamily.org\/","name":"The Royal Family of Serbia","description":"From the people, for the people","publisher":{"@id":"https:\/\/royalfamily.org\/#organization"},"potentialAction":[{"@type":"SearchAction","target":{"@type":"EntryPoint","urlTemplate":"https:\/\/royalfamily.org\/?s={search_term_string}"},"query-input":{"@type":"PropertyValueSpecification","valueRequired":true,"valueName":"search_term_string"}}],"inLanguage":"sr-LT"},{"@type":"Organization","@id":"https:\/\/royalfamily.org\/#organization","name":"Royal Family","url":"https:\/\/royalfamily.org\/","logo":{"@type":"ImageObject","inLanguage":"sr-LT","@id":"https:\/\/royalfamily.org\/#\/schema\/logo\/image\/","url":"https:\/\/royalfamily.org\/wp-content\/uploads\/2019\/04\/logo-vector-02-V-latinica.png","contentUrl":"https:\/\/royalfamily.org\/wp-content\/uploads\/2019\/04\/logo-vector-02-V-latinica.png","width":552,"height":99,"caption":"Royal Family"},"image":{"@id":"https:\/\/royalfamily.org\/#\/schema\/logo\/image\/"},"sameAs":["https:\/\/www.facebook.com\/Prestolonaslednik.Aleksandar"]}]}},"_links":{"self":[{"href":"https:\/\/royalfamily.org\/lat\/wp-json\/wp\/v2\/pages\/44418","targetHints":{"allow":["GET"]}}],"collection":[{"href":"https:\/\/royalfamily.org\/lat\/wp-json\/wp\/v2\/pages"}],"about":[{"href":"https:\/\/royalfamily.org\/lat\/wp-json\/wp\/v2\/types\/page"}],"author":[{"embeddable":true,"href":"https:\/\/royalfamily.org\/lat\/wp-json\/wp\/v2\/users\/1001015"}],"replies":[{"embeddable":true,"href":"https:\/\/royalfamily.org\/lat\/wp-json\/wp\/v2\/comments?post=44418"}],"version-history":[{"count":5,"href":"https:\/\/royalfamily.org\/lat\/wp-json\/wp\/v2\/pages\/44418\/revisions"}],"predecessor-version":[{"id":90992,"href":"https:\/\/royalfamily.org\/lat\/wp-json\/wp\/v2\/pages\/44418\/revisions\/90992"}],"wp:featuredmedia":[{"embeddable":true,"href":"https:\/\/royalfamily.org\/lat\/wp-json\/wp\/v2\/media\/90882"}],"wp:attachment":[{"href":"https:\/\/royalfamily.org\/lat\/wp-json\/wp\/v2\/media?parent=44418"}],"curies":[{"name":"wp","href":"https:\/\/api.w.org\/{rel}","templated":true}]}}