{"id":924,"date":"2013-10-07T16:11:49","date_gmt":"2013-10-07T16:11:49","guid":{"rendered":"http:\/\/royalfamily.dev\/?page_id=924"},"modified":"2024-03-22T08:19:03","modified_gmt":"2024-03-22T07:19:03","slug":"dvorski-liferanti","status":"publish","type":"page","link":"https:\/\/royalfamily.org\/lat\/dvorski-liferanti\/","title":{"rendered":"Dvorski Liferanti"},"content":{"rendered":"<p><div class=\"fusion-fullwidth fullwidth-box fusion-builder-row-1 nonhundred-percent-fullwidth non-hundred-percent-height-scrolling\" style=\"--awb-border-radius-top-left:0px;--awb-border-radius-top-right:0px;--awb-border-radius-bottom-right:0px;--awb-border-radius-bottom-left:0px;--awb-flex-wrap:wrap;\" ><div class=\"fusion-builder-row fusion-row\"><div class=\"fusion-layout-column fusion_builder_column fusion-builder-column-0 fusion_builder_column_1_1 1_1 fusion-one-full fusion-column-first fusion-column-last\" style=\"--awb-bg-size:cover;\"><div class=\"fusion-column-wrapper fusion-column-has-shadow fusion-flex-column-wrapper-legacy\"><div class=\"fusion-image-element fusion-image-align-center in-legacy-container\" style=\"text-align:center;--awb-caption-title-font-family:var(--h2_typography-font-family);--awb-caption-title-font-weight:var(--h2_typography-font-weight);--awb-caption-title-font-style:var(--h2_typography-font-style);--awb-caption-title-size:var(--h2_typography-font-size);--awb-caption-title-transform:var(--h2_typography-text-transform);--awb-caption-title-line-height:var(--h2_typography-line-height);--awb-caption-title-letter-spacing:var(--h2_typography-letter-spacing);\"><div class=\"imageframe-align-center\"><span class=\" fusion-imageframe imageframe-none imageframe-1 hover-type-none\"><img decoding=\"async\" width=\"740\" height=\"350\" alt=\"Coat the Arm of the Royal Family\" title=\"Coat the Arm of the Royal Family\" src=\"https:\/\/royalfamily.org\/wp-content\/uploads\/2023\/12\/Cover-Vazna-Istorijska-Dokumenta.jpg\" class=\"img-responsive wp-image-88167\" srcset=\"https:\/\/royalfamily.org\/wp-content\/uploads\/2023\/12\/Cover-Vazna-Istorijska-Dokumenta-200x95.jpg 200w, https:\/\/royalfamily.org\/wp-content\/uploads\/2023\/12\/Cover-Vazna-Istorijska-Dokumenta-400x189.jpg 400w, https:\/\/royalfamily.org\/wp-content\/uploads\/2023\/12\/Cover-Vazna-Istorijska-Dokumenta-600x284.jpg 600w, https:\/\/royalfamily.org\/wp-content\/uploads\/2023\/12\/Cover-Vazna-Istorijska-Dokumenta.jpg 740w\" sizes=\"(max-width: 1000px) 100vw, 740px\" \/><\/span><\/div><\/div><div class=\"fusion-sep-clear\"><\/div><div class=\"fusion-separator fusion-full-width-sep\" style=\"margin-left: auto;margin-right: auto;margin-top:20px;margin-bottom:5px;width:100%;\"><\/div><div class=\"fusion-sep-clear\"><\/div><div class=\"fusion-text fusion-text-1\"><p>Titula Dvorskog liferanta<\/p>\n<p>Titula Dvorskog liferanta dodeljuje se kompanijama koje ve\u0107 nekoliko godina snabdevaju Kraljevski kompleks svojim proizvodima ili uslugama. To je posebna vrsta priznanja i zahvalnosti. Odluku o imenovanju liferanata donosi Stare\u0161ina Kraljevskog Doma, Prestolonaslednik Aleksandar II, a svi detalji oko upotrebe Kraljevskog grba regulisani su posebnim Ugovorima.<\/p>\n<p>Dvorskim liferantima se dozvoljava da Kraljevski grb uz tekst \u201cSa preporukom NJ.K.V. Prestolonaslednika Aleksandra II\u201d koriste na ambala\u017ei svojih proizvoda. Upotreba Kraljevskog grba regulisana je Ugovorom na godinu dana, koji se mo\u017ee obostrano produ\u017eiti ili otkazati. Otkazivanje Ugovora mo\u017ee da nastane u bilo kom momentu, u slu\u010daju da se ne ispune odre\u0111eni uslovi.<\/p>\n<p>Ova tradicija postoji u svim evropskim Monarhijama. U Kraljevini Jugoslaviji, prvi put je nastala za vreme vladavine Njegovog Veli\u010danstva Kralja Aleksandra I (dede Prestolonaslednika Aleksandra), a sada je ponovo uspostavljena.<\/p>\n<\/div><div class=\"fusion-clearfix\"><\/div><\/div><\/div><\/div><\/div><div class=\"fusion-fullwidth fullwidth-box fusion-builder-row-2 fusion-flex-container has-pattern-background has-mask-background nonhundred-percent-fullwidth non-hundred-percent-height-scrolling\" style=\"--awb-border-radius-top-left:0px;--awb-border-radius-top-right:0px;--awb-border-radius-bottom-right:0px;--awb-border-radius-bottom-left:0px;--awb-flex-wrap:wrap;\" ><div class=\"fusion-builder-row fusion-row fusion-flex-align-items-flex-start fusion-flex-content-wrap\" style=\"max-width:1227.2px;margin-left: calc(-4% \/ 2 );margin-right: calc(-4% \/ 2 );\"><div class=\"fusion-layout-column fusion_builder_column fusion-builder-column-1 fusion_builder_column_1_1 1_1 fusion-flex-column\" style=\"--awb-bg-size:cover;--awb-width-large:100%;--awb-margin-top-large:0px;--awb-spacing-right-large:1.92%;--awb-margin-bottom-large:20px;--awb-spacing-left-large:1.92%;--awb-width-medium:100%;--awb-order-medium:0;--awb-spacing-right-medium:1.92%;--awb-spacing-left-medium:1.92%;--awb-width-small:100%;--awb-order-small:0;--awb-spacing-right-small:1.92%;--awb-spacing-left-small:1.92%;\"><div class=\"fusion-column-wrapper fusion-column-has-shadow fusion-flex-justify-content-flex-start fusion-content-layout-column\"><div class=\"fusion-text fusion-text-2\"><table class=\" aligncenter\" width=\"968\">\n<tbody>\n<tr>\n<td width=\"337\">Alba Avis<\/td>\n<td width=\"332\"><a href=\"https:\/\/www.avis.co.rs\/\">https:\/\/www.avis.co.rs<\/a><\/td>\n<td width=\"299\"><a href=\"mailto:raraavis@eunet.rs\">raraavis@eunet.rs<\/a><\/td>\n<\/tr>\n<tr>\n<td>Alfa Parf<\/td>\n<td><a href=\"https:\/\/alfaparf.rs\/\">https:\/\/alfaparf.rs\/<\/a><\/td>\n<td><\/td>\n<\/tr>\n<tr>\n<td width=\"337\">Art Ival<\/td>\n<td width=\"332\"><a href=\"http:\/\/www.artival.co.rs\/\">www.artival.co.rs<\/a><\/td>\n<td width=\"299\"><a href=\"mailto:art-ival@eunet.rs\">art-ival@eunet.rs<\/a><\/td>\n<\/tr>\n<tr>\n<td width=\"337\">Atelje i Knjigoveznica Ivkovi\u0107<\/td>\n<td width=\"332\"><a href=\"http:\/\/www.ivkovicns.com\/\">www.ivkovicns.com<\/a><\/td>\n<td width=\"299\"><a href=\"mailto:dragan1789@gmail.com\">dragan1789@gmail.com<\/a><\/td>\n<\/tr>\n<tr>\n<td width=\"337\">Balon centar<\/td>\n<td width=\"332\"><a href=\"http:\/\/www.baloncentar.co.rs\/\">www.baloncentar.co.rs<\/a><\/td>\n<td width=\"299\"><a href=\"mailto:infor@baloncentar.co.rs\">infor@baloncentar.co.rs<\/a><\/td>\n<\/tr>\n<tr>\n<td width=\"337\">Beogradski Sajam<\/td>\n<td width=\"332\"><a href=\"http:\/\/www.sajam.co.rs\/\">www.sajam.co.rs<\/a><\/td>\n<td width=\"299\"><a href=\"mailto:info@sajam.co.rs\">info@sajam.co.rs<\/a><\/td>\n<\/tr>\n<tr>\n<td width=\"337\">BMW Stefanovi\u0107<\/td>\n<td width=\"332\"><a href=\"https:\/\/bmw-stefanovic.rs\/\">https:\/\/bmw-stefanovic.rs<\/a><\/td>\n<td width=\"299\"><a href=\"mailto:info@bmw-stefanovic.com\">info@bmw-stefanovic.com<\/a><\/td>\n<\/tr>\n<tr>\n<td width=\"337\">Coca-Cola Hbc \u2013 Srbija<\/td>\n<td width=\"332\"><a href=\"https:\/\/rs.coca-colahellenic.com\/\">rs.coca-colahellenic.com<\/a><\/td>\n<td width=\"299\"><\/td>\n<\/tr>\n<tr>\n<td width=\"337\">Culinary Association<\/td>\n<td width=\"332\"><a href=\"http:\/\/serbian-chefs.rs\/\">serbian-chefs.rs<\/a><\/td>\n<td width=\"299\"><a href=\"mailto:office@serbian-chefs.rs\">office@serbian-chefs.rs<\/a><\/td>\n<\/tr>\n<tr>\n<td>Hemijsko ciscenje &#8220;Ra\u0161a&#8221;<\/td>\n<td><a href=\"https:\/\/rasa.rs\/\">https:\/\/rasa.rs\/<\/a><\/td>\n<td><\/td>\n<\/tr>\n<tr>\n<td width=\"337\">Hyatt Regency Beograd<\/td>\n<td width=\"332\"><a href=\"http:\/\/www.belgrade.regency.hyatt.com\/\">www.belgrade.regency.hyatt.com<\/a><\/td>\n<td width=\"299\"><a href=\"mailto:belgrade.regency@hyatt.com\">belgrade.regency@hyatt.com<\/a><\/td>\n<\/tr>\n<tr>\n<td width=\"337\">JKP Zelenilo-Beograd<\/td>\n<td width=\"332\"><a href=\"http:\/\/www.zelenilo.rs\/\">www.zelenilo.rs<\/a><\/td>\n<td width=\"299\"><a href=\"mailto:info@zelenilo.rs\">info@zelenilo.rs<\/a><\/td>\n<\/tr>\n<tr>\n<td>L&#8217;Or\u00e9al Balkan<\/td>\n<td><a href=\"https:\/\/www.loreal.com\/sr-latn\/adria-balkan\/\">https:\/\/www.loreal.com\/sr-latn\/adria-balkan\/<\/a><\/td>\n<td><\/td>\n<\/tr>\n<tr>\n<td>Maru\u0161ka<\/td>\n<td><a href=\"https:\/\/maruska.rs\/\">https:\/\/maruska.rs\/<\/a><\/td>\n<td><\/td>\n<\/tr>\n<tr>\n<td width=\"337\">Mercedes-Benz Srbija<\/td>\n<td width=\"332\"><a href=\"https:\/\/www.mercedes-benz.rs\/\">www.mercedes-benz.rs<\/a><\/td>\n<td width=\"299\"><a href=\"mailto:informacije@daimlerchrysler.com\">informacije@daimlerchrysler.com<\/a><\/td>\n<\/tr>\n<tr>\n<td>Metropol Palace Hotel Belgrade<\/td>\n<td><a href=\"https:\/\/www.metropolpalace.com\/\">https:\/\/www.metropolpalace.com\/<\/a><\/td>\n<td><\/td>\n<\/tr>\n<tr>\n<td width=\"337\">mts<\/td>\n<td width=\"332\"><a href=\"https:\/\/mts.rs\/\">https:\/\/mts.rs\/<\/a><\/td>\n<td width=\"299\"><\/td>\n<\/tr>\n<tr>\n<td width=\"337\">Nestl\u00e9 Srbija<\/td>\n<td width=\"332\"><a href=\"https:\/\/www.nestle.rs\/\">https:\/\/www.nestle.rs<\/a><\/td>\n<td width=\"299\"><\/td>\n<\/tr>\n<tr>\n<td width=\"337\">Pekara Todorovi\u0107<\/td>\n<td width=\"332\"><\/td>\n<td width=\"299\"><a href=\"mailto:todor2@ptt.rs\">todor2@ptt.rs<\/a><\/td>\n<\/tr>\n<tr>\n<td width=\"337\">Petrovi\u0107 Roses<\/td>\n<td width=\"332\"><a href=\"http:\/\/www.petrovicroses.rs\/\">www.petrovicroses.rs<\/a><\/td>\n<td width=\"299\"><a href=\"mailto:petrovicroses@gmail.com\">petrovicroses@gmail.com<\/a><\/td>\n<\/tr>\n<tr>\n<td>Podrum Radovanovi\u0107<\/td>\n<td><a href=\"https:\/\/www.podrumradovanovic.rs\/\">https:\/\/www.podrumradovanovic.rs\/<\/a><\/td>\n<td><\/td>\n<\/tr>\n<tr>\n<td width=\"337\">Porsche Serbia<\/td>\n<td width=\"332\"><a href=\"http:\/\/www.volkswagen.co.rs\/\">www.volkswagen.co.rs<\/a><\/td>\n<td width=\"299\"><a href=\"mailto:infopult@porschescg.co.rs\">infopult@porschescg.co.rs<\/a><\/td>\n<\/tr>\n<tr>\n<td width=\"337\">Rasadnik Topalovi\u0107<\/td>\n<td width=\"332\"><a href=\"https:\/\/www.topalovic.rs\/\">https:\/\/www.topalovic.rs\/<\/a><\/td>\n<td width=\"299\"><a href=\"mailto:info@topalovic.rs\">info@topalovic.rs<\/a><\/td>\n<\/tr>\n<tr>\n<td width=\"337\">Saobra\u0107ajni Institut Cip<\/td>\n<td width=\"332\"><a href=\"http:\/\/www.sicip.co.rs\/\">www.sicip.co.rs<\/a><\/td>\n<td width=\"299\"><\/td>\n<\/tr>\n<tr>\n<td>Srednja turisticka skola Novi Beograd<\/td>\n<td><a href=\"http:\/\/turistickaskola.edu.rs\/\">http:\/\/turistickaskola.edu.rs<\/a><\/td>\n<td><\/td>\n<\/tr>\n<tr>\n<td>\u0160tamparija Anbora<\/td>\n<td><a href=\"https:\/\/www.anbora.co.rs\/\">https:\/\/www.anbora.co.rs\/<\/a><\/td>\n<td><\/td>\n<\/tr>\n<tr>\n<td>Studio54<\/td>\n<td><a href=\"http:\/\/www.studio54.co.rs\/\">http:\/\/www.studio54.co.rs\/<\/a><\/td>\n<td><\/td>\n<\/tr>\n<tr>\n<td width=\"337\">Veropoulos \u2013 Super Vero<\/td>\n<td width=\"332\"><a href=\"http:\/\/www.veropoulos.gr\/\">www.veropoulos.gr<\/a><\/td>\n<td width=\"299\"><a href=\"mailto:katoikon@veropoulos.gr\">katoikon@veropoulos.gr<\/a><\/td>\n<\/tr>\n<tr>\n<td>Vinarija PIK<\/td>\n<td><a href=\"https:\/\/www.pik-oplenac.com\/\">https:\/\/www.pik-oplenac.com\/<\/a><\/td>\n<td><\/td>\n<\/tr>\n<tr>\n<td width=\"337\">Visan<\/td>\n<td width=\"332\"><a href=\"http:\/\/www.visan.rs\/\">www.visan.rs<\/a><\/td>\n<td width=\"299\"><a href=\"mailto:visan@visan.rs\">visan@visan.rs<\/a><\/td>\n<\/tr>\n<tr>\n<td width=\"337\">\u017dITOPROMET-MLIN A.D.<\/td>\n<td width=\"332\"><a href=\"https:\/\/sentella.rs\/\">https:\/\/sentella.rs\/<\/a><\/td>\n<td width=\"299\"><a href=\"mailto:zitopromet@sksyu.net\">zitopromet@sksyu.net<\/a><\/td>\n<\/tr>\n<\/tbody>\n<\/table>\n<\/div><\/div><\/div><\/div><\/div><\/p>\n","protected":false},"excerpt":{"rendered":"","protected":false},"author":1,"featured_media":88167,"parent":0,"menu_order":0,"comment_status":"closed","ping_status":"closed","template":"","meta":{"_acf_changed":false,"footnotes":""},"class_list":["post-924","page","type-page","status-publish","has-post-thumbnail","hentry"],"acf":[],"yoast_head":"<!-- This site is optimized with the Yoast SEO Premium plugin v27.4 (Yoast SEO v27.4) - https:\/\/yoast.com\/product\/yoast-seo-premium-wordpress\/ -->\n<title>Dvorski Liferanti - The Royal Family of Serbia<\/title>\n<meta name=\"robots\" content=\"index, follow, max-snippet:-1, max-image-preview:large, max-video-preview:-1\" \/>\n<link rel=\"canonical\" href=\"https:\/\/royalfamily.org\/lat\/dvorski-liferanti\/\" \/>\n<meta property=\"og:locale\" content=\"en_US\" \/>\n<meta property=\"og:type\" content=\"article\" \/>\n<meta property=\"og:title\" content=\"Dvorski Liferanti\" \/>\n<meta property=\"og:url\" content=\"https:\/\/royalfamily.org\/lat\/dvorski-liferanti\/\" \/>\n<meta property=\"og:site_name\" content=\"The Royal Family of Serbia\" \/>\n<meta property=\"article:publisher\" content=\"https:\/\/www.facebook.com\/Prestolonaslednik.Aleksandar\" \/>\n<meta property=\"article:modified_time\" content=\"2024-03-22T07:19:03+00:00\" \/>\n<meta property=\"og:image\" content=\"https:\/\/royalfamily.org\/wp-content\/uploads\/2023\/12\/Cover-Vazna-Istorijska-Dokumenta.jpg\" \/>\n\t<meta property=\"og:image:width\" content=\"740\" \/>\n\t<meta property=\"og:image:height\" content=\"350\" \/>\n\t<meta property=\"og:image:type\" content=\"image\/jpeg\" \/>\n<meta name=\"twitter:card\" content=\"summary_large_image\" \/>\n<meta name=\"twitter:label1\" content=\"Est. reading time\" \/>\n\t<meta name=\"twitter:data1\" content=\"2 minutes\" \/>\n<script type=\"application\/ld+json\" class=\"yoast-schema-graph\">{\"@context\":\"https:\\\/\\\/schema.org\",\"@graph\":[{\"@type\":\"WebPage\",\"@id\":\"https:\\\/\\\/royalfamily.org\\\/lat\\\/dvorski-liferanti\\\/\",\"url\":\"https:\\\/\\\/royalfamily.org\\\/lat\\\/dvorski-liferanti\\\/\",\"name\":\"Dvorski Liferanti - The Royal Family of Serbia\",\"isPartOf\":{\"@id\":\"https:\\\/\\\/royalfamily.org\\\/#website\"},\"primaryImageOfPage\":{\"@id\":\"https:\\\/\\\/royalfamily.org\\\/lat\\\/dvorski-liferanti\\\/#primaryimage\"},\"image\":{\"@id\":\"https:\\\/\\\/royalfamily.org\\\/lat\\\/dvorski-liferanti\\\/#primaryimage\"},\"thumbnailUrl\":\"https:\\\/\\\/royalfamily.org\\\/wp-content\\\/uploads\\\/2023\\\/12\\\/Cover-Vazna-Istorijska-Dokumenta.jpg\",\"datePublished\":\"2013-10-07T16:11:49+00:00\",\"dateModified\":\"2024-03-22T07:19:03+00:00\",\"breadcrumb\":{\"@id\":\"https:\\\/\\\/royalfamily.org\\\/lat\\\/dvorski-liferanti\\\/#breadcrumb\"},\"inLanguage\":\"sr-LT\",\"potentialAction\":[{\"@type\":\"ReadAction\",\"target\":[\"https:\\\/\\\/royalfamily.org\\\/lat\\\/dvorski-liferanti\\\/\"]}]},{\"@type\":\"ImageObject\",\"inLanguage\":\"sr-LT\",\"@id\":\"https:\\\/\\\/royalfamily.org\\\/lat\\\/dvorski-liferanti\\\/#primaryimage\",\"url\":\"https:\\\/\\\/royalfamily.org\\\/wp-content\\\/uploads\\\/2023\\\/12\\\/Cover-Vazna-Istorijska-Dokumenta.jpg\",\"contentUrl\":\"https:\\\/\\\/royalfamily.org\\\/wp-content\\\/uploads\\\/2023\\\/12\\\/Cover-Vazna-Istorijska-Dokumenta.jpg\",\"width\":740,\"height\":350,\"caption\":\"Coat the Arm of the Royal Family\"},{\"@type\":\"BreadcrumbList\",\"@id\":\"https:\\\/\\\/royalfamily.org\\\/lat\\\/dvorski-liferanti\\\/#breadcrumb\",\"itemListElement\":[{\"@type\":\"ListItem\",\"position\":1,\"name\":\"Home\",\"item\":\"https:\\\/\\\/royalfamily.org\\\/lat\\\/\"},{\"@type\":\"ListItem\",\"position\":2,\"name\":\"Dvorski Liferanti\"}]},{\"@type\":\"WebSite\",\"@id\":\"https:\\\/\\\/royalfamily.org\\\/#website\",\"url\":\"https:\\\/\\\/royalfamily.org\\\/\",\"name\":\"The Royal Family of Serbia\",\"description\":\"From the people, for the people\",\"publisher\":{\"@id\":\"https:\\\/\\\/royalfamily.org\\\/#organization\"},\"potentialAction\":[{\"@type\":\"SearchAction\",\"target\":{\"@type\":\"EntryPoint\",\"urlTemplate\":\"https:\\\/\\\/royalfamily.org\\\/?s={search_term_string}\"},\"query-input\":{\"@type\":\"PropertyValueSpecification\",\"valueRequired\":true,\"valueName\":\"search_term_string\"}}],\"inLanguage\":\"sr-LT\"},{\"@type\":\"Organization\",\"@id\":\"https:\\\/\\\/royalfamily.org\\\/#organization\",\"name\":\"Royal Family\",\"url\":\"https:\\\/\\\/royalfamily.org\\\/\",\"logo\":{\"@type\":\"ImageObject\",\"inLanguage\":\"sr-LT\",\"@id\":\"https:\\\/\\\/royalfamily.org\\\/#\\\/schema\\\/logo\\\/image\\\/\",\"url\":\"https:\\\/\\\/royalfamily.org\\\/wp-content\\\/uploads\\\/2019\\\/04\\\/logo-vector-02-V-latinica.png\",\"contentUrl\":\"https:\\\/\\\/royalfamily.org\\\/wp-content\\\/uploads\\\/2019\\\/04\\\/logo-vector-02-V-latinica.png\",\"width\":552,\"height\":99,\"caption\":\"Royal Family\"},\"image\":{\"@id\":\"https:\\\/\\\/royalfamily.org\\\/#\\\/schema\\\/logo\\\/image\\\/\"},\"sameAs\":[\"https:\\\/\\\/www.facebook.com\\\/Prestolonaslednik.Aleksandar\"]}]}<\/script>\n<!-- \/ Yoast SEO Premium plugin. -->","yoast_head_json":{"title":"Dvorski Liferanti - The Royal Family of Serbia","robots":{"index":"index","follow":"follow","max-snippet":"max-snippet:-1","max-image-preview":"max-image-preview:large","max-video-preview":"max-video-preview:-1"},"canonical":"https:\/\/royalfamily.org\/lat\/dvorski-liferanti\/","og_locale":"en_US","og_type":"article","og_title":"Dvorski Liferanti","og_url":"https:\/\/royalfamily.org\/lat\/dvorski-liferanti\/","og_site_name":"The Royal Family of Serbia","article_publisher":"https:\/\/www.facebook.com\/Prestolonaslednik.Aleksandar","article_modified_time":"2024-03-22T07:19:03+00:00","og_image":[{"width":740,"height":350,"url":"https:\/\/royalfamily.org\/wp-content\/uploads\/2023\/12\/Cover-Vazna-Istorijska-Dokumenta.jpg","type":"image\/jpeg"}],"twitter_card":"summary_large_image","twitter_misc":{"Est. reading time":"2 minutes"},"schema":{"@context":"https:\/\/schema.org","@graph":[{"@type":"WebPage","@id":"https:\/\/royalfamily.org\/lat\/dvorski-liferanti\/","url":"https:\/\/royalfamily.org\/lat\/dvorski-liferanti\/","name":"Dvorski Liferanti - The Royal Family of Serbia","isPartOf":{"@id":"https:\/\/royalfamily.org\/#website"},"primaryImageOfPage":{"@id":"https:\/\/royalfamily.org\/lat\/dvorski-liferanti\/#primaryimage"},"image":{"@id":"https:\/\/royalfamily.org\/lat\/dvorski-liferanti\/#primaryimage"},"thumbnailUrl":"https:\/\/royalfamily.org\/wp-content\/uploads\/2023\/12\/Cover-Vazna-Istorijska-Dokumenta.jpg","datePublished":"2013-10-07T16:11:49+00:00","dateModified":"2024-03-22T07:19:03+00:00","breadcrumb":{"@id":"https:\/\/royalfamily.org\/lat\/dvorski-liferanti\/#breadcrumb"},"inLanguage":"sr-LT","potentialAction":[{"@type":"ReadAction","target":["https:\/\/royalfamily.org\/lat\/dvorski-liferanti\/"]}]},{"@type":"ImageObject","inLanguage":"sr-LT","@id":"https:\/\/royalfamily.org\/lat\/dvorski-liferanti\/#primaryimage","url":"https:\/\/royalfamily.org\/wp-content\/uploads\/2023\/12\/Cover-Vazna-Istorijska-Dokumenta.jpg","contentUrl":"https:\/\/royalfamily.org\/wp-content\/uploads\/2023\/12\/Cover-Vazna-Istorijska-Dokumenta.jpg","width":740,"height":350,"caption":"Coat the Arm of the Royal Family"},{"@type":"BreadcrumbList","@id":"https:\/\/royalfamily.org\/lat\/dvorski-liferanti\/#breadcrumb","itemListElement":[{"@type":"ListItem","position":1,"name":"Home","item":"https:\/\/royalfamily.org\/lat\/"},{"@type":"ListItem","position":2,"name":"Dvorski Liferanti"}]},{"@type":"WebSite","@id":"https:\/\/royalfamily.org\/#website","url":"https:\/\/royalfamily.org\/","name":"The Royal Family of Serbia","description":"From the people, for the people","publisher":{"@id":"https:\/\/royalfamily.org\/#organization"},"potentialAction":[{"@type":"SearchAction","target":{"@type":"EntryPoint","urlTemplate":"https:\/\/royalfamily.org\/?s={search_term_string}"},"query-input":{"@type":"PropertyValueSpecification","valueRequired":true,"valueName":"search_term_string"}}],"inLanguage":"sr-LT"},{"@type":"Organization","@id":"https:\/\/royalfamily.org\/#organization","name":"Royal Family","url":"https:\/\/royalfamily.org\/","logo":{"@type":"ImageObject","inLanguage":"sr-LT","@id":"https:\/\/royalfamily.org\/#\/schema\/logo\/image\/","url":"https:\/\/royalfamily.org\/wp-content\/uploads\/2019\/04\/logo-vector-02-V-latinica.png","contentUrl":"https:\/\/royalfamily.org\/wp-content\/uploads\/2019\/04\/logo-vector-02-V-latinica.png","width":552,"height":99,"caption":"Royal Family"},"image":{"@id":"https:\/\/royalfamily.org\/#\/schema\/logo\/image\/"},"sameAs":["https:\/\/www.facebook.com\/Prestolonaslednik.Aleksandar"]}]}},"_links":{"self":[{"href":"https:\/\/royalfamily.org\/lat\/wp-json\/wp\/v2\/pages\/924","targetHints":{"allow":["GET"]}}],"collection":[{"href":"https:\/\/royalfamily.org\/lat\/wp-json\/wp\/v2\/pages"}],"about":[{"href":"https:\/\/royalfamily.org\/lat\/wp-json\/wp\/v2\/types\/page"}],"author":[{"embeddable":true,"href":"https:\/\/royalfamily.org\/lat\/wp-json\/wp\/v2\/users\/1"}],"replies":[{"embeddable":true,"href":"https:\/\/royalfamily.org\/lat\/wp-json\/wp\/v2\/comments?post=924"}],"version-history":[{"count":10,"href":"https:\/\/royalfamily.org\/lat\/wp-json\/wp\/v2\/pages\/924\/revisions"}],"predecessor-version":[{"id":89528,"href":"https:\/\/royalfamily.org\/lat\/wp-json\/wp\/v2\/pages\/924\/revisions\/89528"}],"wp:featuredmedia":[{"embeddable":true,"href":"https:\/\/royalfamily.org\/lat\/wp-json\/wp\/v2\/media\/88167"}],"wp:attachment":[{"href":"https:\/\/royalfamily.org\/lat\/wp-json\/wp\/v2\/media?parent=924"}],"curies":[{"name":"wp","href":"https:\/\/api.w.org\/{rel}","templated":true}]}}